{"id":4088,"date":"2025-06-12T23:21:07","date_gmt":"2025-06-12T21:21:07","guid":{"rendered":"https:\/\/omdmhyd.org\/?page_id=4088"},"modified":"2025-08-15T13:08:57","modified_gmt":"2025-08-15T11:08:57","slug":"la-supercherie-de-letat-disrael","status":"publish","type":"page","link":"https:\/\/omdmhyd.org\/index.php\/la-supercherie-de-letat-disrael\/","title":{"rendered":"La supercherie de l&rsquo;\u00e9tat d&rsquo;isra\u00ebl&#8230;"},"content":{"rendered":"\n<p><\/p>\n\n\n<div class=\"wp-block-image\">\n<figure class=\"aligncenter size-full is-resized\"><img loading=\"lazy\" decoding=\"async\" width=\"252\" height=\"180\" src=\"https:\/\/omdmhyd.org\/wp-content\/uploads\/2025\/04\/image.png\" alt=\"\" class=\"wp-image-4089\" style=\"width:466px;height:auto\"\/><\/figure>\n<\/div>\n\n\n<p> La raison pour laquelle il est important de traiter ce th\u00e8me est d\u2019ouvrir les yeux des croyants dans le Seigneur Tout-Puissant, mais aussi d\u2019amener ces derniers \u00e0 lire par eux-m\u00eames les Ecritures, et non se laisser influencer aveugl\u00e9ment par des personnes dont les intentions t\u00e9n\u00e9breuses sont masqu\u00e9es par un d\u00e9guisement de pi\u00e9t\u00e9&nbsp;: <strong><mark style=\"background-color:rgba(0, 0, 0, 0)\" class=\"has-inline-color has-kubio-color-1-color\">2 Timoth\u00e9e 3, v5<\/mark><\/strong>&nbsp;: ayant l&rsquo;apparence de la pi\u00e9t\u00e9, mais reniant ce qui en fait la force. Eloigne-toi de ces hommes-l\u00e0.<\/p>\n\n\n<div class=\"wp-block-image\">\n<figure class=\"alignleft size-full is-resized\"><img loading=\"lazy\" decoding=\"async\" width=\"325\" height=\"183\" src=\"https:\/\/omdmhyd.org\/wp-content\/uploads\/2025\/04\/image-2.png\" alt=\"\" class=\"wp-image-4091\" style=\"width:378px;height:auto\" srcset=\"https:\/\/omdmhyd.org\/wp-content\/uploads\/2025\/04\/image-2.png 325w, https:\/\/omdmhyd.org\/wp-content\/uploads\/2025\/04\/image-2-300x169.png 300w\" sizes=\"(max-width: 325px) 100vw, 325px\" \/><\/figure>\n<\/div>\n\n<div class=\"wp-block-image\">\n<figure class=\"aligncenter size-full is-resized\"><img loading=\"lazy\" decoding=\"async\" width=\"261\" height=\"180\" src=\"https:\/\/omdmhyd.org\/wp-content\/uploads\/2025\/05\/image-3-1.png\" alt=\"\" class=\"wp-image-4239\" style=\"width:345px;height:auto\"\/><\/figure>\n<\/div>\n\n\n<p><\/p>\n\n\n\n<p>Nous connaissons ce vieil adage qui dit&nbsp;: \u00ab&nbsp;ce n\u2019est pas tout ce qui brille qui est or&nbsp;\u00bb. Les Ecritures disaient cela bien avant&nbsp;:<\/p>\n\n\n\n<p><mark style=\"background-color:rgba(0, 0, 0, 0)\" class=\"has-inline-color has-kubio-color-1-color\">Mathieu (Mateya) 7, v 15-16&nbsp;<\/mark>: Gardez-vous des faux proph\u00e8tes. Ils viennent \u00e0 vous en v\u00eatements de brebis, mais au dedans ce sont des loups ravisseurs. <a href=\"https:\/\/saintebible.com\/matthew\/7-16.htm\">16<\/a> Vous les reconna\u00eetrez \u00e0 leurs fruits. Cueille-t-on des raisins sur des \u00e9pines, ou des figues sur des chardons?<\/p>\n\n\n\n<p><a href=\"https:\/\/saintebible.com\/jeremiah\/23-16.htm\">J\u00e9r\u00e9mie (Yilima\u2019Yah) 23, v16<\/a>&nbsp;:<br>Ainsi parle l&rsquo;Eternel des arm\u00e9es: N&rsquo;\u00e9coutez pas les paroles des proph\u00e8tes qui vous proph\u00e9tisent! Ils vous entra\u00eenent \u00e0 des choses de n\u00e9ant; Ils disent les visions de leur c\u0153ur, Et non ce qui vient de la bouche de l&rsquo;Eternel.<br><br><a href=\"https:\/\/saintebible.com\/ezekiel\/22-27.htm\">\u00c9z\u00e9chiel (Ikesa\u2019Yela) 22, v27<\/a>&nbsp;:<br>Ses chefs sont dans son sein comme des loups qui d\u00e9chirent leur proie; ils r\u00e9pandent le sang, perdent les \u00e2mes, pour assouvir leur cupidit\u00e9.<\/p>\n\n\n\n<p><a href=\"https:\/\/saintebible.com\/lsg\/mark\/13.htm\">Marc (Malako) 13<\/a>, <mark style=\"background-color:rgba(0, 0, 0, 0)\" class=\"has-inline-color has-kubio-color-1-color\">v21-22<\/mark>&nbsp;:<br>\u2026<a href=\"https:\/\/saintebible.com\/mark\/13-21.htm\">21<\/a>Si quelqu&rsquo;un vous dit alors: Le Christ est ici, ou: Il est l\u00e0\u00a0\u00bb, ne le croyez pas. <a href=\"https:\/\/saintebible.com\/mark\/13-22.htm\">22<\/a>Car il s&rsquo;\u00e9l\u00e8vera de faux Christs et de faux proph\u00e8tes ; ils feront des prodiges et des miracles pour s\u00e9duire les \u00e9lus (le Peuple Elu Isolele), s&rsquo;il \u00e9tait possible.<\/p>\n\n\n\n<p>M\u00eame si le sujet a \u00e9t\u00e9 trait\u00e9 dans les articles suivants&nbsp;: La langue et l\u2019\u00e9criture des Isra\u00e9lites, les vrais Isra\u00e9lites, la g\u00e9n\u00e9alogie s\u00e9mite, il n\u2019en demeure pas moins qu\u2019il faut plonger encore plus afin de briser cette matrice du mensonge satanique dans laquelle l\u2019humanit\u00e9 a \u00e9t\u00e9 nourrie depuis plusieurs d\u00e9cennies.<\/p>\n\n\n\n<p><mark style=\"background-color:rgba(0, 0, 0, 0)\" class=\"has-inline-color has-kubio-color-2-color\"><strong>Qui sont ceux qui se font appeler \u00ab&nbsp;juifs\/isra\u00e9liens&nbsp;\u00bb et qui contr\u00f4lent tout dans ce monde&nbsp;?<\/strong><\/mark><\/p>\n\n\n\n<p>Posons-nous d\u00e9j\u00e0 cette question basique&nbsp;qui concerne les Ecritures (Kuma, Toli)&nbsp;: <mark style=\"background-color:rgba(0, 0, 0, 0)\" class=\"has-inline-color has-kubio-color-2-color\">A quoi servent les g\u00e9n\u00e9alogies dans les Ecritures Saintes&nbsp;?<\/mark><\/p>\n\n\n\n<p>Je ne pense pas que KONGO les ait plac\u00e9es au-dedans juste pour remplir quelques pages vides, ou pour nous emb\u00eater.<\/p>\n\n\n\n<p><a href=\"https:\/\/saintebible.com\/lsg\/2_timothy\/3.htm\">2 Timoth\u00e9e 3<\/a>, <mark style=\"background-color:rgba(0, 0, 0, 0)\" class=\"has-inline-color has-kubio-color-1-color\">v15-17<\/mark>&nbsp;:<br>\u2026<a href=\"https:\/\/saintebible.com\/2_timothy\/3-15.htm\">15<\/a> d\u00e8s ton enfance, tu connais les saintes lettres, qui peuvent te rendre sage \u00e0 salut par la foi (kiminu) en Yissa\u2019Yah Kongo. <a href=\"https:\/\/saintebible.com\/2_timothy\/3-16.htm\">16<\/a> Toute Ecriture est inspir\u00e9e de KONGO, et utile pour enseigner, pour convaincre, pour corriger, pour instruire dans la justice, <a href=\"https:\/\/saintebible.com\/2_timothy\/3-17.htm\">17<\/a> afin que l&rsquo;homme de KONGO soit accompli et propre \u00e0 toute bonne \u0153uvre.<\/p>\n\n\n\n<p><a href=\"https:\/\/saintebible.com\/lsg\/2_peter\/1.htm\">2 Pierre (Petelo) 1<\/a>, <mark style=\"background-color:rgba(0, 0, 0, 0)\" class=\"has-inline-color has-kubio-color-1-color\">v20-21<\/mark>&nbsp;:<br><a href=\"https:\/\/saintebible.com\/2_peter\/1-20.htm\">20<\/a> sachant tout d&rsquo;abord vous-m\u00eames qu&rsquo;aucune proph\u00e9tie de l&rsquo;Ecriture ne peut \u00eatre un objet d&rsquo;interpr\u00e9tation particuli\u00e8re, <a href=\"https:\/\/saintebible.com\/2_peter\/1-21.htm\">21<\/a>car ce n&rsquo;est pas par une volont\u00e9 d&rsquo;homme qu&rsquo;une proph\u00e9tie n\u2019a jamais \u00e9t\u00e9 apport\u00e9e, mais c&rsquo;est pouss\u00e9s par l\u2019Esprit de V\u00e9rit\u00e9 (Lunga lua KONGO = esprit (ou vent ou souffle) de Sagesse, de V\u00e9rit\u00e9) que des hommes ont parl\u00e9 de la part de KONGO.<\/p>\n\n\n\n<p>Les g\u00e9n\u00e9alogies ont leur place dans les Ecritures Saintes (Kuma, Toli) car c\u2019est KONGO qui nous les donne pour notre \u00e9ducation, instruction et connaissance spirituelles, car nous ne devons jamais oublier que nous avons perdu, par la faute de Dimuntu (Adam), notre premi\u00e8re nourriture qui est la Parole d\u2019ELIMO KONGO.<\/p>\n\n\n\n<p><strong><mark style=\"background-color:rgba(0, 0, 0, 0)\" class=\"has-inline-color has-kubio-color-1-color\">Le rouleau d\u2019Adam, chap. 2, v 10<\/mark>&nbsp;:<\/strong> \u00ab&nbsp;Il pria et dit : \u2013 Je vous dis eaux du Jourdain, soyez pour moi compagnons d\u2019infortune et rassemblez toute chose mouvante en vous et laissez-les m\u2019entourer et me plaindre \u2013 non dans leurs propres int\u00e9r\u00eats mais pour le mien, car Nzambe ne leur a pas retir\u00e9 la nourriture qu\u2019il avait d\u00e9sign\u00e9e au commencement, mais j\u2019ai \u00e9t\u00e9 priv\u00e9 de ma nourriture et de vie.&nbsp;\u00bb<\/p>\n\n\n\n<p><mark style=\"background-color:rgba(0, 0, 0, 0)\" class=\"has-inline-color has-kubio-color-2-color\">De quoi parle-t-il&nbsp;quand il dit \u00ab&nbsp;nourriture&nbsp;\u00bb&nbsp;?<\/mark> Il ne parle pas des fruits du Nganda ma Ndanu (Jardin des D\u00e9lices), car il n\u2019en avait jamais mang\u00e9. Dimuntu parle de la Parole de KONGO qui \u00e9tait \u00ab&nbsp;sa Premi\u00e8re nourriture&nbsp;\u00bb et par laquelle il \u00ab&nbsp;vivait&nbsp;\u00bb dans la Gloire (Kembo) de KONGO.<\/p>\n\n\n\n<p>La Parole de KONGO permet \u00e0 l\u2019humain de chair (ou corps animal) de retrouver non seulement le chemin de l\u2019Amour (Nzola) de KONGO, mais aussi de reprendre de mani\u00e8re physico-spirituelle sa v\u00e9ritable nourriture qui lui donne vie.<\/p>\n\n\n\n<p><a href=\"https:\/\/saintebible.com\/lsg\/john\/6.htm\">Jean (Yokani) 6<\/a>,<mark style=\"background-color:rgba(0, 0, 0, 0)\" class=\"has-inline-color has-kubio-color-1-color\"> v53-55<\/mark>&nbsp;:<br>\u2026<a href=\"https:\/\/saintebible.com\/john\/6-53.htm\">53<\/a> Yissa\u2019Yah Kongo leur dit: En v\u00e9rit\u00e9, en v\u00e9rit\u00e9, je vous le dis, si vous ne mangez la chair du Fils de l&rsquo;homme, et si vous ne buvez son sang, vous n&rsquo;avez point la vie en vous-m\u00eames. <a href=\"https:\/\/saintebible.com\/john\/6-54.htm\">54<\/a> Celui qui mange ma chair et qui boit mon sang a la vie \u00e9ternelle; et je le ressusciterai au dernier jour. <a href=\"https:\/\/saintebible.com\/john\/6-55.htm\">55<\/a> Car ma chair est vraiment une nourriture, et mon sang est vraiment un breuvage.<\/p>\n\n\n\n<p>Quand Yissa\u2019Yah Kongo prononce ces paroles, Il n\u2019incite aucunement ses disciples Bakongo et Bangala (Isra\u00e9lites) \u00e0 se vouer au cannibalisme. Il faut comprendre ce qu\u2019Il dit en lisant le Livre du combat d\u2019Adam et Eve.<\/p>\n\n\n\n<p>Chair&nbsp;: quand Yissa\u2019Yah Kongo emploie ce terme, il fait r\u00e9f\u00e9rence au fait que la race Dimuntu est pass\u00e9e du corps immortel de \u00ab&nbsp;Lumi\u00e8re&nbsp;Glorieuse&nbsp;\u00bb au corps animal charnel mortel d\u00e9pourvu de lumi\u00e8re et de gloire. C\u2019est dans ce corps charnel, symbole du p\u00e9ch\u00e9 et de la chute, que le Fils Unique de KONGO (Yah\u2019Kongo) qui est la Parole de Vie viendrait pour racheter la race Dimuntu. C\u2019est pour cela qu\u2019Il dit que son corps charnel est la nourriture, car la Parole de Vie, premi\u00e8re nourriture de l\u2019Humanit\u00e9, est venue de la part de KONGO le P\u00e8re dans la race Dimuntu.<\/p>\n\n\n\n<p>Sang&nbsp;: cet \u00e9l\u00e9ment fait partie du sacrifice de l\u2019agneau pour expier les p\u00e9ch\u00e9s des humains, selon les Lois sacrificielles que KONGO a donn\u00e9es aux Isra\u00e9lites \u00e0 l\u2019\u00e9poque de Masa\/Mokali\u2019Yah (Mo\u00efse) et Lona (Aaron). Le sang devait couler pour expier la faute (Je vous encourage \u00e0 lire le Livre du combat d\u2019Adam et Eve pour comprendre le pourquoi du sang vers\u00e9).<\/p>\n\n\n\n<p><\/p>\n\n\n\n<p><strong><mark style=\"background-color:rgba(0, 0, 0, 0)\" class=\"has-inline-color has-kubio-color-1-color\">Livre 1 du combat d\u2019Adam et Eve, chap.24&nbsp;: <\/mark><\/strong><\/p>\n\n\n\n<p>Dimuntu, comme tu as vers\u00e9 ton sang, ainsi verserai-Je (Yah\u2019Kongo) Mon propre sang quand Je deviendrai chair de ta semence. Et comme tu mourus o Dimuntu, ainsi Je mourrai. Et comme tu construis un autel, ainsi Je ferai pour toi un autel sur terre. Et comme tu y as offert ton sang, ainsi J\u2019offrirai Mon sang sur l\u2019autel sur terre. Et comme tu as plaid\u00e9 le pardon par ce sang, ainsi Je rendrai Mon sang pardonneur de p\u00e9ch\u00e9, et par Lui, effaceur de fautes.<\/p>\n\n\n\n<p>En acceptant le sacrifice de sang (menka ou menga), le p\u00eacheur donne acc\u00e8s au Sauveur dans son existence pour son salut \u00e9ternel. Mais, aussi, quand Il parle de cette boisson, Yissa\u2019Yah Kongo fait r\u00e9f\u00e9rence \u00e0 cette promesse formul\u00e9e \u00e0 Dimuntu, et cette promesse est \u00e9voqu\u00e9e de mani\u00e8re indirecte dans <a href=\"https:\/\/saintebible.com\/lsg\/john\/4.htm\">Jean (Yokani) 4<\/a>, v9-10&nbsp;:<br>\u2026<a href=\"https:\/\/saintebible.com\/john\/4-9.htm\">9<\/a> La femme samaritaine lui dit: Comment toi, qui es Jud\u00e9en, me demandes-tu \u00e0 boire, \u00e0 moi qui suis une femme samaritaine? -Les Jud\u00e9ens (ou Bakongo), en effet, n&rsquo;ont pas de relations avec les Samaritains. &#8211; <a href=\"https:\/\/saintebible.com\/john\/4-10.htm\">10<\/a> Yissa\u2019Yah Kongo lui r\u00e9pondit: Si tu connaissais le don d\u2019ELIMO KONGO et qui est Celui qui te dit: Donne-moi \u00e0 boire! Tu Lui aurais toi-m\u00eame demand\u00e9 \u00e0 boire, et Il t&rsquo;aurait donn\u00e9 de l&rsquo;eau vive.<\/p>\n\n\n\n<p><mark style=\"background-color:rgba(0, 0, 0, 0)\" class=\"has-inline-color has-kubio-color-2-color\">De quoi fait-Il mention, quelle est cette eau vive ou eau de Vie&nbsp;?<\/mark><\/p>\n\n\n\n<p><strong><mark style=\"background-color:rgba(0, 0, 0, 0)\" class=\"has-inline-color has-kubio-color-1-color\">Livre 1 du combat d\u2019Adam et Eve, chap. 42<\/mark><\/strong>&nbsp;: mais au jour que Je descendrai en enfer et briserai ses portes de cuivre et r\u00e9duirai en miettes les royaumes de fer. Alors dans ma cl\u00e9mence Je sauverai ton \u00e2me et les \u00e2mes des justes [pour leur donner du] repos dans Mon Jardin, et cela sera lorsque la fin du monde est venue. Et en regard de l\u2019Eau de vie que tu recherches, elle ne peut t\u2019\u00eatre accord\u00e9e en ce jour. Mais au jour o\u00f9 Je verserai Mon sang sur ta t\u00eate, sur la terre de Golgotha, Mon sang sera une Eau de vie pour toi \u00e0 ce moment, et pas pour toi seul, mais pour tous ceux de ta semence qui croiront en Moi, pour qu\u2019il y ait pour eux repos \u00e0 jamais.<\/p>\n\n\n\n<p><mark style=\"background-color:rgba(0, 0, 0, 0)\" class=\"has-inline-color has-kubio-color-2-color\">Quelle est cette eau de Vie&nbsp;?<\/mark><\/p>\n\n\n\n<p><strong><mark style=\"background-color:rgba(0, 0, 0, 0)\" class=\"has-inline-color has-kubio-color-1-color\">Livre 1 du combat d\u2019Adam et Eve, chap.1&nbsp;<\/mark><\/strong>: Et au nord [du Jardin] il y a une mer d\u2019eau claire et pure au go\u00fbt comme nulle autre, qu\u2019\u00e0 travers sa clart\u00e9 on peut voir les profondeurs du monde et quand un homme s\u2019y lave, il devient propre de sa propret\u00e9 et blanc de sa blancheur, m\u00eame s\u2019il \u00e9tait sombre. Et Nzambe cr\u00e9a cette mer pour Son propre bon plaisir, car IL savait ce qui adviendrait \u00e0 l\u2019humain qu\u2019IL fit apr\u00e8s avoir quitt\u00e9 le Jardin (Nganda) \u00e0 cause de sa faute : les humains na\u00eetraient sur terre et mourraient et parmi eux les \u00eatres justes dont Kongo rel\u00e8vera les \u00e2mes au dernier jour et ils retourneront dans leur chair et se baigneront dans l\u2019eau de cette mer et eux tous se repentiront de [leurs] p\u00e9ch\u00e9s.<\/p>\n\n\n\n<p>Cette eau de Vie qui est aussi le sang de Yissa\u2019Yah Kongo est en r\u00e9alit\u00e9 cette mer dans le Jardin des D\u00e9lices qui purifie le p\u00eacheur, et lui enl\u00e8ve le souvenir de sa faute.<\/p>\n\n\n\n<p><strong><mark style=\"background-color:rgba(0, 0, 0, 0)\" class=\"has-inline-color has-kubio-color-1-color\">Livre 1 du combat d\u2019Adam et Eve, chap.1<\/mark><\/strong>&nbsp;: qu\u2019il n\u2019approche pas la mer d\u2019eau et que lui et Kova s\u2019y lavent, se nettoient de leurs p\u00e9ch\u00e9s et en oublient la faute qu\u2019ils ont commise et ne soient plus en m\u00e9moire dans le trac\u00e9 de leur ch\u00e2timent.<\/p>\n\n\n\n<p>Il faut bien comprendre une chose, quand KONGO parle des Ecritures (Kuma, Toli), IL ne parle pas de la bible ou \u00ab&nbsp;codex vaticanus&nbsp;\u00bb contenant 66 livres r\u00e9partis en 6 divisions. Ni Yissa\u2019Yah Kongo, ni ses disciples, ni Paul (Pola), ni Timoth\u00e9e n\u2019ont fait r\u00e9f\u00e9rence \u00e0 la bible, car ce format \u00e9domite n\u2019existait pas \u00e0 leur \u00e9poque. Paul (Pola), Jude (Yahunde), Pierre (Petelo) ont fait mention de livres Sacr\u00e9s dans leurs \u00e9crits qui n\u2019apparaissent pas dans la bible. La bible n\u2019est pas les Ecritures Sacr\u00e9es, mais a \u00e9t\u00e9 fabriqu\u00e9e sur la s\u00e9lection \u00ab&nbsp;fallacieuse&nbsp;\u00bb de quelques livres des Ecritures Sacr\u00e9es avec des transformations voulues et calcul\u00e9es (traductions erron\u00e9es, remplacement de mots, retraits de passages, ajouts de faux passages, etc).<\/p>\n\n\n\n<p>Les g\u00e9n\u00e9alogies ont leur place dans les Ecritures Sacr\u00e9es, et sont souvent reprises. Elles ont pour objectif de servir de registre familial pour savoir qui est qui, elles servent \u00e0 mesurer le temps, elles servent \u00e0 placer des \u00e9v\u00e8nements par rapport \u00e0 la chronologie de leur arriv\u00e9e.<\/p>\n\n\n\n<p>Plusieurs livres de la Kuma font mention des g\u00e9n\u00e9alogies, et celle qui est la plus utilis\u00e9e est la g\u00e9n\u00e9alogie s\u00e9mite h\u00e9bra\u00efque isra\u00e9lite, et une autre lui embo\u00eete le pas, c\u2019est la g\u00e9n\u00e9alogie ant\u00e9diluvienne des Justes.<\/p>\n\n\n\n<p><strong>Les livres<\/strong>&nbsp;: Livre du combat d\u2019Adam et Eve, Livre du juste, Livre des Jubil\u00e9s, Gen\u00e8se.<\/p>\n\n\n\n<p>Maintenant, revenons au sujet pr\u00e9sent.<\/p>\n\n\n\n<p><mark style=\"background-color:rgba(0, 0, 0, 0)\" class=\"has-inline-color has-kubio-color-2-color\">Que savons-nous de ceux qui se font appeler \u00ab&nbsp;juifs&nbsp;\u00bb et qui ont cr\u00e9\u00e9 \u00ab&nbsp;l\u2019\u00e9tat d\u2019Isra\u00ebl&nbsp;\u00bb en colonisant J\u00e9rusalem depuis 1948&nbsp;?<\/mark><\/p>\n\n\n<div class=\"wp-block-image\">\n<figure class=\"aligncenter size-full is-resized\"><img loading=\"lazy\" decoding=\"async\" width=\"164\" height=\"154\" src=\"https:\/\/omdmhyd.org\/wp-content\/uploads\/2025\/04\/image-4.png\" alt=\"\" class=\"wp-image-4096\" style=\"width:363px;height:auto\"\/><\/figure>\n<\/div>\n\n\n<p>Le 14 mai 1948, dernier jour du Mandat britannique, le pr\u00e9sident de l\u2019<a href=\"https:\/\/fr.wikipedia.org\/wiki\/Agence_juive\">Agence juive<\/a>, <a href=\"https:\/\/fr.wikipedia.org\/wiki\/David_Ben_Gourion\">David Ben Gourion<\/a>, <a href=\"https:\/\/fr.wikipedia.org\/wiki\/D%C3%A9claration_d%27ind%C3%A9pendance_de_l%27%C3%89tat_d%27Isra%C3%ABl\">proclame l\u2019ind\u00e9pendance de l&rsquo;\u00c9tat d&rsquo;Isra\u00ebl<\/a> dont il devient le premier Premier Ministre.<\/p>\n\n\n\n<p>Les pays arabes voisins soutenus par la <a href=\"https:\/\/fr.wikipedia.org\/wiki\/Ligue_arabe\">Ligue arabe<\/a> lui d\u00e9clarent imm\u00e9diatement la guerre. Isra\u00ebl affronte les arm\u00e9es de <a href=\"https:\/\/fr.wikipedia.org\/wiki\/Jordanie\">Transjordanie<\/a>, d\u2019<a href=\"https:\/\/fr.wikipedia.org\/wiki\/%C3%89gypte\">\u00c9gypte<\/a>, de <a href=\"https:\/\/fr.wikipedia.org\/wiki\/Syrie\">Syrie<\/a> et d\u2019<a href=\"https:\/\/fr.wikipedia.org\/wiki\/Irak\">Irak<\/a> et l&rsquo;<a href=\"https:\/\/fr.wikipedia.org\/wiki\/Arm%C3%A9e_de_lib%C3%A9ration_arabe\">Arm\u00e9e de lib\u00e9ration arabe<\/a> mise sur pied par la <a href=\"https:\/\/fr.wikipedia.org\/wiki\/Ligue_arabe\">Ligue arabe<\/a> lors de la <a href=\"https:\/\/fr.wikipedia.org\/wiki\/Guerre_isra%C3%A9lo-arabe_de_1948-1949\">guerre isra\u00e9lo-arabe de 1948-1949<\/a>.<\/p>\n\n\n\n<p>Les premi\u00e8res ann\u00e9es du pays sont marqu\u00e9es par l\u2019arriv\u00e9e des rescap\u00e9s de la <a href=\"https:\/\/fr.wikipedia.org\/wiki\/Shoah\">Shoah<\/a> puis des <a href=\"https:\/\/fr.wikipedia.org\/wiki\/Exode_des_Juifs_des_pays_arabes_et_musulmans\">r\u00e9fugi\u00e9s des pays arabes<\/a> puis \u00e0 partir des <a href=\"https:\/\/fr.wikipedia.org\/wiki\/Ann%C3%A9es_1970\">ann\u00e9es 1970<\/a>, des Juifs d\u2019<a href=\"https:\/\/fr.wikipedia.org\/wiki\/Union_des_r%C3%A9publiques_socialistes_sovi%C3%A9tiques\">Union sovi\u00e9tique<\/a>.<\/p>\n\n\n\n<p>Lors de la <a href=\"https:\/\/fr.wikipedia.org\/wiki\/Guerre_isra%C3%A9lo-arabe_de_1948-1949\">guerre isra\u00e9lo-arabe de 1948-1949<\/a> pr\u00e8s de 750 000 Arabes palestiniens sur les 900 000 qui vivaient dans les territoires fuient vers la Cisjordanie, la bande de Gaza, en Jordanie, au Liban et en Syrie. Les raisons de l&rsquo;<a href=\"https:\/\/fr.wikipedia.org\/wiki\/Exode_palestinien_de_1948\">Exode palestinien de 1948<\/a> sont controvers\u00e9es, certains affirmant que les Palestiniens fuient sous la pression d\u00e9lib\u00e9r\u00e9e des Isra\u00e9liens, d&rsquo;autres qu&rsquo;ils partent sur les conseils des pays arabes voisins (qui pensent conqu\u00e9rir Isra\u00ebl en peu de temps). Leurs descendants vivent aujourd&rsquo;hui pour la plupart en Jordanie, en Syrie et au Liban.<\/p>\n\n\n\n<p>Dans les ann\u00e9es qui suivent la cr\u00e9ation d\u2019Isra\u00ebl, s&rsquo;intensifie l&rsquo;<a href=\"https:\/\/fr.wikipedia.org\/wiki\/Exode_des_Juifs_des_pays_arabes_et_musulmans\">exode des Juifs des pays arabes et musulmans<\/a>, 900&nbsp;000&nbsp;fuient les pays arabes, abandonnant leurs biens. Parmi eux, 600&nbsp;000 se r\u00e9fugient en Isra\u00ebl. Les Juifs du monde arabe constituent aujourd&rsquo;hui la majeure partie des Juifs de France et de la soci\u00e9t\u00e9 isra\u00e9lienne.<\/p>\n\n\n\n<p>Selon un rapport du <a href=\"https:\/\/fr.wikipedia.org\/wiki\/Bureau_central_des_statistiques_isra%C3%A9lien\">Bureau central des statistiques isra\u00e9lien<\/a> publi\u00e9 en mai 2017, le pourcentage d&rsquo;Arabes dans la population isra\u00e9lienne devrait rester constant aux alentours de 21&nbsp;% jusqu&rsquo;en 2065, puis commencer \u00e0 diminuer<a href=\"https:\/\/fr.wikipedia.org\/wiki\/Isra%C3%ABl#cite_note-77\"><sup>73<\/sup><\/a>.<\/p>\n\n\n\n<p>En 2018, le d\u00e9mographe <a href=\"https:\/\/fr.wikipedia.org\/wiki\/Sergio_DellaPergola\">Sergio DellaPergola<\/a> affirme que le nombre d\u2019Arabes et de Juifs est \u00ab&nbsp;\u00e0 peu pr\u00e8s \u00e9gal&nbsp;\u00bb quand on prend en compte la population de la <a href=\"https:\/\/fr.wikipedia.org\/wiki\/Cisjordanie\">Cisjordanie<\/a>, de la <a href=\"https:\/\/fr.wikipedia.org\/wiki\/Bande_de_Gaza\">bande de Gaza<\/a> et de <a href=\"https:\/\/fr.wikipedia.org\/wiki\/J%C3%A9rusalem-Est\">J\u00e9rusalem-Est<\/a>&nbsp;: il compte alors 6,9&nbsp;millions de Juifs en <a href=\"https:\/\/fr.wikipedia.org\/wiki\/Terre_sainte\">Terre sainte<\/a> et 6,5&nbsp;millions d\u2019Arabes. Cette diff\u00e9rence pourrait \u00eatre combl\u00e9e d&rsquo;ici 15 \u00e0 20 ans.<\/p>\n\n\n\n<p>L&rsquo;<a href=\"https:\/\/fr.wikipedia.org\/wiki\/Immigration\">immigration<\/a> tient \u00e9galement une place de premier plan dans la soci\u00e9t\u00e9 et dans l&rsquo;histoire d&rsquo;Isra\u00ebl, en particulier au moment de son ind\u00e9pendance. \u00c0 diverses \u00e9poques, d&rsquo;importantes vagues d\u2019immigration ont transform\u00e9 et fa\u00e7onn\u00e9 l&rsquo;image du pays. L&rsquo;une de ces derni\u00e8res vagues est l&rsquo;immigration des Juifs des pays de l&rsquo;<a href=\"https:\/\/fr.wikipedia.org\/wiki\/Union_des_r%C3%A9publiques_socialistes_sovi%C3%A9tiques\">ex-URSS<\/a> dans les ann\u00e9es 1990, qui en quelques ann\u00e9es, a apport\u00e9 plus d&rsquo;un million d&rsquo;habitants \u00e0 une population qui d\u00e9passait \u00e0 peine 5 millions \u00e0 l&rsquo;\u00e9poque.<\/p>\n\n\n\n<p>Cette derni\u00e8re d\u00e9cennie, Isra\u00ebl accueille aux alentours de 25&nbsp;000&nbsp;immigrants chaque ann\u00e9e. En 2016, par exemple, 25&nbsp;977&nbsp;immigrants sont arriv\u00e9s sur le territoire isra\u00e9lien. Parmi eux, 14&nbsp;200 provenaient des ex-pays de l\u2019<a href=\"https:\/\/fr.wikipedia.org\/wiki\/Union_des_r%C3%A9publiques_socialistes_sovi%C3%A9tiques\">Union sovi\u00e9tique<\/a>, 3&nbsp;300 de <a href=\"https:\/\/fr.wikipedia.org\/wiki\/France\">France<\/a>, et 2&nbsp;300 des <a href=\"https:\/\/fr.wikipedia.org\/wiki\/%C3%89tats-Unis\">\u00c9tats-Unis<\/a>.<\/p>\n\n\n\n<p>L&rsquo;\u00c9tat d&rsquo;Isra\u00ebl a admis, en 2013, avoir contr\u00f4l\u00e9 les naissances donn\u00e9es par les <a href=\"https:\/\/fr.wikipedia.org\/wiki\/Juifs_%C3%A9thiopiens\">femmes juives d&rsquo;\u00c9thiopie<\/a>, au pr\u00e9texte que les immigrants africains ill\u00e9gaux \u00ab&nbsp;menacent notre existence en tant qu&rsquo;\u00c9tat juif et d\u00e9mocratique&nbsp;\u00bb, selon <a href=\"https:\/\/fr.wikipedia.org\/wiki\/Benjamin_Netanyahu\">Benjamin Netanyahu<\/a>, alors titulaire du <a href=\"https:\/\/fr.wikipedia.org\/wiki\/Minist%C3%A8re_de_la_Sant%C3%A9_(Isra%C3%ABl)\">portefeuille de la Sant\u00e9<\/a>. Il est \u00e9tabli que certaines de ces femmes ont \u00e9t\u00e9 forc\u00e9es de prendre du <a href=\"https:\/\/fr.wikipedia.org\/wiki\/Ac%C3%A9tate_de_m%C3%A9droxyprogest%C3%A9rone\">Depo-Provera<\/a>, un contraceptif puissant agissant \u00e0 long terme.<\/p>\n\n\n\n<p>\u00c0 ses d\u00e9buts, \u00ab&nbsp;l&rsquo;un des d\u00e9fis majeurs de la soci\u00e9t\u00e9 isra\u00e9lienne&nbsp;\u00bb concerne les in\u00e9galit\u00e9s entre les juifs <a href=\"https:\/\/fr.wikipedia.org\/wiki\/Ashk%C3%A9nazes\">ashk\u00e9nazes<\/a> et les juifs <a href=\"https:\/\/fr.wikipedia.org\/wiki\/S%C3%A9farade\">s\u00e9farades<\/a> (ou non-ashk\u00e9nazes).<\/p>\n\n\n\n<p>L&rsquo;historien <a href=\"https:\/\/fr.wikipedia.org\/wiki\/Alain_Dieckhoff\">Alain Dieckhoff<\/a> \u00e9voque des \u00ab&nbsp;pratiques discriminatoires en mati\u00e8re de logement et d&#8217;emploi&nbsp;\u00bb \u00e0 l&rsquo;\u00e9gard des Juifs non-ashk\u00e9nazes. D\u00e8s leur arriv\u00e9e en Isra\u00ebl, les s\u00e9farades ont \u00e9t\u00e9 rel\u00e9gu\u00e9s \u00e0 la p\u00e9riph\u00e9rie du territoire isra\u00e9lien, loin des villes et de leurs banlieues&nbsp;: ce fut le cas dans les ann\u00e9es 1950, o\u00f9 ils formaient plus de 80&nbsp;% de la population des <a href=\"https:\/\/fr.wikipedia.org\/wiki\/Ma%27abarot\">camps de transit en Isra\u00ebl<\/a> (<a href=\"https:\/\/fr.wikipedia.org\/wiki\/Ma%27abarot\">ma&rsquo;abarot<\/a>), puis quand ils furent diss\u00e9min\u00e9s, d\u00e8s 1955, dans les <a href=\"https:\/\/fr.wikipedia.org\/wiki\/Ville_de_d%C3%A9veloppement\">villes de d\u00e9veloppement<\/a>, parfois situ\u00e9es dans des <a href=\"https:\/\/fr.wikipedia.org\/wiki\/Fronti%C3%A8re\">zones frontali\u00e8res<\/a> expos\u00e9es aux infiltrations et attaques arm\u00e9es des Palestiniens.<\/p>\n\n\n\n<p>Si selon le discours dominant (<a href=\"https:\/\/fr.wikipedia.org\/wiki\/Ashk%C3%A9nazes\">ashk\u00e9naze<\/a>), les \u00ab&nbsp;diff\u00e9rences culturelles&nbsp;\u00bb expliquent l&rsquo;\u00e9chec scolaire d&rsquo;une proportion importante d&rsquo;\u00e9l\u00e8ves <a href=\"https:\/\/fr.wikipedia.org\/wiki\/S%C3%A9farades\">s\u00e9farades<\/a>, des <a href=\"https:\/\/fr.wikipedia.org\/wiki\/Sociologue\">sociologues<\/a> comme Shlomo Swirski ont montr\u00e9 que le syst\u00e8me \u00e9ducatif isra\u00e9lien serait fond\u00e9 sur une s\u00e9gr\u00e9gation ethnique qui favorise la r\u00e9ussite des <a href=\"https:\/\/fr.wikipedia.org\/wiki\/Ashk%C3%A9nazes\">ashk\u00e9nazes<\/a> et exclut les <a href=\"https:\/\/fr.wikipedia.org\/wiki\/S%C3%A9farades\">s\u00e9farades<\/a> des fili\u00e8res prestigieuses (dans <em>Education in Israel&nbsp;: Schooling for Inequality<\/em>, <a href=\"https:\/\/fr.wikipedia.org\/wiki\/1990\">1990<\/a>)<a href=\"https:\/\/fr.wikipedia.org\/wiki\/Isra%C3%ABl#cite_note-138\"><sup>133<\/sup><\/a>.<\/p>\n\n\n\n<p>Entre 1975 et 1995, \u00ab&nbsp;en termes de <a href=\"https:\/\/fr.wikipedia.org\/wiki\/Revenu\">revenus<\/a>, l&rsquo;\u00e9cart entre <a href=\"https:\/\/fr.wikipedia.org\/wiki\/Ashk%C3%A9nazes\">ashk\u00e9nazes<\/a> et <a href=\"https:\/\/fr.wikipedia.org\/wiki\/S%C3%A9farades\">s\u00e9farades<\/a> s&rsquo;est creus\u00e9, non r\u00e9duit&nbsp;\u00bb.<\/p>\n\n\n\n<p>&nbsp;&nbsp;&nbsp;&nbsp;&nbsp;&nbsp;&nbsp;&nbsp;&nbsp;&nbsp;&nbsp;&nbsp;&nbsp; &nbsp;&nbsp;La langue officielle de l\u2019\u00e9tat d&rsquo;Isra\u00ebl est l&rsquo;h\u00e9breu moderne.<\/p>\n\n\n\n<p>L\u2019<strong>h\u00e9breu moderne <\/strong>est la vari\u00e9t\u00e9 de l&rsquo;h\u00e9breu parl\u00e9e depuis la fin du XIXe si\u00e8cle. Sa particularit\u00e9 est d&rsquo;\u00eatre redevenue une langue vivante, parl\u00e9e par des sionistes puis par la plupart des Isra\u00e9liens, apr\u00e8s de nombreux si\u00e8cles o\u00f9 la langue \u00e9tait au pire une langue morte, au mieux une langue liturgique.<\/p>\n\n\n\n<p>Sous le r\u00e9gime de la Palestine mandataire, l&rsquo;anglais, l&rsquo;arabe et l&rsquo;h\u00e9breu \u00e9taient langues officielles. L&rsquo;\u00c9tat d&rsquo;Isra\u00ebl maintient les lois de la Palestine mandataire mais le 19 mai 1948, un amendement est adopt\u00e9 par le gouvernement d&rsquo;Isra\u00ebl pr\u00e9cisant que l&rsquo;anglais n&rsquo;est plus langue officielle. Le 19 juillet 2018, la Knesset (parlement) l\u00e9gif\u00e8re pour la premi\u00e8re fois quant aux langues utilis\u00e9es en Isra\u00ebl en proclamant l&rsquo;h\u00e9breu langue officielle et l&rsquo;arabe, langue \u00e0 statut sp\u00e9cial.<\/p>\n\n\n\n<p>Le yiddish, langue traditionnelle des Juifs ashk\u00e9nazes, est parl\u00e9 par des Isra\u00e9liens descendants de migrants venus d&rsquo;Europe de l&rsquo;Est et est la langue vernaculaire des communaut\u00e9s hassidiques. Le yiddish est enseign\u00e9 dans quelques \u00e9coles et environ 6 000 lyc\u00e9ens ont choisi de passer une \u00e9preuve de yiddish \u00e0 l&rsquo;examen du baccalaur\u00e9at isra\u00e9lien en 2013. La langue est parl\u00e9e par environ 1 000 000 de personnes en Isra\u00ebl dont 200 000 l&#8217;employant quotidiennement.<\/p>\n\n\n\n<p>Le ladino, langue litt\u00e9raire des Juifs s\u00e9farades, et le jud\u00e9o-espagnol, parl\u00e9 par environ 100 000 Isra\u00e9liens d&rsquo;origine s\u00e9farade, sont enseign\u00e9s dans quelques \u00e9coles.<\/p>\n\n\n\n<p>Les <strong>Juifs \u00e9thiopiens<\/strong> ou \u00ab&nbsp;<strong>Beta Israel<\/strong>&nbsp;\u00bb (<a href=\"https:\/\/fr.wikipedia.org\/wiki\/Alphasyllabaire_gu%C3%A8ze\">ge&rsquo;ez<\/a> \u1264\u1270 \u12a5\u1235\u122b\u12a4\u120d, <a href=\"https:\/\/fr.wikipedia.org\/wiki\/H%C3%A9breu\">h\u00e9breu<\/a>&nbsp;: \u05d1\u05d9\u05ea\u05d0 \u05d9\u05e9\u05e8\u05d0\u05dc, la \u00ab&nbsp;maison d\u2019Isra\u00ebl&nbsp;\u00bb au sens de la \u00ab&nbsp;famille d\u2019Isra\u00ebl&nbsp;\u00bb), ou les \u00ab&nbsp;<strong>Falasha<\/strong>&nbsp;\u00bb, sont des <a href=\"https:\/\/fr.wikipedia.org\/wiki\/%C3%89thiopie\">\u00c9thiopiens<\/a> de <a href=\"https:\/\/fr.wikipedia.org\/wiki\/Juda%C3%AFsme\">religion juive<\/a> ou leurs descendants, qui ont pour la plupart \u00e9migr\u00e9 en <a href=\"https:\/\/fr.wikipedia.org\/wiki\/Isra%C3%ABl\">Isra\u00ebl<\/a>. Selon leurs traditions, ils descendent de la <a href=\"https:\/\/fr.wikipedia.org\/wiki\/Tribu_de_Dan\">tribu de Dan<\/a>. Ils ont v\u00e9cu pendant des si\u00e8cles dans le nord de l\u2019\u00c9thiopie (<a href=\"https:\/\/fr.wikipedia.org\/wiki\/B%C3%A9gemeder\">Gondar<\/a>, <a href=\"https:\/\/fr.wikipedia.org\/wiki\/Tigr%C3%A9_(province)\">Tigr\u00e9<\/a>), o\u00f9 ils ont constitu\u00e9 des \u00c9tats ind\u00e9pendants, qui ont \u00e9t\u00e9 d\u00e9truits au XVII<sup>e<\/sup>&nbsp;si\u00e8cle par le <a href=\"https:\/\/fr.wikipedia.org\/wiki\/Juifs_%C3%A9thiopiens#Int\u00e9gration_\u00e0_l\u2019empire_(1624-1769)\">pouvoir imp\u00e9rial<\/a>. Ils deviennent alors une minorit\u00e9 marginalis\u00e9e, le plus souvent sans droit de poss\u00e9der des terres et, \u00e0 l&rsquo;occasion, accus\u00e9e d\u2019attirer le \u00ab&nbsp;<a href=\"https:\/\/fr.wikipedia.org\/wiki\/Mauvais_%C5%93il\">mauvais \u0153il<\/a>&nbsp;\u00bb.<\/p>\n\n\n\n<p>\u00ab&nbsp;<em>Beta Israel<\/em>&nbsp;\u00bb est le <a href=\"https:\/\/fr.wikipedia.org\/wiki\/Autoethnonyme\">nom<\/a> qu&rsquo;ils se donnaient lorsqu&rsquo;ils vivaient en <a href=\"https:\/\/fr.wikipedia.org\/wiki\/%C3%89thiopie\">\u00c9thiopie<\/a>. Le nom \u00ab&nbsp;<em>Falasha<\/em>&nbsp;\u00bb (<a href=\"https:\/\/fr.wikipedia.org\/wiki\/Amharique\">amharique<\/a>&nbsp;: \u00ab&nbsp;exil\u00e9&nbsp;\u00bb, \u00ab&nbsp;errant&nbsp;\u00bb, \u00ab&nbsp;sans terre&nbsp;\u00bb), couramment utilis\u00e9 pour les d\u00e9signer en Europe, est rejet\u00e9 par les Juifs \u00e9thiopiens qui le consid\u00e8rent comme <a href=\"https:\/\/fr.wikipedia.org\/wiki\/P%C3%A9joratif\">p\u00e9joratif<\/a>. Depuis l\u2019immigration en Isra\u00ebl, le terme <em>Beta Israel<\/em> tend \u00e0 y \u00eatre remplac\u00e9, y compris au sein de la communaut\u00e9 elle-m\u00eame, par l&rsquo;expression \u00ab&nbsp;Juifs \u00e9thiopiens&nbsp;\u00bb ou \u00ab&nbsp;<em>Etiopim<\/em>&nbsp;\u00bb (\u00ab&nbsp;\u00c9thiopiens&nbsp;\u00bb).<\/p>\n\n\n\n<p><\/p>\n\n\n\n<p>En somme, l\u2019\u00e9tat d\u2019Isra\u00ebl est compos\u00e9 de&nbsp;: juifs ashk\u00e9naze, juifs s\u00e9farades, juifs falasha \u00e9thiopiens, et d\u2019autres populations.<\/p>\n\n\n\n<p><\/p>\n\n\n\n<p><strong>a) Commen\u00e7ons par les juifs&nbsp;ashk\u00e9nazes&nbsp;:<\/strong><\/p>\n\n\n<div class=\"wp-block-image\">\n<figure class=\"aligncenter size-full is-resized\"><img loading=\"lazy\" decoding=\"async\" width=\"210\" height=\"136\" src=\"https:\/\/omdmhyd.org\/wp-content\/uploads\/2025\/04\/image-6.png\" alt=\"\" class=\"wp-image-4099\" style=\"width:428px;height:auto\"\/><\/figure>\n<\/div>\n\n\n<p>Le nom \u00ab&nbsp;ashk\u00e9naze&nbsp;\u00bb est tir\u00e9 du <a href=\"https:\/\/fr.wikipedia.org\/wiki\/Tanakh\">Tanakh<\/a>. Dans la <a href=\"https:\/\/fr.wikipedia.org\/wiki\/Table_des_peuples\">Table des peuples<\/a>, <a href=\"https:\/\/fr.wikipedia.org\/wiki\/Ashkenaz\">Ashkenaz<\/a> est l\u2019un des descendants de <a href=\"https:\/\/fr.wikipedia.org\/wiki\/Japhet\">Japhet<\/a>, lui-m\u00eame fils de <a href=\"https:\/\/fr.wikipedia.org\/wiki\/No%C3%A9_(patriarche)\">No\u00e9<\/a>. Le <a href=\"https:\/\/fr.wikipedia.org\/wiki\/Talmud_de_Babylone\">Talmud de Babylone<\/a> identifie <a href=\"https:\/\/fr.wikipedia.org\/wiki\/Gom%C3%A8re\">Gomer<\/a>, le p\u00e8re d&rsquo;Ashkenaz, \u00e0 <em>Germania<\/em>.<\/p>\n\n\n\n<p><strong><mark style=\"background-color:rgba(0, 0, 0, 0)\" class=\"has-inline-color has-kubio-color-1-color\">Gen\u00e8se (Biluse) 10, v2-4<\/mark><\/strong>&nbsp;: Les fils de <strong>Japhet<\/strong> furent: Gomer, Magog, Mada\u00ef, Javan, Tubal, M\u00e9schec et Tiras. <a href=\"https:\/\/saintebible.com\/genesis\/10-3.htm\">3<\/a>Les fils de Gomer: Aschkenaz, Riphat et Togarma. <a href=\"https:\/\/saintebible.com\/genesis\/10-4.htm\">4<\/a>Les fils de Javan: Elischa, Tarsis, Kittim et Dodanim.<\/p>\n\n\n\n<p><\/p>\n\n\n\n<figure class=\"wp-block-image size-full is-resized\"><img loading=\"lazy\" decoding=\"async\" width=\"623\" height=\"187\" src=\"https:\/\/omdmhyd.org\/wp-content\/uploads\/2025\/04\/image-7.png\" alt=\"\" class=\"wp-image-4100\" style=\"width:1063px;height:auto\" srcset=\"https:\/\/omdmhyd.org\/wp-content\/uploads\/2025\/04\/image-7.png 623w, https:\/\/omdmhyd.org\/wp-content\/uploads\/2025\/04\/image-7-300x90.png 300w, https:\/\/omdmhyd.org\/wp-content\/uploads\/2025\/04\/image-7-600x180.png 600w\" sizes=\"(max-width: 623px) 100vw, 623px\" \/><\/figure>\n\n\n\n<p>Donc, les juifs ashk\u00e9nazes sont de lign\u00e9e <strong>japh\u00e9tite<\/strong>, et non s\u00e9mite.<\/p>\n\n\n\n<p><\/p>\n\n\n\n<p><strong>b) Les s\u00e9farades&nbsp;:<\/strong><\/p>\n\n\n<div class=\"wp-block-image\">\n<figure class=\"aligncenter size-full is-resized\"><img loading=\"lazy\" decoding=\"async\" width=\"179\" height=\"157\" src=\"https:\/\/omdmhyd.org\/wp-content\/uploads\/2025\/04\/image-8.png\" alt=\"\" class=\"wp-image-4102\" style=\"width:396px;height:auto\"\/><\/figure>\n<\/div>\n\n<div class=\"wp-block-image\">\n<figure class=\"aligncenter size-full is-resized\"><img loading=\"lazy\" decoding=\"async\" width=\"623\" height=\"187\" src=\"https:\/\/omdmhyd.org\/wp-content\/uploads\/2025\/04\/image-9.png\" alt=\"\" class=\"wp-image-4104\" style=\"width:1145px;height:auto\" srcset=\"https:\/\/omdmhyd.org\/wp-content\/uploads\/2025\/04\/image-9.png 623w, https:\/\/omdmhyd.org\/wp-content\/uploads\/2025\/04\/image-9-300x90.png 300w, https:\/\/omdmhyd.org\/wp-content\/uploads\/2025\/04\/image-9-600x180.png 600w\" sizes=\"(max-width: 623px) 100vw, 623px\" \/><\/figure>\n<\/div>\n\n\n<p>Les S\u00e9farades parlent le jud\u00e9o-espagnol, langue logiquement emprunt\u00e9e \u00e0 l\u2019espagnol et \u00e0 laquelle viennent se greffer des mots h\u00e9breux.<\/p>\n\n\n\n<p>Selon Luc Ferry, ancien ministre de l\u2019\u00e9ducation nationale&nbsp;: \u00ab&nbsp;les s\u00e9farades sont des berb\u00e8res ayant refus\u00e9 l\u2019islam, et se sont convertis au juda\u00efsme. Ces berb\u00e8res venaient d\u2019Afrique du nord\u2026&nbsp;\u00bb (16\/05\/2009).<\/p>\n\n\n\n<p><mark style=\"background-color:rgba(0, 0, 0, 0)\" class=\"has-inline-color has-kubio-color-2-color\">Qui sont les berb\u00e8res&nbsp;?<\/mark><\/p>\n\n\n<div class=\"wp-block-image\">\n<figure class=\"aligncenter size-full is-resized\"><img loading=\"lazy\" decoding=\"async\" width=\"569\" height=\"405\" src=\"https:\/\/omdmhyd.org\/wp-content\/uploads\/2025\/04\/image-10.png\" alt=\"\" class=\"wp-image-4106\" style=\"width:950px;height:auto\" srcset=\"https:\/\/omdmhyd.org\/wp-content\/uploads\/2025\/04\/image-10.png 569w, https:\/\/omdmhyd.org\/wp-content\/uploads\/2025\/04\/image-10-300x214.png 300w\" sizes=\"(max-width: 569px) 100vw, 569px\" \/><\/figure>\n<\/div>\n\n\n<p><\/p>\n\n\n\n<p>Connus dans l&rsquo;<a href=\"https:\/\/fr.wikipedia.org\/wiki\/Antiquit%C3%A9\">Antiquit\u00e9<\/a> sous le nom de <a href=\"https:\/\/fr.wikipedia.org\/wiki\/Libyens_anciens\"><strong>Libyens<\/strong><\/a>, les Berb\u00e8res ont port\u00e9 diff\u00e9rents noms durant l&rsquo;histoire, tels que <a href=\"https:\/\/fr.wikipedia.org\/wiki\/Mazices\">Mazices<\/a>, <a href=\"https:\/\/fr.wikipedia.org\/wiki\/Mauri_(peuple)\">Maures<\/a>, <a href=\"https:\/\/fr.wikipedia.org\/wiki\/Royaume_de_Numidie\">Numides<\/a>, <a href=\"https:\/\/fr.wikipedia.org\/wiki\/G%C3%A9tules\">G\u00e9tules<\/a>, <a href=\"https:\/\/fr.wikipedia.org\/wiki\/Garamantes\">Garamantes<\/a> et autres. Les libyens viennent de Put fils de Cham (Kama = br\u00fbl\u00e9). (Voir tableau en bas).<\/p>\n\n\n\n<p><\/p>\n\n\n<div class=\"wp-block-image\">\n<figure class=\"aligncenter size-full is-resized\"><img loading=\"lazy\" decoding=\"async\" width=\"576\" height=\"331\" src=\"https:\/\/omdmhyd.org\/wp-content\/uploads\/2025\/04\/image-11.png\" alt=\"\" class=\"wp-image-4108\" style=\"width:1317px;height:auto\" srcset=\"https:\/\/omdmhyd.org\/wp-content\/uploads\/2025\/04\/image-11.png 576w, https:\/\/omdmhyd.org\/wp-content\/uploads\/2025\/04\/image-11-300x172.png 300w\" sizes=\"(max-width: 576px) 100vw, 576px\" \/><\/figure>\n<\/div>\n\n\n<p>Les berb\u00e8res sont des <strong>kamites<\/strong>, donc lign\u00e9e de Cham, qui ont \u00e9t\u00e9 m\u00e9lang\u00e9s ou m\u00e9tiss\u00e9s aux japh\u00e9tites turcs durant plusieurs si\u00e8cles. Ainsi, ils ne sont pas de lign\u00e9e s\u00e9mite. Quant au soit disant h\u00e9breu qu\u2019ils parlent, il est certain qu\u2019il ne s\u2019agit en aucun point d\u2019une langue s\u00e9mite, mais plut\u00f4t d\u2019une langue vernaculaire kamite-japh\u00e9tite.<\/p>\n\n\n\n<p><\/p>\n\n\n\n<p><strong>c) Les falasha ou \u00e9thiopiens.<\/strong><\/p>\n\n\n\n<p><\/p>\n\n\n<div class=\"wp-block-image\">\n<figure class=\"aligncenter size-full is-resized\"><img loading=\"lazy\" decoding=\"async\" width=\"261\" height=\"157\" src=\"https:\/\/omdmhyd.org\/wp-content\/uploads\/2025\/04\/image-12.png\" alt=\"\" class=\"wp-image-4109\" style=\"width:472px;height:auto\" srcset=\"https:\/\/omdmhyd.org\/wp-content\/uploads\/2025\/04\/image-12.png 261w, https:\/\/omdmhyd.org\/wp-content\/uploads\/2025\/04\/image-12-240x145.png 240w\" sizes=\"(max-width: 261px) 100vw, 261px\" \/><\/figure>\n<\/div>\n\n<div class=\"wp-block-image\">\n<figure class=\"aligncenter size-full is-resized\"><img loading=\"lazy\" decoding=\"async\" width=\"623\" height=\"118\" src=\"https:\/\/omdmhyd.org\/wp-content\/uploads\/2025\/04\/image-13.png\" alt=\"\" class=\"wp-image-4111\" style=\"width:1066px;height:auto\" srcset=\"https:\/\/omdmhyd.org\/wp-content\/uploads\/2025\/04\/image-13.png 623w, https:\/\/omdmhyd.org\/wp-content\/uploads\/2025\/04\/image-13-300x57.png 300w, https:\/\/omdmhyd.org\/wp-content\/uploads\/2025\/04\/image-13-600x114.png 600w\" sizes=\"(max-width: 623px) 100vw, 623px\" \/><\/figure>\n<\/div>\n\n\n<p>Les <em>Beta Israel<\/em> ont deux principaux r\u00e9cits concernant leurs origines. Selon le premier, le plus r\u00e9pandu dans la tradition orale&nbsp;: ils descendraient d&rsquo;accompagnateurs du prince <a href=\"https:\/\/fr.wikipedia.org\/wiki\/Menelik_Ier\">Menelik<\/a>, fils du <a href=\"https:\/\/fr.wikipedia.org\/wiki\/Salomon_(roi_d%27Isra%C3%ABl)\">roi Salomon<\/a> et de la <a href=\"https:\/\/fr.wikipedia.org\/wiki\/Reine_de_Saba\">reine de Saba<\/a> lorsqu\u2019il apporta l\u2019<a href=\"https:\/\/fr.wikipedia.org\/wiki\/Arche_d%27alliance\">Arche d&rsquo;alliance<\/a> en <a href=\"https:\/\/fr.wikipedia.org\/wiki\/%C3%89thiopie\">\u00c9thiopie<\/a>, au X<sup>e<\/sup>&nbsp;si\u00e8cle&nbsp;av. J.-C. Ce r\u00e9cit est semblable \u00e0 la l\u00e9gende des Chr\u00e9tiens d\u2019\u00c9thiopie concernant l\u2019Arche d\u2019alliance, sans que l&rsquo;on sache lequel a inspir\u00e9 l&rsquo;autre.<\/p>\n\n\n\n<p>Le second r\u00e9cit pr\u00e9sente les <em>Beta Israel<\/em> comme les descendants de la <a href=\"https:\/\/fr.wikipedia.org\/wiki\/Tribu_de_Dan\">tribu de Dan<\/a>, une des <a href=\"https:\/\/fr.wikipedia.org\/wiki\/Dix_tribus_perdues\">Dix tribus perdues<\/a>, d\u00e9port\u00e9es par les <a href=\"https:\/\/fr.wikipedia.org\/wiki\/Assyriens\">Assyriens<\/a> en <a href=\"https:\/\/fr.wikipedia.org\/wiki\/Ann%C3%A9es_720_av._J.-C.\">722 avant J\u00e9sus-Christ<\/a>. En Isra\u00ebl, ce r\u00e9cit tend \u00e0 devenir dominant, sans doute parce qu&rsquo;il est officiellement accept\u00e9 par le <a href=\"https:\/\/fr.wikipedia.org\/wiki\/Grand-rabbinat_d%27Isra%C3%ABl\">Grand-rabbinat d&rsquo;Isra\u00ebl<\/a> depuis 1973 (<a href=\"https:\/\/fr.wikipedia.org\/wiki\/Juifs_%C3%A9thiopiens#\u00c9migrat\">voir <em>infra<\/em><\/a>).<\/p>\n\n\n\n<p>Or, il n\u2019est fait mention dans aucun livre de la Kuma (ou les Ecritures) de cette descendance entre Salomon (Salama = Paix) et la reine kuscito-kamite de Seba, surtout que KONGO ne voulait pas que les Isra\u00e9lites aient une descendance avec les kamites pour des raisons spirituelles et g\u00e9n\u00e9alogiques.<\/p>\n\n\n\n<p><\/p>\n\n\n\n<p><strong>d) Les juifs Mizrahim.<\/strong><\/p>\n\n\n<div class=\"wp-block-image\">\n<figure class=\"aligncenter size-full is-resized\"><img loading=\"lazy\" decoding=\"async\" width=\"136\" height=\"168\" src=\"https:\/\/omdmhyd.org\/wp-content\/uploads\/2025\/04\/image-14.png\" alt=\"\" class=\"wp-image-4112\" style=\"width:347px;height:auto\"\/><\/figure>\n<\/div>\n\n\n<p>La d\u00e9nomination de <strong>Juifs Mizrahim<\/strong> ou <strong><em>Mizra\u2019him<\/em><\/strong> (<a href=\"https:\/\/fr.wikipedia.org\/wiki\/H%C3%A9breu\">h\u00e9breu<\/a>&nbsp;: \u05de\u05d6\u05e8\u05d7\u05d9\u05dd \u00ab&nbsp;Orientaux&nbsp;\u00bb), \u00e9galement appel\u00e9s <em>Edot HaMizra\u2019h<\/em> (Communaut\u00e9s de l\u2019Orient), englobe des communaut\u00e9s <a href=\"https:\/\/fr.wikipedia.org\/wiki\/Juifs\">juives<\/a> tr\u00e8s diverses du <a href=\"https:\/\/fr.wikipedia.org\/wiki\/Moyen-Orient\">Moyen-Orient<\/a>, d&rsquo;<a href=\"https:\/\/fr.wikipedia.org\/wiki\/Afrique_du_Nord\">Afrique du Nord<\/a>, du <a href=\"https:\/\/fr.wikipedia.org\/wiki\/Caucase\">Caucase<\/a>, d&rsquo;<a href=\"https:\/\/fr.wikipedia.org\/wiki\/Asie_centrale\">Asie centrale<\/a> et de l&rsquo;<a href=\"https:\/\/fr.wikipedia.org\/wiki\/Inde\">Inde<\/a>, recouvrant une \u00ab&nbsp;<a href=\"https:\/\/fr.wikipedia.org\/wiki\/Division_ethnique_des_Juifs\">mosa\u00efque ethnique<\/a>&nbsp;\u00bb bien plus complexe et h\u00e9t\u00e9rog\u00e8ne que celle des Juifs ashk\u00e9nazes et s\u00e9farades.<\/p>\n\n\n\n<p>L&rsquo;acception tr\u00e8s \u00e9tendue de ce mot dans l&rsquo;<a href=\"https:\/\/fr.wikipedia.org\/wiki\/H%C3%A9breu_moderne\">h\u00e9breu moderne<\/a> est un \u00ab&nbsp;concept fourre-tout&nbsp;\u00bb qui regroupe artificiellement tout ce qui n&rsquo;est ni <a href=\"https:\/\/fr.wikipedia.org\/wiki\/Ashk%C3%A9naze\"><em>Ashk\u00e9naze<\/em><\/a> (\u00ab&nbsp;allemand&nbsp;\u00bb) ni <a href=\"https:\/\/fr.wikipedia.org\/wiki\/Sarfati\"><em>Sarfati<\/em><\/a> (\u00ab&nbsp;fran\u00e7ais&nbsp;\u00bb) ni <a href=\"https:\/\/fr.wikipedia.org\/wiki\/S%C3%A9farade\"><em>S\u00e9farade<\/em><\/a> (\u00ab&nbsp;espagnol&nbsp;\u00bb) ni <a href=\"https:\/\/fr.wikipedia.org\/wiki\/Romaniote\"><em>Romaniote<\/em><\/a> (\u00ab&nbsp;grec&nbsp;\u00bb), c&rsquo;est-\u00e0-dire des groupes aux origines tr\u00e8s diverses, qui n&rsquo;ont en commun qu&rsquo;une <a href=\"https:\/\/fr.wikipedia.org\/wiki\/Halakha\"><em>Halakha<\/em><\/a> d\u00e9coulant principalement du <a href=\"https:\/\/fr.wikipedia.org\/wiki\/Talmud_de_Babylone\">Talmud de Babylone<\/a><sup> <\/sup>qui les rapproche des <a href=\"https:\/\/fr.wikipedia.org\/wiki\/S%C3%A9farades\">Juifs s\u00e9farades<\/a> et <a href=\"https:\/\/fr.wikipedia.org\/wiki\/Tochavim\">maghr\u00e9bins<\/a>, avec quelques diff\u00e9rences entre les <a href=\"https:\/\/fr.wikipedia.org\/wiki\/Minhag\"><em>minhagim<\/em><\/a> de minorit\u00e9s particuli\u00e8res.<\/p>\n\n\n\n<p>Le terme Mizrahim ou Mitsra\u00efm vient de la lign\u00e9e de Cham&nbsp;:<\/p>\n\n\n<div class=\"wp-block-image\">\n<figure class=\"aligncenter size-full is-resized\"><img loading=\"lazy\" decoding=\"async\" width=\"629\" height=\"361\" src=\"https:\/\/omdmhyd.org\/wp-content\/uploads\/2025\/04\/image-15.png\" alt=\"\" class=\"wp-image-4115\" style=\"width:1072px;height:auto\" srcset=\"https:\/\/omdmhyd.org\/wp-content\/uploads\/2025\/04\/image-15.png 629w, https:\/\/omdmhyd.org\/wp-content\/uploads\/2025\/04\/image-15-300x172.png 300w, https:\/\/omdmhyd.org\/wp-content\/uploads\/2025\/04\/image-15-600x344.png 600w\" sizes=\"(max-width: 629px) 100vw, 629px\" \/><\/figure>\n<\/div>\n\n\n<p>Donc, eux aussi ne sont pas s\u00e9mites, mais <strong>kamites<\/strong>.<\/p>\n\n\n\n<p>Ainsi, ce peuple qui est sur J\u00e9rusalem par occupation depuis 1948, qui se fait passer pour le \u00ab&nbsp;peuple \u00e9lu&nbsp;\u00bb des Ecritures n\u2019est du tout pas de lign\u00e9e s\u00e9mite.<\/p>\n\n\n\n<p>Nous voyons bien que les \u00e9rudits de ce peuple \u00ab&nbsp;fallacieux&nbsp;\u00bb utilisent des termes des Ecritures tout en disant le contraire quand ils parlent d\u2019eux-m\u00eames.<\/p>\n\n\n\n<p>Ashk\u00e9naze n\u2019est pas s\u00e9mite, les berb\u00e8res mizrahim et s\u00e9farades ne sont pas s\u00e9mites, les falashas ne sont pas s\u00e9mites. Mais, quand ils utilisent le mot \u00ab&nbsp;juif&nbsp;\u00bb (qui n\u2019existe pas dans les Ecritures), ils tendent \u00e0 cr\u00e9er une confusion g\u00e9n\u00e9alogique totale. Et cette confusion a gagn\u00e9 le monde religieux afin de formater l\u2019esprit des croyants dans le Cr\u00e9ateur Tout-Puissant (Nzambe Mpungu), mais aussi afin d\u2019effacer les v\u00e9ritables isra\u00e9lites Bena Isolele.<\/p>\n\n\n\n<p><strong><mark style=\"background-color:rgba(0, 0, 0, 0)\" class=\"has-inline-color has-kubio-color-1-color\">Psaumes (Misambo) 83, v3-5<\/mark><\/strong>&nbsp;: Ils forment contre ton peuple des projets pleins de ruse, Et ils d\u00e9lib\u00e8rent contre ceux que TU prot\u00e8ges. <a href=\"https:\/\/saintebible.com\/psalms\/83-4.htm\">4<\/a>Venez, disent-ils, exterminons-les du milieu des nations, Et qu&rsquo;on ne se souvienne plus du nom d&rsquo;Isra\u00ebl! <a href=\"https:\/\/saintebible.com\/psalms\/83-5.htm\">5<\/a>Ils se concertent tous d&rsquo;un m\u00eame c\u0153ur, Ils font une alliance contre TOI ;<\/p>\n\n\n\n<p>Cet \u00e9tat d\u2019Isra\u00ebl est form\u00e9 de toutes ces communaut\u00e9s non s\u00e9mites dont la principale est celle des ashk\u00e9nazes.<\/p>\n\n\n\n<p><mark style=\"background-color:rgba(0, 0, 0, 0)\" class=\"has-inline-color has-kubio-color-2-color\">D\u2019o\u00f9 viennent-ils exactement&nbsp;?<\/mark><\/p>\n\n\n\n<p>La plupart de la population juive dans le monde moderne mais aussi la langue yiddish proviennent de Turquie et non d\u2019autres parties du Moyen-Orient, selon une nouvelle \u00e9tude.<\/p>\n\n\n\n<p><\/p>\n\n\n\n<p><\/p>\n\n\n<div class=\"wp-block-image\">\n<figure class=\"alignleft size-full is-resized\"><img loading=\"lazy\" decoding=\"async\" width=\"129\" height=\"164\" src=\"https:\/\/omdmhyd.org\/wp-content\/uploads\/2025\/04\/image-16.png\" alt=\"\" class=\"wp-image-4117\" style=\"width:170px;height:auto\"\/><\/figure>\n<\/div>\n\n\n<p>Le D<sup>r<\/sup>&nbsp;Eran Elhaik de l\u2019Universit\u00e9 de Sheffield s\u2019est servi d\u2019un syst\u00e8me de mod\u00e9lisation informatique pour convertir des donn\u00e9es ADN d\u2019individus juifs ashk\u00e9nazes (les communaut\u00e9s juives historiquement situ\u00e9es en Europe) en informations g\u00e9ographiques&nbsp;; celles-ci ont r\u00e9v\u00e9l\u00e9 que 90&nbsp;% des juifs ashk\u00e9nazes descendent des Grecs, des Iraniens et d\u2019autres populations qui ont colonis\u00e9 le nord de l\u2019Anatolie (aujourd\u2019hui le nord de la Turquie) il y a plus de 2&nbsp;000&nbsp;ans avant de se convertir au juda\u00efsme.<\/p>\n\n\n\n<p>Le D<sup>r<\/sup>&nbsp;Elhaik a affirm\u00e9 croire que quatre villages turcs encore existants (Iskenaz, Eskens, Ashuz, Ashanas) situ\u00e9s dans le nord-est de la Turquie faisaient partie de la patrie ashk\u00e9naze originelle et ont form\u00e9 le noyau qui a d\u00e9velopp\u00e9 la langue juive moderne, le yiddish.<\/p>\n\n\n<div class=\"wp-block-image\">\n<figure class=\"alignleft size-full is-resized\"><img loading=\"lazy\" decoding=\"async\" width=\"287\" height=\"164\" src=\"https:\/\/omdmhyd.org\/wp-content\/uploads\/2025\/04\/image-17.png\" alt=\"\" class=\"wp-image-4118\" style=\"width:327px;height:auto\"\/><\/figure>\n<\/div>\n\n\n<p>\u00ab&nbsp;Nous avons identifi\u00e9 367&nbsp;personnes affirmant avoir deux parents juifs ashk\u00e9nazes et nous les avons r\u00e9parties entre ceux dont les parents ne parlent que le yiddish et tous les autres&nbsp;\u00bb, a expliqu\u00e9 \u00e0 <em>Wired<\/em> Eran Elhaik, qui a dirig\u00e9 les recherches.<\/p>\n\n\n\n<p>Le nom des quatre villages d\u00e9rive du terme \u00ab&nbsp;ashkenaz&nbsp;\u00bb, racine du terme \u00ab&nbsp;ashk\u00e9naze&nbsp;\u00bb. Elhaik a indiqu\u00e9 \u00e0 <em>Wired<\/em> que le nord-est de la Turquie est le seul endroit o\u00f9 ces quatre noms de lieux existent.<\/p>\n\n\n\n<ul class=\"wp-block-list\">\n<li>l&rsquo;\u00e9tude suivante dit bien que 80% des palestiniens portent un ADN h\u00e9bra\u00efque ancien prouvant qu&rsquo;ils sont s\u00e9mites, mais n&rsquo;affirme pas qu&rsquo;ils sont isra\u00e9lites.<\/li>\n<\/ul>\n\n\n<div class=\"wp-block-image\">\n<figure class=\"aligncenter size-full is-resized\"><img loading=\"lazy\" decoding=\"async\" width=\"286\" height=\"220\" src=\"https:\/\/omdmhyd.org\/wp-content\/uploads\/2025\/04\/image-18.png\" alt=\"\" class=\"wp-image-4120\" style=\"width:525px;height:auto\"\/><\/figure>\n<\/div>\n\n<div class=\"wp-block-image\">\n<figure class=\"aligncenter size-full is-resized\"><img loading=\"lazy\" decoding=\"async\" width=\"343\" height=\"550\" src=\"https:\/\/omdmhyd.org\/wp-content\/uploads\/2025\/04\/image-19.png\" alt=\"\" class=\"wp-image-4122\" style=\"width:349px;height:auto\" srcset=\"https:\/\/omdmhyd.org\/wp-content\/uploads\/2025\/04\/image-19.png 343w, https:\/\/omdmhyd.org\/wp-content\/uploads\/2025\/04\/image-19-187x300.png 187w\" sizes=\"(max-width: 343px) 100vw, 343px\" \/><\/figure>\n<\/div>\n\n<div class=\"wp-block-image\">\n<figure class=\"aligncenter size-full is-resized\"><img loading=\"lazy\" decoding=\"async\" width=\"342\" height=\"550\" src=\"https:\/\/omdmhyd.org\/wp-content\/uploads\/2025\/04\/image-20.png\" alt=\"\" class=\"wp-image-4123\" style=\"width:356px;height:auto\" srcset=\"https:\/\/omdmhyd.org\/wp-content\/uploads\/2025\/04\/image-20.png 342w, https:\/\/omdmhyd.org\/wp-content\/uploads\/2025\/04\/image-20-187x300.png 187w\" sizes=\"(max-width: 342px) 100vw, 342px\" \/><\/figure>\n<\/div>\n\n<div class=\"wp-block-image\">\n<figure class=\"aligncenter size-full is-resized\"><img loading=\"lazy\" decoding=\"async\" width=\"342\" height=\"264\" src=\"https:\/\/omdmhyd.org\/wp-content\/uploads\/2025\/04\/image-21.png\" alt=\"\" class=\"wp-image-4124\" style=\"width:364px;height:auto\" srcset=\"https:\/\/omdmhyd.org\/wp-content\/uploads\/2025\/04\/image-21.png 342w, https:\/\/omdmhyd.org\/wp-content\/uploads\/2025\/04\/image-21-300x232.png 300w\" sizes=\"(max-width: 342px) 100vw, 342px\" \/><\/figure>\n<\/div>\n\n\n<p><\/p>\n\n\n\n<p><mark style=\"background-color:rgba(0, 0, 0, 0)\" class=\"has-inline-color has-kubio-color-2-color\">Quelle est la langue de cet \u00e9tat d\u2019Isra\u00ebl&nbsp;?<\/mark><\/p>\n\n\n\n<p>Comme il a \u00e9t\u00e9 fait mention pr\u00e9c\u00e9demment, la langue la plus parl\u00e9e par le groupe majoritaire est le yiddish&nbsp;: une <a href=\"https:\/\/fr.wikipedia.org\/wiki\/Langues_germaniques\">langue germanique<\/a> d\u00e9riv\u00e9e du <a href=\"https:\/\/fr.wikipedia.org\/wiki\/Haut_allemand\">haut allemand<\/a>, avec un apport de vocabulaire <a href=\"https:\/\/fr.wikipedia.org\/wiki\/H%C3%A9breu\">h\u00e9breu<\/a> et <a href=\"https:\/\/fr.wikipedia.org\/wiki\/Langues_slaves\">slave<\/a>.<\/p>\n\n\n\n<p>Pour le second groupe des s\u00e9farades, le ladino&nbsp;: Langue romane d&rsquo;origine espagnole, parl\u00e9e par les descendants des Juifs expuls\u00e9s d&rsquo;Espagne en 1492 (S\u00e9farades) dans les Balkans, au Moyen-Orient, en Afrique du Nord, en Gr\u00e8ce, en Turquie, etc.<\/p>\n\n\n\n<p>Pour le troisi\u00e8me groupe des falashas&nbsp;: Langues liturgiques <a href=\"https:\/\/fr.wikipedia.org\/wiki\/Gu%C3%A8ze\">gu\u00e8ze<\/a>, <a href=\"https:\/\/fr.wikipedia.org\/wiki\/H%C3%A9breu\">h\u00e9breu<\/a><br>Langues actuellement parl\u00e9es <a href=\"https:\/\/fr.wikipedia.org\/wiki\/H%C3%A9breu\">h\u00e9breu<\/a>, <a href=\"https:\/\/fr.wikipedia.org\/wiki\/Amharique\">amharique<\/a>, <a href=\"https:\/\/fr.wikipedia.org\/wiki\/Tigrigna\">tigrigna<\/a><\/p>\n\n\n\n<p>Pour le quatri\u00e8me groupe des juifs berb\u00e8res mizrahim&nbsp;: <strong><em>Liturgique&nbsp;:<\/em><\/strong> <a href=\"https:\/\/fr.wikipedia.org\/wiki\/H%C3%A9breu_mizrahi\">h\u00e9breu mizrahi<\/a><br><strong><em>Traditionnel&nbsp;:<\/em><\/strong> <a href=\"https:\/\/fr.wikipedia.org\/wiki\/Arabe\">arabe<\/a>, dialectes <a href=\"https:\/\/fr.wikipedia.org\/wiki\/Jud%C3%A9o-arabe\">jud\u00e9o-arabes<\/a>, <a href=\"https:\/\/fr.wikipedia.org\/wiki\/Jud%C3%A9o-aram%C3%A9en\">jud\u00e9o-aram\u00e9ens<\/a> et autres langues des pays de r\u00e9sidence.<\/p>\n\n\n\n<p>Dans l\u2019ensemble, ces 4 groupes ne parlent pas la langue des Isra\u00e9lites. M\u00eame si on mentionne le mot \u00ab&nbsp;h\u00e9breu&nbsp;\u00bb, il faut poser la question&nbsp;: de quoi parle-t-on&nbsp;? Car si ces 4 groupes n\u2019ont rien de s\u00e9mite du point de vue g\u00e9n\u00e9alogique, il est certain que la langue h\u00e9bra\u00efque ou \u00ab&nbsp;h\u00e9breu&nbsp;\u00bb dont on fait mention n\u2019a rien \u00e0 avoir avec la langue s\u00e9mite h\u00e9bra\u00efque des Isra\u00e9lites. Par ailleurs, quand on parle de la langue des isra\u00e9liens, on voit \u00ab&nbsp;h\u00e9breu moderne&nbsp;\u00bb. Pour comprendre cette expression \u00ab&nbsp;h\u00e9breu moderne&nbsp;\u00bb, il faut retourner \u00e0 l\u2019article La langue et l\u2019\u00e9criture.<\/p>\n\n\n\n<p><mark style=\"background-color:rgba(0, 0, 0, 0)\" class=\"has-inline-color has-kubio-color-2-color\">Que disent les Ecritures par rapport \u00e0 ce faux \u00ab&nbsp;peuple \u00e9lu&nbsp;\u00bb&nbsp;?<\/mark><\/p>\n\n\n\n<p><mark style=\"background-color:rgba(0, 0, 0, 0)\" class=\"has-inline-color has-kubio-color-2-color\">Comment ces gens-l\u00e0 ont r\u00e9ussi \u00e0 voler la place du v\u00e9ritable Peuple Elu Isolele&nbsp;?<\/mark><\/p>\n\n\n\n<p><strong><mark style=\"background-color:rgba(0, 0, 0, 0)\" class=\"has-inline-color has-kubio-color-1-color\">Deut\u00e9ronome 32, v 18-21<\/mark><\/strong>&nbsp;: Tu as abandonn\u00e9 le rocher qui t&rsquo;a fait na\u00eetre, Et tu as oubli\u00e9 le Nzambe qui t&rsquo;a engendr\u00e9. <a href=\"https:\/\/saintebible.com\/deuteronomy\/32-19.htm\">19<\/a> L&rsquo;Eternel l&rsquo;a vu, et il a \u00e9t\u00e9 irrit\u00e9, Indign\u00e9 contre ses fils et ses filles. <a href=\"https:\/\/saintebible.com\/deuteronomy\/32-20.htm\">20<\/a> Il a dit: Je leur cacherai ma face, Je verrai quelle sera leur fin; Car c&rsquo;est une race perverse, Ce sont des enfants infid\u00e8les. <a href=\"https:\/\/saintebible.com\/deuteronomy\/32-21.htm\">21<\/a> Ils ont excit\u00e9 ma jalousie par ce qui n&rsquo;est point Elimo, Ils m&rsquo;ont irrit\u00e9 par leurs vaines idoles; Et moi, J&rsquo;exciterai leur jalousie <mark style=\"background-color:rgba(0, 0, 0, 0)\" class=\"has-inline-color has-kubio-color-3-color\">par ce qui n&rsquo;est point un peuple, Je les irriterai par une nation insens\u00e9e<\/mark>.<\/p>\n\n\n\n<p><strong>Septante<\/strong>&nbsp;: Tu as d\u00e9laiss\u00e9 le Nzambe qui t&rsquo;a fait na\u00eetre, tu as oubli\u00e9 le Nzambe qui t&rsquo;a nourri. <a href=\"https:\/\/saintebible.com\/deuteronomy\/32-19.htm\">19<\/a> Et le Seigneur l&rsquo;a vu et il a \u00e9t\u00e9 jaloux, et il a \u00e9t\u00e9 exasp\u00e9r\u00e9 par la col\u00e8re, car ce sont ses fils et ses filles qui l&rsquo;ont irrit\u00e9. <a href=\"https:\/\/saintebible.com\/deuteronomy\/32-20.htm\">20<\/a> Alors, il a dit\u2009: Je d\u00e9tournerai d&rsquo;eux ma face, et je leur r\u00e9v\u00e8lerai ce qui leur adviendra aux derniers jours, car c&rsquo;est une race pervertie\u2009; ce sont des enfants auxquels on ne peut avoir foi. <a href=\"https:\/\/saintebible.com\/deuteronomy\/32-21.htm\">21<\/a> Ils m&rsquo;ont rendu jaloux contre ce qui n&rsquo;est point Elimo\u2009; ils m&rsquo;ont irrit\u00e9 avec leurs idoles, et moi aussi je les rendrai jaloux <mark style=\"background-color:rgba(0, 0, 0, 0)\" class=\"has-inline-color has-kubio-color-3-color\">contre ce qui n&rsquo;est point encore \u00e0 mes yeux une nation\u2009; je les irriterai par les gr\u00e2ces que j&rsquo;aurai faites \u00e0 une nation maintenant sans intelligence<\/mark>.<\/p>\n\n\n\n<p><strong>Vulgate<\/strong>&nbsp;:<sup>&nbsp;<\/sup>Deum qui te genuit dereliquisti, et oblitus es Domini creatoris tui. <a href=\"https:\/\/saintebible.com\/deuteronomy\/32-19.htm\">19<\/a><sup>&nbsp;<\/sup>Vidit Dominus, et ad iracundiam concitatus est: quia provocaverunt eum filii sui et filiae. <a href=\"https:\/\/saintebible.com\/deuteronomy\/32-20.htm\">20<\/a><sup>&nbsp;<\/sup>Et ait: Abscondam faciem meam ab eis, et considerabo novissima eorum: generatio enim perversa est, et infideles filii. <a href=\"https:\/\/saintebible.com\/deuteronomy\/32-21.htm\">21<\/a><sup>&nbsp;<\/sup>Ipsi me provocaverunt in eo qui non erat Deus, et irritaverunt in vanitatibus suis: et ego provocabo eos <mark style=\"background-color:rgba(0, 0, 0, 0)\" class=\"has-inline-color has-kubio-color-3-color\">in eo qui non est populus, et in gente <strong>stulta<\/strong> irritabo illos<\/mark>.<\/p>\n\n\n\n<p><\/p>\n\n\n<div class=\"wp-block-image\">\n<figure class=\"aligncenter size-full is-resized\"><img loading=\"lazy\" decoding=\"async\" width=\"333\" height=\"164\" src=\"https:\/\/omdmhyd.org\/wp-content\/uploads\/2025\/04\/image-22.png\" alt=\"\" class=\"wp-image-4127\" style=\"width:480px;height:auto\" srcset=\"https:\/\/omdmhyd.org\/wp-content\/uploads\/2025\/04\/image-22.png 333w, https:\/\/omdmhyd.org\/wp-content\/uploads\/2025\/04\/image-22-300x148.png 300w\" sizes=\"(max-width: 333px) 100vw, 333px\" \/><\/figure>\n<\/div>\n\n<div class=\"wp-block-image\">\n<figure class=\"aligncenter size-full is-resized\"><img loading=\"lazy\" decoding=\"async\" width=\"336\" height=\"189\" src=\"https:\/\/omdmhyd.org\/wp-content\/uploads\/2025\/04\/image-23.png\" alt=\"\" class=\"wp-image-4128\" style=\"width:601px;height:auto\" srcset=\"https:\/\/omdmhyd.org\/wp-content\/uploads\/2025\/04\/image-23.png 336w, https:\/\/omdmhyd.org\/wp-content\/uploads\/2025\/04\/image-23-300x169.png 300w\" sizes=\"(max-width: 336px) 100vw, 336px\" \/><\/figure>\n<\/div>\n\n\n<p><strong>Lemaistre de Sacy<\/strong>&nbsp;: <em>Peuple ingrat<\/em>, tu as abandonn\u00e9 le Nzambe qui t\u2019a donn\u00e9 la vie&nbsp;; tu as oubli\u00e9 le Seigneur qui t\u2019a cr\u00e9\u00e9. <a href=\"https:\/\/saintebible.com\/deuteronomy\/32-19.htm\">19<\/a> Le Seigneur l\u2019a vu, et il en a \u00e9t\u00e9 \u00e9mu de col\u00e8re&nbsp;; parce que ce sont ses propres fils et ses propres filles qui l\u2019ont irrit\u00e9. <a href=\"https:\/\/saintebible.com\/deuteronomy\/32-20.htm\">20<\/a> Alors il a dit&nbsp;: Je leur cacherai mon visage, et je consid\u00e9rerai leur fin malheureuse&nbsp;: car ce peuple est une race corrompue, ce sont des enfants infid\u00e8les. <a href=\"https:\/\/saintebible.com\/deuteronomy\/32-21.htm\">21<\/a> Ils m\u2019ont piqu\u00e9 de jalousie, en adorant ceux qui n\u2019\u00e9taient point dieux, et ils m\u2019ont irrit\u00e9 par leurs vanit\u00e9s sacril\u00e8ges. Et moi je les piquerai aussi de jalousie, en <em>aimant<\/em> ceux qui ne forment point un peuple, et je les irriterai <em>en substituant \u00e0 leur place<\/em> une nation insens\u00e9e.<\/p>\n\n\n\n<p>Voici ce que KONGO dit quant \u00e0 la supercherie de ceux qui se font appeler \u00ab&nbsp;juifs&nbsp;\u00bb, IL donne la raison pour laquelle ils sont les premiers et dominent le monde aujourd\u2019hui. KONGO dit bien que ces isra\u00e9liens ne sont l\u00e0 que par sa Volont\u00e9 qui a pour but de punir son Peuple Elu Isolele.<\/p>\n\n\n\n<p>Par ailleurs, cette nation, dit-IL, est une nation sans intelligence. <mark style=\"background-color:rgba(0, 0, 0, 0)\" class=\"has-inline-color has-kubio-color-2-color\">Que veut-IL dire par cela&nbsp;?<\/mark><\/p>\n\n\n\n<p><mark style=\"background-color:rgba(0, 0, 0, 0)\" class=\"has-inline-color has-kubio-color-1-color\">Romains 3, v11-12<\/mark>&nbsp;: Nul n&rsquo;est intelligent, (car) Nul ne cherche KONGO ; <a href=\"https:\/\/saintebible.com\/romans\/3-12.htm\">12<\/a> Tous sont \u00e9gar\u00e9s, tous sont pervertis ; Il n&rsquo;en est aucun qui fasse le bien, Pas m\u00eame un seul ;<\/p>\n\n\n\n<p>L\u2019intelligence n\u2019est pas le fait d\u2019avoir de la connaissance, mais le fait de chercher KONGO de tout son c\u0153ur. Or, ceux qui se font appeler \u00ab&nbsp;juifs&nbsp;\u00bb ne cherchent pas KONGO, dans la mesure o\u00f9 ils trompent toute l\u2019humanit\u00e9, et la V\u00e9rit\u00e9 n\u2019a jamais eu pour base le mensonge.<\/p>\n\n\n\n<p>Un autre point que nous devons \u00e9claircir&nbsp;: ces isra\u00e9liens ou ceux qui se font appeler \u00ab&nbsp;juifs&nbsp;\u00bb pratiquent le juda\u00efsme.<\/p>\n\n\n\n<p><mark style=\"background-color:rgba(0, 0, 0, 0)\" class=\"has-inline-color has-kubio-color-2-color\">Qu\u2019est-ce que le juda\u00efsme&nbsp;?<\/mark><\/p>\n\n\n\n<p>Le juda\u00efsme, l&rsquo;une des plus anciennes religions monoth\u00e9istes du monde, puise ses racines dans une histoire riche et complexe. Pour en comprendre les fondements,<strong> il nous faut remonter aux origines<\/strong>, o\u00f9 se dessinent les premiers contours de cette foi mill\u00e9naire. La tradition juive attribue l&rsquo;apparition du juda\u00efsme \u00e0<strong> Abraham<\/strong><strong>,<\/strong> figure embl\u00e9matique pr\u00e9sent\u00e9e comme <strong>le p\u00e8re fondateur du monoth\u00e9isme<\/strong>. Selon les r\u00e9cits bibliques, Abraham aurait \u00e9t\u00e9 appel\u00e9 par Dieu \u00e0 quitter son lieu de naissance pour suivre une voie spirituelle, promettant la naissance d&rsquo;une grande nation. Ce pacte divin marque le d\u00e9but d&rsquo;une relation particuli\u00e8re entre Dieu et le peuple juif, scellant l&rsquo;alliance \u00e9ternelle qui forme le c\u0153ur de la foi juive.<\/p>\n\n\n<div class=\"wp-block-image\">\n<figure class=\"aligncenter size-full is-resized\"><img loading=\"lazy\" decoding=\"async\" width=\"374\" height=\"111\" src=\"https:\/\/omdmhyd.org\/wp-content\/uploads\/2025\/04\/image-24.png\" alt=\"\" class=\"wp-image-4133\" style=\"width:551px;height:auto\" srcset=\"https:\/\/omdmhyd.org\/wp-content\/uploads\/2025\/04\/image-24.png 374w, https:\/\/omdmhyd.org\/wp-content\/uploads\/2025\/04\/image-24-300x89.png 300w\" sizes=\"(max-width: 374px) 100vw, 374px\" \/><\/figure>\n<\/div>\n\n<div class=\"wp-block-image\">\n<figure class=\"aligncenter size-full is-resized\"><img loading=\"lazy\" decoding=\"async\" width=\"639\" height=\"138\" src=\"https:\/\/omdmhyd.org\/wp-content\/uploads\/2025\/04\/image-25.png\" alt=\"\" class=\"wp-image-4134\" style=\"width:991px;height:auto\" srcset=\"https:\/\/omdmhyd.org\/wp-content\/uploads\/2025\/04\/image-25.png 639w, https:\/\/omdmhyd.org\/wp-content\/uploads\/2025\/04\/image-25-300x65.png 300w, https:\/\/omdmhyd.org\/wp-content\/uploads\/2025\/04\/image-25-600x130.png 600w\" sizes=\"(max-width: 639px) 100vw, 639px\" \/><\/figure>\n<\/div>\n\n\n<p><\/p>\n\n\n\n<p>En somme, le mot juda\u00efsme vient du mot \u00ab&nbsp;juif&nbsp;\u00bb qui renvoie \u00e0 Juda, soit le royaume, soit les descendants de ce 4<sup>\u00e8me<\/sup> fils de Yakaba. Cette religion du juda\u00efsme est identitaire du \u00ab&nbsp;peuple \u00e9lu&nbsp;\u00bb qui colonise J\u00e9rusalem depuis 1948, et a pour origine la \u00ab&nbsp;Torah&nbsp;\u00bb.<\/p>\n\n\n\n<p>Pour bien comprendre les choses, les Isra\u00e9lites n\u2019ont jamais donn\u00e9 naissance \u00e0 une quelconque religion. Deuxio, Juda n\u2019a jamais donn\u00e9 naissance \u00e0 une religion portant son nom, ni son identit\u00e9, et encore moins ses descendants qui auraient donn\u00e9 naissance \u00e0 cela.<\/p>\n\n\n\n<p>Par ailleurs, et ce qui semble invraisemblable, s\u2019il est dit que \u00ab&nbsp;La tradition juive attribue l&rsquo;apparition du juda\u00efsme \u00e0<strong> Abraham\u00a0\u00bb&nbsp;\u00bb&nbsp;: <\/strong><mark style=\"background-color:rgba(0, 0, 0, 0)\" class=\"has-inline-color has-kubio-color-2-color\">comment l\u2019arri\u00e8re grand-p\u00e8re de Juda se serait-il converti \u00e0 la religion de son arri\u00e8re petit-fils&nbsp;?<\/mark><strong> <\/strong><\/p>\n\n\n\n<p>Pour d\u00e9monter la matrice du mensonge, \u00e0 aucun moment dans les Ecritures, m\u00eame le format bible du vatican, on ne parle du juda\u00efsme, le concept de \u00ab\u00a0juda\u00efsme\u00a0\u00bb n&rsquo;a jamais \u00e9t\u00e9 \u00e9voqu\u00e9. Le \u00ab\u00a0juda\u00efsme\u00a0\u00bb est une pure invention. Yissa\u2019Yah Kongo, parlait des traditions humaines qui \u00e9touffent la Kuma de KONGO, mais jamais de juda\u00efsme.<\/p>\n\n\n\n<p><mark style=\"background-color:rgba(0, 0, 0, 0)\" class=\"has-inline-color has-kubio-color-1-color\">Marc (Malako) 7, v8-9&nbsp;<\/mark><strong>: <\/strong>Vous abandonnez le commandement de KONGO, et vous observez la tradition des hommes. <a href=\"https:\/\/saintebible.com\/mark\/7-9.htm\">9<\/a> Il leur dit encore: Vous an\u00e9antissez fort bien le commandement de KONGO, pour garder votre tradition.<\/p>\n\n\n\n<p>On ne parle pas de juda\u00efsme, ni de talmud. Yissa\u2019Yah Kongo, parle des traditions humaines des Jud\u00e9ens (ou Bakongo) qui mettaient de c\u00f4t\u00e9 la Kuma. Et il y a plusieurs exemples de ces traditions humaines des Jud\u00e9ens que l\u2019on retrouve au-del\u00e0 des fleuves de Kusch en Afrique centrale et de l\u2019ouest.<\/p>\n\n\n\n<p>Autre contradiction, on dit que le juda\u00efsme a pour texte fondateur la \u00ab&nbsp;torah&nbsp;\u00bb compos\u00e9e de 5 livres. Mais en r\u00e9alit\u00e9, ce qu\u2019ils appellent \u00ab&nbsp;torah&nbsp;\u00bb dont le vrai nom est \u00ab&nbsp;Toli&nbsp;\u00bb (Loi, recommandation, conseil) comporte plus de 100 livres, voir 200, et ne donne toujours pas lieu \u00e0 la naissance d\u2019un courant religieux venu des Isra\u00e9lites.<\/p>\n\n\n\n<p>Mais si l\u2019on remonte au d\u00e9but du th\u00e8me, il est bien dit que les juifs ashk\u00e9nazes et s\u00e9farades, principaux groupes de cet \u00e9tat, basent leur religion sur le Talmud. Le talmud est le livre \u00e9sot\u00e9rique occulte du royaume kuscito-kamite&nbsp; de Babylone. Que l\u2019on parle du talmud de Babylone ou de celui de J\u00e9rusalem, c\u2019est toujours le Talmud. Ceux qui se font appeler \u00ab&nbsp;juifs&nbsp;\u00bb se sont convertis au Talmud, et non au juda\u00efsme qui n\u2019existe pas, sauf dans l\u2019imaginaire \u00ab&nbsp;d\u2019un peuple sans intelligence&nbsp;\u00bb.<\/p>\n\n\n\n<p><\/p>\n\n\n<div class=\"wp-block-image\">\n<figure class=\"aligncenter size-full is-resized\"><img loading=\"lazy\" decoding=\"async\" width=\"540\" height=\"397\" src=\"https:\/\/omdmhyd.org\/wp-content\/uploads\/2025\/04\/image-26.png\" alt=\"\" class=\"wp-image-4135\" style=\"width:890px;height:auto\" srcset=\"https:\/\/omdmhyd.org\/wp-content\/uploads\/2025\/04\/image-26.png 540w, https:\/\/omdmhyd.org\/wp-content\/uploads\/2025\/04\/image-26-300x221.png 300w\" sizes=\"(max-width: 540px) 100vw, 540px\" \/><\/figure>\n<\/div>\n\n\n<p>Contrairement \u00e0 ce qui est dit, le Talmud est un livre \u00e9sot\u00e9rique occulte appartenant \u00e0 la religion de Babylone, du temps de Nimrod, puis N\u00e9bucadnetsar. Les babyloniens avaient pour divinit\u00e9 un grand poisson nomm\u00e9 dagon, et d\u2019autres encore, comme celui cit\u00e9 dans <mark style=\"background-color:rgba(0, 0, 0, 0)\" class=\"has-inline-color has-kubio-color-1-color\">Daniel (Ndani\u2019Yela) 14, v23 et 27<\/mark>&nbsp;: &nbsp;Il y avait aussi un grand dragon, et les Babyloniens le v\u00e9n\u00e9raient. [\u2026]Alors Daniel prit de la poix, de la graisse et des poils, fit bouillir le tout ensemble et en fit des boules qu&rsquo;il jeta dans la gueule du dragon. Et le dragon creva. Et il dit &lsquo;Voil\u00e0 celui que vous v\u00e9n\u00e9riez\u2009!&rsquo;<\/p>\n\n\n\n<p>Autre grande contradiction de ce peuple sans intelligence&nbsp;: ils appellent les \u00e9trangers (selon eux) \u00e0 se convertir au juda\u00efsme (plut\u00f4t au talmud), ainsi, ces n\u00e9ophytes deviennent \u00ab&nbsp;juifs&nbsp;\u00bb. Donc, ces n\u00e9o-juifs font partie de cette nation \u00ab&nbsp;juive&nbsp;\u00bb, et donc tout ce qui s\u2019en suit. Mais, et l\u00e0 il y a un grand MAIS, un homme est Isra\u00e9lite uniquement par g\u00e9n\u00e9alogie, et non par conversion. C\u2019est le sang qui donne la lign\u00e9e, et non la religion, ni la foi. Un homme peut \u00eatre fran\u00e7ais, espagnol, br\u00e9silien en se faisant naturaliser, ce qui est vrai, mais il n\u2019en demeure pas moins un naturalis\u00e9 et non un autochtone ou un naturel. M\u00eame si un chimpanz\u00e9 imite Tarzan, il n\u2019en demeure pas moins qu\u2019il est toujours un chimpanz\u00e9. Ceci est une question de g\u00e9n\u00e9alogie. Comme nous l\u2019avons vu plus haut, ceux qui se font appeler \u00ab&nbsp;juifs&nbsp;\u00bb ne sont pas s\u00e9mites du tout, donc ils ne sont pas Isra\u00e9lites. C\u2019est un peuple qui a usurp\u00e9 l\u2019identit\u00e9 du v\u00e9ritable Peuple Elu Isolele. Et donc, leur position \u00e9conomique-financi\u00e8re-militaire, leur g\u00e9olocalisation, leur identit\u00e9, leur religion et spiritualit\u00e9, tout cela est donn\u00e9 dans les Ecritures.<\/p>\n\n\n\n<p><mark style=\"background-color:rgba(0, 0, 0, 0)\" class=\"has-inline-color has-kubio-color-1-color\">Ez\u00e9chiel 36, v3-5&nbsp;: 3 <\/mark>proph\u00e9tisez et dites&nbsp;: Voici ce que dit le Seigneur Dieu&nbsp;: <em>Vous, montagnes<\/em>, parce que vous avez \u00e9t\u00e9 d\u00e9sol\u00e9es, que vous avez \u00e9t\u00e9 foul\u00e9es aux pieds de tous les passants, que vous avez \u00e9t\u00e9 l\u2019h\u00e9ritage des autres nations, que vous \u00eates devenues la fable et l\u2019objet des railleries de tous les peuples&nbsp;; <mark style=\"background-color:rgba(0, 0, 0, 0)\" class=\"has-inline-color has-kubio-color-1-color\">4<\/mark> parce, <em>dis-je,<\/em> que vous avez \u00e9t\u00e9 trait\u00e9es de la sorte, montagnes d\u2019Isra\u00ebl, \u00e9coutez la parole du Seigneur Dieu&nbsp;: Voici ce que dit le Seigneur Dieu, aux montagnes, aux collines, aux torrents, aux vall\u00e9es, aux d\u00e9serts, aux maisons ruin\u00e9es, et aux villes d\u00e9sertes, qui ont \u00e9t\u00e9 d\u00e9peupl\u00e9es et d\u00e9chir\u00e9es de toutes parts par les railleries des autres peuples. <mark style=\"background-color:rgba(0, 0, 0, 0)\" class=\"has-inline-color has-kubio-color-1-color\">5<\/mark> Voici donc ce que dit le Seigneur Dieu&nbsp;: Comme j\u2019ai parl\u00e9 dans l\u2019ardeur de ma col\u00e8re contre les autres peuples, et contre tous les Edomites, qui se sont empar\u00e9s de la terre qui \u00e9tait \u00e0 moi, dans toute la joie de leur \u00e2me, et de tout leur c\u0153ur, pour en faire leur h\u00e9ritage, et qui en ont chass\u00e9 les habitants pour la ravager <em>et<\/em> pour la d\u00e9truire.<\/p>\n\n\n\n<p><\/p>\n\n\n<div class=\"wp-block-image\">\n<figure class=\"aligncenter size-full is-resized\"><img loading=\"lazy\" decoding=\"async\" width=\"689\" height=\"342\" src=\"https:\/\/omdmhyd.org\/wp-content\/uploads\/2025\/04\/image-27.png\" alt=\"\" class=\"wp-image-4137\" style=\"width:1060px;height:auto\" srcset=\"https:\/\/omdmhyd.org\/wp-content\/uploads\/2025\/04\/image-27.png 689w, https:\/\/omdmhyd.org\/wp-content\/uploads\/2025\/04\/image-27-300x149.png 300w, https:\/\/omdmhyd.org\/wp-content\/uploads\/2025\/04\/image-27-600x298.png 600w\" sizes=\"(max-width: 689px) 100vw, 689px\" \/><\/figure>\n<\/div>\n\n\n<p><\/p>\n\n\n<div class=\"wp-block-image\">\n<figure class=\"aligncenter size-full is-resized\"><img loading=\"lazy\" decoding=\"async\" width=\"347\" height=\"415\" src=\"https:\/\/omdmhyd.org\/wp-content\/uploads\/2025\/04\/image-28.png\" alt=\"\" class=\"wp-image-4139\" style=\"width:435px;height:auto\" srcset=\"https:\/\/omdmhyd.org\/wp-content\/uploads\/2025\/04\/image-28.png 347w, https:\/\/omdmhyd.org\/wp-content\/uploads\/2025\/04\/image-28-251x300.png 251w\" sizes=\"(max-width: 347px) 100vw, 347px\" \/><\/figure>\n<\/div>\n\n<div class=\"wp-block-image\">\n<figure class=\"aligncenter size-full is-resized\"><img loading=\"lazy\" decoding=\"async\" width=\"348\" height=\"101\" src=\"https:\/\/omdmhyd.org\/wp-content\/uploads\/2025\/04\/image-29.png\" alt=\"\" class=\"wp-image-4140\" style=\"width:416px;height:auto\" srcset=\"https:\/\/omdmhyd.org\/wp-content\/uploads\/2025\/04\/image-29.png 348w, https:\/\/omdmhyd.org\/wp-content\/uploads\/2025\/04\/image-29-300x87.png 300w\" sizes=\"(max-width: 348px) 100vw, 348px\" \/><\/figure>\n<\/div>\n\n<div class=\"wp-block-image\">\n<figure class=\"aligncenter size-full is-resized\"><img loading=\"lazy\" decoding=\"async\" width=\"579\" height=\"297\" src=\"https:\/\/omdmhyd.org\/wp-content\/uploads\/2025\/04\/image-30.png\" alt=\"\" class=\"wp-image-4142\" style=\"width:751px;height:auto\" srcset=\"https:\/\/omdmhyd.org\/wp-content\/uploads\/2025\/04\/image-30.png 579w, https:\/\/omdmhyd.org\/wp-content\/uploads\/2025\/04\/image-30-300x154.png 300w\" sizes=\"(max-width: 579px) 100vw, 579px\" \/><\/figure>\n<\/div>\n\n\n<p><\/p>\n\n\n\n<p><mark style=\"background-color:rgba(0, 0, 0, 0)\" class=\"has-inline-color has-kubio-color-2-color\">De qui parle-t-on quand KONGO dit les autres peuples et les \u00e9domites&nbsp;? <\/mark>Ceux qui sont cit\u00e9s pr\u00e9c\u00e9demment&nbsp;(ashk\u00e9nazes, s\u00e9farades, falashas, berb\u00e8res juifs), et les \u00e9domites (occidentaux).<\/p>\n\n\n\n<p><mark style=\"background-color:rgba(0, 0, 0, 0)\" class=\"has-inline-color has-kubio-color-1-color\">Esa\u00efe (Yissa\u2019Yah) 26, v 10<\/mark>&nbsp;: Si l&rsquo;on fait gr\u00e2ce au m\u00e9chant, il n&rsquo;apprend pas la justice, Il se livre au mal dans le pays de la droiture, Et il n&rsquo;a point \u00e9gard \u00e0 la majest\u00e9 de KONGO.<\/p>\n\n\n\n<p><strong>Lemaistre de Sacy<\/strong>&nbsp;: Faisons gr\u00e2ce \u00e0 l\u2019impie, et il n\u2019apprendra point \u00e0 \u00eatre juste&nbsp;: il a fait des actions injustes dans la terre des saints&nbsp;; il ne verra point la majest\u00e9 du Seigneur.<\/p>\n\n\n\n<p><mark style=\"background-color:rgba(0, 0, 0, 0)\" class=\"has-inline-color has-kubio-color-2-color\">Que font-ils sur la terre Sainte de ELIMO KONGO&nbsp;?<\/mark> Ils se livrent au mal, ils pratiquent l\u2019injustice sur cette terre qu\u2019ils connaissent appartenir au v\u00e9ritable Peuple Elu Isolele, ils mentent aux nations en se faisant passer pour le peuple \u00e9lu, ils se livrent aux abominations sexuelles (gay pride, homosexualit\u00e9, \u2026), ils m\u00e9prisent ceux qui ne sont pas comme eux, ils cherchent \u00e0 \u00e9radiquer le v\u00e9ritable Peuple Elu Isolele (\u00e9bola, sida, covid, g\u00e9nocides de masse, empoisonnements, paup\u00e9risation, \u2026), ils insultent le nom d\u2019ELIMO KONGO tous les jours.<\/p>\n\n\n<div class=\"wp-block-image\">\n<figure class=\"aligncenter size-full is-resized\"><img loading=\"lazy\" decoding=\"async\" width=\"227\" height=\"138\" src=\"https:\/\/omdmhyd.org\/wp-content\/uploads\/2025\/04\/image-31.png\" alt=\"\" class=\"wp-image-4145\" style=\"width:334px;height:auto\"\/><\/figure>\n<\/div>\n\n<div class=\"wp-block-image\">\n<figure class=\"aligncenter size-full is-resized\"><img loading=\"lazy\" decoding=\"async\" width=\"205\" height=\"138\" src=\"https:\/\/omdmhyd.org\/wp-content\/uploads\/2025\/04\/image-32.png\" alt=\"\" class=\"wp-image-4146\" style=\"width:333px;height:auto\"\/><\/figure>\n<\/div>\n\n<div class=\"wp-block-image\">\n<figure class=\"aligncenter size-full is-resized\"><img loading=\"lazy\" decoding=\"async\" width=\"234\" height=\"134\" src=\"https:\/\/omdmhyd.org\/wp-content\/uploads\/2025\/04\/image-33.png\" alt=\"\" class=\"wp-image-4147\" style=\"width:337px;height:auto\"\/><\/figure>\n<\/div>\n\n\n<p><\/p>\n\n\n\n<p><mark style=\"background-color:rgba(0, 0, 0, 0)\" class=\"has-inline-color has-kubio-color-1-color\">Apocalypse 2 et 3, v9<\/mark>&nbsp;: JE connais ta tribulation (Isolele) et ta pauvret\u00e9 (Isolele) bien que tu sois riche (Isolele), et les calomnies de la part de ceux qui se disent Jud\u00e9ens et ne le sont pas (juifs isra\u00e9liens), mais qui sont une synagogue (loge) du Satan.<\/p>\n\n\n\n<p>&nbsp;&nbsp;&nbsp;&nbsp;&nbsp;&nbsp;&nbsp;&nbsp;&nbsp;&nbsp;&nbsp;&nbsp;&nbsp;&nbsp;&nbsp;&nbsp;&nbsp;&nbsp;&nbsp;&nbsp;&nbsp;&nbsp;&nbsp;&nbsp;&nbsp;&nbsp;&nbsp;&nbsp;&nbsp;&nbsp;&nbsp;&nbsp;&nbsp;&nbsp;&nbsp;&nbsp;&nbsp;&nbsp;&nbsp;&nbsp;&nbsp;&nbsp;&nbsp;&nbsp;&nbsp;&nbsp;&nbsp; Voici, JE te (Isolele) donne de ceux de la synagogue du Satan (juifs isra\u00e9liens), qui se disent Jud\u00e9ens et ne le sont pas, mais qui mentent; voici, JE les ferai venir, se prosterner \u00e0 tes pieds, et conna\u00eetre que JE t&rsquo;aime.<\/p>\n\n\n\n<p>\u2022 Penchons-nous davantage sur les ashk\u00e9nazes qui forment le groupe majoritaire de l\u2019\u00e9tat d\u2019Isra\u00ebl, et sur leur pr\u00e9sence \u00e0 J\u00e9rusalem.<\/p>\n\n\n\n<p><mark style=\"background-color:rgba(var(--kubio-color-3), 1)\" class=\"has-inline-color\">Vid\u00e9o&nbsp;1<\/mark> : \u00ab&nbsp;Les ricochets de l\u2019Histoire&nbsp;\u00bb<\/p>\n\n\n\n<p><\/p>\n\n\n\n<figure class=\"wp-block-embed is-provider-youtube wp-block-embed-youtube\"><div class=\"wp-block-embed__wrapper\">\n<iframe loading=\"lazy\" title=\"ricochets_khazukraine\" width=\"640\" height=\"360\" src=\"https:\/\/www.youtube.com\/embed\/9BlORfJPols?feature=oembed\" frameborder=\"0\" allow=\"accelerometer; autoplay; clipboard-write; encrypted-media; gyroscope; picture-in-picture; web-share\" referrerpolicy=\"strict-origin-when-cross-origin\" allowfullscreen><\/iframe>\n<\/div><\/figure>\n\n\n\n<p><\/p>\n\n\n\n<p><\/p>\n\n\n\n<p><mark style=\"background-color:rgba(var(--kubio-color-3), 1)\" class=\"has-inline-color\">Vid\u00e9o&nbsp;2<\/mark> : \u00ab&nbsp;Shoking, these are not\u2026&nbsp;\u00bb<\/p>\n\n\n\n<p><\/p>\n\n\n\n<figure class=\"wp-block-embed aligncenter is-type-video is-provider-youtube wp-block-embed-youtube wp-embed-aspect-16-9 wp-has-aspect-ratio\"><div class=\"wp-block-embed__wrapper\">\n<iframe loading=\"lazy\" title=\"SHOCKING These are Not Jews But they are khazars\" width=\"640\" height=\"360\" src=\"https:\/\/www.youtube.com\/embed\/4VXXJDVsl0o?feature=oembed\" frameborder=\"0\" allow=\"accelerometer; autoplay; clipboard-write; encrypted-media; gyroscope; picture-in-picture; web-share\" referrerpolicy=\"strict-origin-when-cross-origin\" allowfullscreen><\/iframe>\n<\/div><\/figure>\n\n\n\n<p><\/p>\n\n\n\n<p>R\u00e9sum\u00e9 pour la <mark style=\"background-color:rgba(var(--kubio-color-3), 1)\" class=\"has-inline-color\">Vid\u00e9o 2<\/mark> qui est en anglais sans sous-titrage fran\u00e7ais&nbsp;:<\/p>\n\n\n\n<p><\/p>\n\n\n\n<p><\/p>\n\n\n<div class=\"wp-block-image\">\n<figure class=\"alignleft size-full is-resized\"><img loading=\"lazy\" decoding=\"async\" width=\"85\" height=\"127\" src=\"https:\/\/omdmhyd.org\/wp-content\/uploads\/2025\/04\/image-34.png\" alt=\"\" class=\"wp-image-4151\" style=\"width:143px;height:auto\"\/><\/figure>\n<\/div>\n\n\n<p>Benjamin H Freedman, un juif qui \u00e9crit sur les juifs, r\u00e9v\u00e8le une histoire int\u00e9ressante. Il d\u00e9clare que les juifs actuels en Palestine ne sont pas les descendants des Jud\u00e9ens, mais sont plut\u00f4t des descendants des Khazars. Il atteste que le mot \u00ab&nbsp;juif&nbsp;\u00bb a \u00e9t\u00e9 introduit dans la langue anglaise au 18<sup>\u00e8me<\/sup> si\u00e8cle, et que J\u00e9sus (vrai nom&nbsp;: Yissa\u2019Yah Kongo) se r\u00e9f\u00e9rait lui-m\u00eame comme \u00e9tant un Jud\u00e9en et non comme un \u00ab&nbsp;juif&nbsp;\u00bb.&nbsp;Les mots inscrits sur l\u2019\u00e9criteau en bois (<mark style=\"background-color:rgba(0, 0, 0, 0)\" class=\"has-inline-color has-kubio-color-1-color\">Jean 19, v19-20<\/mark>) \u00e9taient des mots en latin \u00ab&nbsp;Iesus Nazarenus Rex Iudeorum&nbsp;\u00bb qui signifie&nbsp;: j\u00e9sus de nazareth souverain des jud\u00e9ens. Concernant l\u2019origine des \u00ab&nbsp;juifs&nbsp;\u00bb actuels en Palestine, il d\u00e9clare que ces gens-l\u00e0 d\u00e9riv\u00e9s de l\u2019Europe de l\u2019Est (depuis la Russie, la Bulgarie, l\u2019Ukraine) ne sont pas descendants des Jud\u00e9ens ou des 12 tribus d\u2019Isra\u00ebl, mais plut\u00f4t les descendants des Khazars, une nation dont la majorit\u00e9 des gens n\u2019a jamais entendu parler. Beaucoup des juifs qui vivent dans l\u2019\u00e9tat d\u2019Isra\u00ebl viennent d\u2019Europe de l\u2019Est. Il \u00e9crit&nbsp;: \u00ab&nbsp;Ces soi-disant appel\u00e9s ou autoproclam\u00e9s \u00ab&nbsp;juifs&nbsp;\u00bb de l\u2019Europe de l\u2019Est dans l\u2019Histoire moderne ne peuvent pas l\u00e9gitimement pointer vers un seul anc\u00eatre ancien qui n\u2019a jamais mis les pieds sur le sol de Palestine durant l\u2019\u00e8re de l\u2019Histoire de la Bible. Une \u00e9tude a \u00e9galement r\u00e9v\u00e9l\u00e9 que ces soi-disant appel\u00e9s ou autoproclam\u00e9s \u00ab&nbsp;juifs&nbsp;\u00bb de l\u2019Europe de l\u2019Est n\u2019ont jamais \u00e9t\u00e9 s\u00e9mites, ne sont pas les s\u00e9mites de maintenant, et ne peuvent \u00eatre consid\u00e9r\u00e9s comme s\u00e9mites \u00e0 tout moment futur par un quelconque effort d\u2019imagination.<\/p>\n\n\n\n<p><mark style=\"background-color:rgba(0, 0, 0, 0)\" class=\"has-inline-color has-kubio-color-2-color\">Quel myst\u00e9rieux pouvoir a \u00e9t\u00e9 capable pour d\u2019innombrables g\u00e9n\u00e9rations de garder l\u2019origine et l\u2019Histoire des khazars et du royaume khazar hors des manuels scolaires d\u2019Histoire&nbsp;?<\/mark><\/p>\n\n\n<div class=\"wp-block-image\">\n<figure class=\"alignleft size-full is-resized\"><img loading=\"lazy\" decoding=\"async\" width=\"252\" height=\"192\" src=\"https:\/\/omdmhyd.org\/wp-content\/uploads\/2025\/04\/image-36.png\" alt=\"\" class=\"wp-image-4154\" style=\"width:321px;height:auto\"\/><\/figure>\n<\/div>\n\n<div class=\"wp-block-image\">\n<figure class=\"alignleft size-full is-resized\"><img loading=\"lazy\" decoding=\"async\" width=\"212\" height=\"180\" src=\"https:\/\/omdmhyd.org\/wp-content\/uploads\/2025\/04\/image-35.png\" alt=\"\" class=\"wp-image-4153\" style=\"width:356px;height:auto\"\/><\/figure>\n<\/div>\n\n<div class=\"wp-block-image\">\n<figure class=\"alignright size-full is-resized\"><img loading=\"lazy\" decoding=\"async\" width=\"226\" height=\"208\" src=\"https:\/\/omdmhyd.org\/wp-content\/uploads\/2025\/04\/image-37.png\" alt=\"\" class=\"wp-image-4155\" style=\"width:314px;height:auto\"\/><\/figure>\n<\/div>\n\n\n<p><\/p>\n\n\n\n<p><\/p>\n\n\n\n<p>Voici ce que fut le royaume khazar&nbsp;: ici la Mer Noire, l\u2019empire Byzantin en bas. Le royaume khazar \u00e9tait vaste. Et si on reprend une carte actuelle, on constate que ce royaume khazar a fait place \u00e0 l\u2019Ukraine.<\/p>\n\n\n\n<p>Les khazars \u00e9taient une nation asiatique (ou japh\u00e9tite) qui s\u2019est convertie au juda\u00efsme talmudique, et a conquis une vaste portion de l\u2019Europe de l\u2019Est, qui par la suite a \u00e9t\u00e9 conquise par la Russie Tsarine au milieu des 10<sup>\u00e8me<\/sup> et 13<sup>\u00e8me<\/sup> si\u00e8cles. [Encyclop\u00e9die juive].<\/p>\n\n\n\n<p>Benjamin H Freedman \u00e9crit qu\u2019apr\u00e8s une session historique avec les repr\u00e9sentants des 3 religions monoth\u00e9istes (christianisme, islam, juda\u00efsme), le roi Bulan (7<sup>\u00e8me<\/sup> si\u00e8cle) a d\u00e9cid\u00e9 de choisir, contre le christianisme et l\u2019islam, ce qui allait devenir la future religion d\u2019\u00e9tat le culte religieux connu auparavant sous le nom de \u00ab&nbsp;Talmudisme&nbsp;\u00bb, et qui est maintenant pratiqu\u00e9 comme \u00e9tant le juda\u00efsme.<\/p>\n\n\n\n<p><\/p>\n\n\n<div class=\"wp-block-image\">\n<figure class=\"alignleft size-full is-resized\"><img loading=\"lazy\" decoding=\"async\" width=\"209\" height=\"334\" src=\"https:\/\/omdmhyd.org\/wp-content\/uploads\/2025\/04\/image-38.png\" alt=\"\" class=\"wp-image-4157\" style=\"width:343px;height:auto\" srcset=\"https:\/\/omdmhyd.org\/wp-content\/uploads\/2025\/04\/image-38.png 209w, https:\/\/omdmhyd.org\/wp-content\/uploads\/2025\/04\/image-38-188x300.png 188w\" sizes=\"(max-width: 209px) 100vw, 209px\" \/><\/figure>\n<\/div>\n\n\n<p><\/p>\n\n\n<div class=\"wp-block-image\">\n<figure class=\"aligncenter size-full is-resized\"><img loading=\"lazy\" decoding=\"async\" width=\"336\" height=\"204\" src=\"https:\/\/omdmhyd.org\/wp-content\/uploads\/2025\/04\/image-39.png\" alt=\"\" class=\"wp-image-4158\" style=\"width:618px;height:auto\" srcset=\"https:\/\/omdmhyd.org\/wp-content\/uploads\/2025\/04\/image-39.png 336w, https:\/\/omdmhyd.org\/wp-content\/uploads\/2025\/04\/image-39-300x182.png 300w, https:\/\/omdmhyd.org\/wp-content\/uploads\/2025\/04\/image-39-240x145.png 240w\" sizes=\"(max-width: 336px) 100vw, 336px\" \/><\/figure>\n<\/div>\n\n\n<p><\/p>\n\n\n\n<p><\/p>\n\n\n\n<p><\/p>\n\n\n\n<p><mark style=\"background-color:rgba(var(--kubio-color-3), 1)\" class=\"has-inline-color\">Vid\u00e9o 3_snap Tik (x 8)<\/mark><\/p>\n\n\n\n<h2 class=\"wp-block-heading has-text-align-center\"><strong>PEUPLE K<\/strong> <strong>1<\/strong><\/h2>\n\n\n\n<figure class=\"wp-block-embed aligncenter is-type-video is-provider-youtube wp-block-embed-youtube wp-embed-aspect-16-9 wp-has-aspect-ratio\"><div class=\"wp-block-embed__wrapper\">\n<iframe loading=\"lazy\" title=\"peupleK 1\" width=\"540\" height=\"960\" src=\"https:\/\/www.youtube.com\/embed\/vgZtRUqi-8o?feature=oembed\" frameborder=\"0\" allow=\"accelerometer; autoplay; clipboard-write; encrypted-media; gyroscope; picture-in-picture; web-share\" referrerpolicy=\"strict-origin-when-cross-origin\" allowfullscreen><\/iframe>\n<\/div><\/figure>\n\n\n\n<p><\/p>\n\n\n\n<p><\/p>\n\n\n\n<p><\/p>\n\n\n\n<h2 class=\"wp-block-heading has-text-align-center\"><strong>PEUPLE K 2<\/strong><\/h2>\n\n\n\n<p><\/p>\n\n\n\n<figure class=\"wp-block-embed aligncenter is-type-video is-provider-youtube wp-block-embed-youtube wp-embed-aspect-16-9 wp-has-aspect-ratio\"><div class=\"wp-block-embed__wrapper\">\n<iframe loading=\"lazy\" title=\"peupleK 2\" width=\"540\" height=\"960\" src=\"https:\/\/www.youtube.com\/embed\/ycfCuUPJ9pM?feature=oembed\" frameborder=\"0\" allow=\"accelerometer; autoplay; clipboard-write; encrypted-media; gyroscope; picture-in-picture; web-share\" referrerpolicy=\"strict-origin-when-cross-origin\" allowfullscreen><\/iframe>\n<\/div><\/figure>\n\n\n\n<p><\/p>\n\n\n\n<h2 class=\"wp-block-heading has-text-align-center\"><strong>PEUPLE K<\/strong> <strong>3<\/strong><\/h2>\n\n\n\n<p><\/p>\n\n\n\n<figure class=\"wp-block-embed aligncenter is-type-video is-provider-youtube wp-block-embed-youtube wp-embed-aspect-16-9 wp-has-aspect-ratio\"><div class=\"wp-block-embed__wrapper\">\n<iframe loading=\"lazy\" title=\"peupleK 3\" width=\"540\" height=\"960\" src=\"https:\/\/www.youtube.com\/embed\/HBD3M87Pdno?feature=oembed\" frameborder=\"0\" allow=\"accelerometer; autoplay; clipboard-write; encrypted-media; gyroscope; picture-in-picture; web-share\" referrerpolicy=\"strict-origin-when-cross-origin\" allowfullscreen><\/iframe>\n<\/div><\/figure>\n\n\n\n<p><\/p>\n\n\n\n<p><\/p>\n\n\n\n<h2 class=\"wp-block-heading has-text-align-center\"><strong>PEUPLE K 4<\/strong><\/h2>\n\n\n\n<p><\/p>\n\n\n\n<figure class=\"wp-block-embed aligncenter is-type-video is-provider-youtube wp-block-embed-youtube wp-embed-aspect-16-9 wp-has-aspect-ratio\"><div class=\"wp-block-embed__wrapper\">\n<iframe loading=\"lazy\" title=\"peupleK 4\" width=\"640\" height=\"360\" src=\"https:\/\/www.youtube.com\/embed\/LMLG8ox21x0?feature=oembed\" frameborder=\"0\" allow=\"accelerometer; autoplay; clipboard-write; encrypted-media; gyroscope; picture-in-picture; web-share\" referrerpolicy=\"strict-origin-when-cross-origin\" allowfullscreen><\/iframe>\n<\/div><\/figure>\n\n\n\n<p><\/p>\n\n\n\n<p><\/p>\n\n\n\n<h2 class=\"wp-block-heading has-text-align-center\"><strong>PEUPLE K 5<\/strong><\/h2>\n\n\n\n<figure class=\"wp-block-embed aligncenter is-type-video is-provider-youtube wp-block-embed-youtube wp-embed-aspect-16-9 wp-has-aspect-ratio\"><div class=\"wp-block-embed__wrapper\">\n<iframe loading=\"lazy\" title=\"peupleK 5\" width=\"640\" height=\"360\" src=\"https:\/\/www.youtube.com\/embed\/7tPjE_mpKpA?feature=oembed\" frameborder=\"0\" allow=\"accelerometer; autoplay; clipboard-write; encrypted-media; gyroscope; picture-in-picture; web-share\" referrerpolicy=\"strict-origin-when-cross-origin\" allowfullscreen><\/iframe>\n<\/div><\/figure>\n\n\n\n<p><\/p>\n\n\n\n<p><\/p>\n\n\n\n<h2 class=\"wp-block-heading has-text-align-center\"><strong>PEUPLE K 6<\/strong><\/h2>\n\n\n\n<p><\/p>\n\n\n\n<figure class=\"wp-block-embed aligncenter is-type-video is-provider-youtube wp-block-embed-youtube wp-embed-aspect-16-9 wp-has-aspect-ratio\"><div class=\"wp-block-embed__wrapper\">\n<iframe loading=\"lazy\" title=\"peupleK 6\" width=\"640\" height=\"360\" src=\"https:\/\/www.youtube.com\/embed\/uzvsJazCLxI?feature=oembed\" frameborder=\"0\" allow=\"accelerometer; autoplay; clipboard-write; encrypted-media; gyroscope; picture-in-picture; web-share\" referrerpolicy=\"strict-origin-when-cross-origin\" allowfullscreen><\/iframe>\n<\/div><\/figure>\n\n\n\n<p><\/p>\n\n\n\n<p><\/p>\n\n\n\n<h2 class=\"wp-block-heading has-text-align-center\"><strong>PEUPLE K 7<\/strong><\/h2>\n\n\n\n<p><\/p>\n\n\n\n<figure class=\"wp-block-embed aligncenter is-type-video is-provider-youtube wp-block-embed-youtube wp-embed-aspect-16-9 wp-has-aspect-ratio\"><div class=\"wp-block-embed__wrapper\">\n<iframe loading=\"lazy\" title=\"peupleK 7\" width=\"640\" height=\"360\" src=\"https:\/\/www.youtube.com\/embed\/uIdJLg9aTX0?feature=oembed\" frameborder=\"0\" allow=\"accelerometer; autoplay; clipboard-write; encrypted-media; gyroscope; picture-in-picture; web-share\" referrerpolicy=\"strict-origin-when-cross-origin\" allowfullscreen><\/iframe>\n<\/div><\/figure>\n\n\n\n<p><\/p>\n\n\n\n<p><\/p>\n\n\n\n<h2 class=\"wp-block-heading has-text-align-center\"><strong>PEUPLE K 8<\/strong><\/h2>\n\n\n\n<p><\/p>\n\n\n\n<figure class=\"wp-block-embed aligncenter is-type-video is-provider-youtube wp-block-embed-youtube wp-embed-aspect-4-3 wp-has-aspect-ratio\"><div class=\"wp-block-embed__wrapper\">\n<iframe loading=\"lazy\" title=\"peupleK 8\" width=\"540\" height=\"960\" src=\"https:\/\/www.youtube.com\/embed\/txbNrpkkBlo?feature=oembed\" frameborder=\"0\" allow=\"accelerometer; autoplay; clipboard-write; encrypted-media; gyroscope; picture-in-picture; web-share\" referrerpolicy=\"strict-origin-when-cross-origin\" allowfullscreen><\/iframe>\n<\/div><\/figure>\n\n\n\n<p><\/p>\n\n\n\n<p>Les khazars ont adopt\u00e9 l\u2019alphabet appel\u00e9 \u00ab&nbsp;h\u00e9breu&nbsp;\u00bb (qui n\u2019est autre que l\u2019aram\u00e9en&nbsp;: \u00e9criture s\u00e9mite non h\u00e9bra\u00efque) auquel ils ont impos\u00e9 leur langue \u00ab&nbsp;yiddish&nbsp;\u00bb, aux exigences issues du Turc, de l\u2019Allemand, du Slave (Russe).<\/p>\n\n\n<div class=\"wp-block-image\">\n<figure class=\"alignleft size-full is-resized\"><img loading=\"lazy\" decoding=\"async\" width=\"167\" height=\"207\" src=\"https:\/\/omdmhyd.org\/wp-content\/uploads\/2025\/04\/image-40.png\" alt=\"\" class=\"wp-image-4164\" style=\"width:289px;height:auto\"\/><\/figure>\n<\/div>\n\n\n<p>extrait du Talmud \u00e9crit en aram\u00e9en.<\/p>\n\n\n\n<p><\/p>\n\n\n\n<p><\/p>\n\n\n\n<p><\/p>\n\n\n\n<p><\/p>\n\n\n\n<p><\/p>\n\n\n\n<p><\/p>\n\n\n\n<p><\/p>\n\n\n\n<p>Une nation a chang\u00e9 de syst\u00e8me graphique pour adopter une autre, tout en imposant sa langue et sa linguistique.<\/p>\n\n\n\n<p>En <a href=\"https:\/\/fr.wikipedia.org\/wiki\/Turquie\">Turquie<\/a>, la r\u00e9forme s&rsquo;inscrit dans le processus de construction d&rsquo;un <a href=\"https:\/\/fr.wikipedia.org\/wiki\/%C3%89tat-nation\">\u00e9tat-nation<\/a> turc apr\u00e8s la chute de l&rsquo;<a href=\"https:\/\/fr.wikipedia.org\/wiki\/Empire_ottoman\">Empire ottoman<\/a> (apr\u00e8s la 1<sup>\u00e8re<\/sup> guerre mondiale). Le mouvement nationaliste turc cherche \u00e0 b\u00e2tir un \u00e9tat tourn\u00e9 vers l&rsquo;<a href=\"https:\/\/fr.wikipedia.org\/wiki\/Occident\">Occident<\/a>.<\/p>\n\n\n\n<p>La <strong>r\u00e9volution des signes<\/strong> (<em>Harf Devrimi<\/em> en turc) est une r\u00e9forme mise en \u0153uvre le 1<sup>er<\/sup> novembre 1928 par <a href=\"https:\/\/fr.wikipedia.org\/wiki\/Mustafa_Kemal_Atat%C3%BCrk\">Mustafa Kemal Atat\u00fcrk<\/a> pour remplacer l&rsquo;<a href=\"https:\/\/fr.wikipedia.org\/wiki\/Alphabet_arabe\">alphabet arabe<\/a>, en usage sous l&rsquo;<a href=\"https:\/\/fr.wikipedia.org\/wiki\/Empire_ottoman\">Empire ottoman<\/a> pour transcrire le <a href=\"https:\/\/fr.wikipedia.org\/wiki\/Turc\">turc<\/a>, par un <a href=\"https:\/\/fr.wikipedia.org\/wiki\/Prononciation_du_turc\">alphabet sp\u00e9cifique<\/a> d\u00e9riv\u00e9 de l&rsquo;<a href=\"https:\/\/fr.wikipedia.org\/wiki\/Alphabet_latin\">alphabet latin<\/a>. L&rsquo;usage de l&rsquo;alphabet arabe sera finalement interdit le <a href=\"https:\/\/fr.wikipedia.org\/wiki\/3_novembre\">3 novembre<\/a> suivant.&nbsp;&nbsp;&nbsp;&nbsp;&nbsp;&nbsp;&nbsp;&nbsp;&nbsp;&nbsp;&nbsp;&nbsp;&nbsp;&nbsp;&nbsp;&nbsp;&nbsp;&nbsp;&nbsp;&nbsp;&nbsp;&nbsp;&nbsp;&nbsp;&nbsp;&nbsp;&nbsp;&nbsp;&nbsp;&nbsp;&nbsp;&nbsp;&nbsp;<\/p>\n\n\n\n<p>Cet empire khazar qui occupait cette zone g\u00e9ographique avait adopt\u00e9 la religion talmudique, et amen\u00e9 des rabbins pour former le peuple, mais ils n\u2019\u00e9taient pas Jud\u00e9ens (de lign\u00e9e s\u00e9mite).&nbsp;&nbsp;&nbsp;&nbsp;&nbsp; &nbsp;&nbsp;&nbsp;&nbsp;&nbsp;&nbsp;&nbsp;&nbsp;&nbsp;&nbsp;&nbsp;&nbsp;&nbsp;<\/p>\n\n\n\n<p>Aujourd\u2019hui, conform\u00e9ment \u00e0 cette Histoire, la religion de l\u2019\u00e9tat d\u2019Isra\u00ebl est bas\u00e9e sur les traditions kabbalistiques et talmudiques, et est loin du culte biblique de Dieu.<\/p>\n\n\n\n<p>Par ailleurs, d\u2019autres \u00e9l\u00e9ments viennent \u00e0 montrer que ceux qui habitent l\u2019\u00e9tat d\u2019Isra\u00ebl n\u2019ont aucune parent\u00e9 s\u00e9mite, mais ils sont descendants de convertis au \u00ab&nbsp;juda\u00efsme&nbsp;\u00bb.<\/p>\n\n\n<div class=\"wp-block-image\">\n<figure class=\"alignleft size-full is-resized\"><img loading=\"lazy\" decoding=\"async\" width=\"353\" height=\"93\" src=\"https:\/\/omdmhyd.org\/wp-content\/uploads\/2025\/04\/image-41.png\" alt=\"\" class=\"wp-image-4167\" style=\"width:467px;height:auto\" srcset=\"https:\/\/omdmhyd.org\/wp-content\/uploads\/2025\/04\/image-41.png 353w, https:\/\/omdmhyd.org\/wp-content\/uploads\/2025\/04\/image-41-300x79.png 300w\" sizes=\"(max-width: 353px) 100vw, 353px\" \/><\/figure>\n<\/div>\n\n<div class=\"wp-block-image\">\n<figure class=\"aligncenter size-full is-resized\"><img loading=\"lazy\" decoding=\"async\" width=\"330\" height=\"111\" src=\"https:\/\/omdmhyd.org\/wp-content\/uploads\/2025\/04\/image-42.png\" alt=\"\" class=\"wp-image-4168\" style=\"width:532px;height:auto\" srcset=\"https:\/\/omdmhyd.org\/wp-content\/uploads\/2025\/04\/image-42.png 330w, https:\/\/omdmhyd.org\/wp-content\/uploads\/2025\/04\/image-42-300x101.png 300w\" sizes=\"(max-width: 330px) 100vw, 330px\" \/><\/figure>\n<\/div>\n\n<div class=\"wp-block-image\">\n<figure class=\"aligncenter size-full is-resized\"><img loading=\"lazy\" decoding=\"async\" width=\"339\" height=\"108\" src=\"https:\/\/omdmhyd.org\/wp-content\/uploads\/2025\/04\/image-43.png\" alt=\"\" class=\"wp-image-4169\" style=\"width:700px;height:auto\" srcset=\"https:\/\/omdmhyd.org\/wp-content\/uploads\/2025\/04\/image-43.png 339w, https:\/\/omdmhyd.org\/wp-content\/uploads\/2025\/04\/image-43-300x96.png 300w\" sizes=\"(max-width: 339px) 100vw, 339px\" \/><\/figure>\n<\/div>\n\n\n<p>Donc, en r\u00e9sum\u00e9, on a une descendance japh\u00e9tite (ashk\u00e9naze &#8211;\u00e0 khazars) qui se fait passer pour une lign\u00e9e s\u00e9mite&nbsp;!!!<\/p>\n\n\n\n<p>Ce n\u2019est pas parce qu\u2019on appelle un poisson, poisson chat, que cela fait de cet animal marin un f\u00e9lin&nbsp;!<\/p>\n\n\n\n<p><strong>Selon l\u2019Almanach juif de 1980, page 3, il est affirm\u00e9 que \u00ab&nbsp;<\/strong><em><strong>Strictement parlant, il est incorrect d\u2019appeler un Isra\u00e9lite antique \u201cjuif\u201d ou d\u2019appeler un \u201cjuif contemporain\u201d Isra\u00e9lite ou H\u00e9breu<\/strong><\/em><strong>. \u00bb<\/strong><\/p>\n\n\n\n<p>Il a \u00e9t\u00e9 mentionn\u00e9 le mot \u00ab&nbsp;kabbalistique&nbsp;\u00bb. <mark style=\"background-color:rgba(0, 0, 0, 0)\" class=\"has-inline-color has-kubio-color-2-color\">Qu\u2019appelle-t-on la kabbale&nbsp;?<\/mark><\/p>\n\n\n\n<figure class=\"wp-block-image size-full is-resized\"><img loading=\"lazy\" decoding=\"async\" width=\"586\" height=\"107\" src=\"https:\/\/omdmhyd.org\/wp-content\/uploads\/2025\/04\/image-44.png\" alt=\"\" class=\"wp-image-4170\" style=\"width:1016px;height:auto\" srcset=\"https:\/\/omdmhyd.org\/wp-content\/uploads\/2025\/04\/image-44.png 586w, https:\/\/omdmhyd.org\/wp-content\/uploads\/2025\/04\/image-44-300x55.png 300w\" sizes=\"(max-width: 586px) 100vw, 586px\" \/><\/figure>\n\n\n\n<p>Loi orale et secr\u00e8te ? <\/p>\n\n\n\n<p><mark style=\"background-color:rgba(0, 0, 0, 0)\" class=\"has-inline-color has-kubio-color-1-color\">Luc (Luka) 12, v2<\/mark> : Il n&rsquo;y a rien de cach\u00e9 qui ne doive \u00eatre d\u00e9couvert, <strong>ni de secret<\/strong> qui ne doive \u00eatre connu.<\/p>\n\n\n\n<p><mark style=\"background-color:rgba(0, 0, 0, 0)\" class=\"has-inline-color has-kubio-color-1-color\">Marc (Malako) 4, v22<\/mark> : Car il n&rsquo;est rien de cach\u00e9 qui ne doive \u00eatre d\u00e9couvert, <strong>rien de secret<\/strong> qui ne doive \u00eatre mis au jour.<\/p>\n\n\n\n<p><mark style=\"background-color:rgba(0, 0, 0, 0)\" class=\"has-inline-color has-kubio-color-1-color\">Gen\u00e8se (Biluse) 18, v17<\/mark> : Alors l&rsquo;Eternel dit: Cacherai-je \u00e0 Ba&rsquo;Ala ce que je vais faire?&#8230;<\/p>\n\n\n\n<p><\/p>\n\n\n<div class=\"wp-block-image\">\n<figure class=\"aligncenter size-full is-resized\"><img loading=\"lazy\" decoding=\"async\" width=\"297\" height=\"112\" src=\"https:\/\/omdmhyd.org\/wp-content\/uploads\/2025\/04\/image-45.png\" alt=\"\" class=\"wp-image-4171\" style=\"width:471px;height:auto\"\/><\/figure>\n<\/div>\n\n<div class=\"wp-block-image\">\n<figure class=\"alignleft size-full is-resized\"><img loading=\"lazy\" decoding=\"async\" width=\"329\" height=\"107\" src=\"https:\/\/omdmhyd.org\/wp-content\/uploads\/2025\/04\/image-46.png\" alt=\"\" class=\"wp-image-4172\" style=\"width:493px;height:auto\" srcset=\"https:\/\/omdmhyd.org\/wp-content\/uploads\/2025\/04\/image-46.png 329w, https:\/\/omdmhyd.org\/wp-content\/uploads\/2025\/04\/image-46-300x98.png 300w\" sizes=\"(max-width: 329px) 100vw, 329px\" \/><\/figure>\n<\/div>\n\n<div class=\"wp-block-image\">\n<figure class=\"aligncenter size-full is-resized\"><img loading=\"lazy\" decoding=\"async\" width=\"352\" height=\"139\" src=\"https:\/\/omdmhyd.org\/wp-content\/uploads\/2025\/04\/image-47.png\" alt=\"\" class=\"wp-image-4173\" style=\"width:523px;height:auto\" srcset=\"https:\/\/omdmhyd.org\/wp-content\/uploads\/2025\/04\/image-47.png 352w, https:\/\/omdmhyd.org\/wp-content\/uploads\/2025\/04\/image-47-300x118.png 300w\" sizes=\"(max-width: 352px) 100vw, 352px\" \/><\/figure>\n<\/div>\n\n\n<p><\/p>\n\n\n\n<p><mark style=\"background-color:rgba(0, 0, 0, 0)\" class=\"has-inline-color has-kubio-color-2-color\">Croyez-vous, selon leurs dires, que la kabbale, l\u2019\u00e9sot\u00e9risme, l\u2019occultisme viennent de KONGO&nbsp;?<\/mark><\/p>\n\n\n\n<p>Certes NON. Ils ont convaincu tous les croyants en KONGO que le satanisme vient de KONGO, et que c\u2019est pour cela que KONGO les a choisis.<\/p>\n\n\n\n<p>Depuis quand KONGO est \u00ab&nbsp;mensonge, satanisme, p\u00e9ch\u00e9, etc&nbsp;\u00bb&nbsp;? JAMAIS. Ceux qui se font appeler \u00ab&nbsp;juifs&nbsp;\u00bb sont v\u00e9ritablement un peuple \u00ab&nbsp;sans intelligence&nbsp;\u00bb qui baigne dans le satanisme, et surtout le mensonge, la manipulation, la supercherie.<\/p>\n\n\n\n<p><\/p>\n\n\n\n<p><mark style=\"background-color:rgba(var(--kubio-color-3), 1)\" class=\"has-inline-color\">Vid\u00e9o 4&nbsp;<\/mark>: la kabbale.<\/p>\n\n\n\n<h2 class=\"wp-block-heading has-text-align-center\"><strong>Religion K 1<\/strong><\/h2>\n\n\n\n<p><\/p>\n\n\n\n<figure class=\"wp-block-embed aligncenter is-type-video is-provider-youtube wp-block-embed-youtube wp-embed-aspect-16-9 wp-has-aspect-ratio\"><div class=\"wp-block-embed__wrapper\">\n<iframe loading=\"lazy\" title=\"religionK 1\" width=\"640\" height=\"360\" src=\"https:\/\/www.youtube.com\/embed\/w9dKGRe7gWo?feature=oembed\" frameborder=\"0\" allow=\"accelerometer; autoplay; clipboard-write; encrypted-media; gyroscope; picture-in-picture; web-share\" referrerpolicy=\"strict-origin-when-cross-origin\" allowfullscreen><\/iframe>\n<\/div><\/figure>\n\n\n\n<p><\/p>\n\n\n\n<p>                                                                                                                           <strong>Religion K 2<\/strong><\/p>\n\n\n\n<p><\/p>\n\n\n\n<figure class=\"wp-block-embed aligncenter is-type-video is-provider-youtube wp-block-embed-youtube wp-embed-aspect-16-9 wp-has-aspect-ratio\"><div class=\"wp-block-embed__wrapper\">\n<iframe loading=\"lazy\" title=\"religionK 2\" width=\"540\" height=\"960\" src=\"https:\/\/www.youtube.com\/embed\/6Tk7Dxc9MO8?feature=oembed\" frameborder=\"0\" allow=\"accelerometer; autoplay; clipboard-write; encrypted-media; gyroscope; picture-in-picture; web-share\" referrerpolicy=\"strict-origin-when-cross-origin\" allowfullscreen><\/iframe>\n<\/div><\/figure>\n\n\n\n<p><\/p>\n\n\n\n<p>                                                                                                                                   <strong>Religion K 3<\/strong><\/p>\n\n\n\n<figure class=\"wp-block-embed aligncenter is-type-video is-provider-youtube wp-block-embed-youtube wp-embed-aspect-16-9 wp-has-aspect-ratio\"><div class=\"wp-block-embed__wrapper\">\n<iframe loading=\"lazy\" title=\"religionK 3\" width=\"540\" height=\"960\" src=\"https:\/\/www.youtube.com\/embed\/POOc4AzqDhE?feature=oembed\" frameborder=\"0\" allow=\"accelerometer; autoplay; clipboard-write; encrypted-media; gyroscope; picture-in-picture; web-share\" referrerpolicy=\"strict-origin-when-cross-origin\" allowfullscreen><\/iframe>\n<\/div><\/figure>\n\n\n\n<p><\/p>\n\n\n\n<p><\/p>\n\n\n\n<p>                                                                                                                                 <strong>Religion K 4<\/strong><\/p>\n\n\n\n<p><\/p>\n\n\n\n<figure class=\"wp-block-embed aligncenter is-type-video is-provider-youtube wp-block-embed-youtube wp-embed-aspect-16-9 wp-has-aspect-ratio\"><div class=\"wp-block-embed__wrapper\">\n<iframe loading=\"lazy\" title=\"kabbale 4\" width=\"540\" height=\"960\" src=\"https:\/\/www.youtube.com\/embed\/rdrnBgyHy5Q?feature=oembed\" frameborder=\"0\" allow=\"accelerometer; autoplay; clipboard-write; encrypted-media; gyroscope; picture-in-picture; web-share\" referrerpolicy=\"strict-origin-when-cross-origin\" allowfullscreen><\/iframe>\n<\/div><\/figure>\n\n\n<div class=\"wp-block-image\">\n<figure class=\"alignleft size-full\"><img loading=\"lazy\" decoding=\"async\" width=\"325\" height=\"365\" src=\"https:\/\/omdmhyd.org\/wp-content\/uploads\/2025\/05\/image.png\" alt=\"\" class=\"wp-image-4176\" srcset=\"https:\/\/omdmhyd.org\/wp-content\/uploads\/2025\/05\/image.png 325w, https:\/\/omdmhyd.org\/wp-content\/uploads\/2025\/05\/image-267x300.png 267w\" sizes=\"(max-width: 325px) 100vw, 325px\" \/><\/figure>\n<\/div>\n\n<div class=\"wp-block-image\">\n<figure class=\"aligncenter size-full\"><img loading=\"lazy\" decoding=\"async\" width=\"351\" height=\"469\" src=\"https:\/\/omdmhyd.org\/wp-content\/uploads\/2025\/05\/image-1.png\" alt=\"\" class=\"wp-image-4177\" srcset=\"https:\/\/omdmhyd.org\/wp-content\/uploads\/2025\/05\/image-1.png 351w, https:\/\/omdmhyd.org\/wp-content\/uploads\/2025\/05\/image-1-225x300.png 225w\" sizes=\"(max-width: 351px) 100vw, 351px\" \/><\/figure>\n<\/div>\n\n\n<p><\/p>\n\n\n\n<p>Le symbole qui est sur le drapeau est le signe de leur appartenance au satan, non la soit disante \u00ab\u00a0\u00e9toile de David\u00a0\u00bb qui n&rsquo;a jamais exist\u00e9 dans les Ecritures.<\/p>\n\n\n<div class=\"wp-block-image\">\n<figure class=\"aligncenter size-large is-resized\"><img loading=\"lazy\" decoding=\"async\" width=\"1024\" height=\"328\" src=\"https:\/\/omdmhyd.org\/wp-content\/uploads\/2025\/05\/image-57-1024x328.png\" alt=\"\" class=\"wp-image-4371\" style=\"width:1267px;height:auto\" srcset=\"https:\/\/omdmhyd.org\/wp-content\/uploads\/2025\/05\/image-57-1024x328.png 1024w, https:\/\/omdmhyd.org\/wp-content\/uploads\/2025\/05\/image-57-300x96.png 300w, https:\/\/omdmhyd.org\/wp-content\/uploads\/2025\/05\/image-57-768x246.png 768w, https:\/\/omdmhyd.org\/wp-content\/uploads\/2025\/05\/image-57-600x192.png 600w, https:\/\/omdmhyd.org\/wp-content\/uploads\/2025\/05\/image-57.png 1392w\" sizes=\"(max-width: 1024px) 100vw, 1024px\" \/><\/figure>\n<\/div>\n\n\n<p><mark style=\"background-color:rgba(var(--kubio-color-3), 1)\" class=\"has-inline-color\">Vid\u00e9o 5<\/mark> : Amalek, l&#8217;empreinte du diable qui contr\u00f4le &#8230;<\/p>\n\n\n\n<p><\/p>\n\n\n\n<figure class=\"wp-block-embed aligncenter is-type-video is-provider-youtube wp-block-embed-youtube wp-embed-aspect-16-9 wp-has-aspect-ratio\"><div class=\"wp-block-embed__wrapper\">\n<iframe loading=\"lazy\" title=\"Amalek l&#039;empreinte du diable qui contr\u00f4le le monde mais un jour il\u00a0sera\u00a0d\u00e9truit.\" width=\"640\" height=\"360\" src=\"https:\/\/www.youtube.com\/embed\/t63RA-yBM6w?feature=oembed\" frameborder=\"0\" allow=\"accelerometer; autoplay; clipboard-write; encrypted-media; gyroscope; picture-in-picture; web-share\" referrerpolicy=\"strict-origin-when-cross-origin\" allowfullscreen><\/iframe>\n<\/div><\/figure>\n\n\n\n<p><\/p>\n\n\n\n<p>(aller sur la cha\u00eene youtube <strong>Nabi Kiakesa Bena Kongo<\/strong> : tapez le titre \u00ab\u00a0Amalek l&#8217;emprinte du diable&#8230;\u00a0\u00bb)<\/p>\n\n\n\n<p>Ce n\u2019est pas en vain que la Kuma r\u00e9v\u00e8le&nbsp; ceci&nbsp;:<\/p>\n\n\n\n<p><mark style=\"background-color:rgba(0, 0, 0, 0)\" class=\"has-inline-color has-kubio-color-1-color\">Apocalypse 2, v9<\/mark>&nbsp;: Je connais ta tribulation et ta pauvret\u00e9 bien que tu sois riche, et les calomnies de la part de ceux qui se disent Jud\u00e9ens et ne le sont pas, mais qui sont une synagogue du satan.<\/p>\n\n\n\n<p>Synagogue&nbsp;: (Vers 1100) <strong>Du latin synagoga emprunt\u00e9 au grec ancien \u03c3\u03c5\u03bd\u03b1\u03b3\u03c9\u03b3\u03ae , sunag\u014dg\u0113 (\u00ab assembl\u00e9e \u00bb)<\/strong>. Comme le mot \u00ab \u00e9glise \u00bb, le mot \u00ab synagogue \u00bb d\u00e9signait \u00e0 l&rsquo;origine une assembl\u00e9e, pour ensuite d\u00e9signer le lieu de rassemblement.<\/p>\n\n\n\n<p>L\u2019Ecriture dit bien \u00ab&nbsp;une&nbsp;\u00bb, ce qui veut dire une communaut\u00e9 satanique parmi tant d\u2019autres&nbsp;: franc ma\u00e7on, illuminati, rosicrucien, ku klux klan, gangs, mafias, j\u00e9suites, etc et qui ont pour chef \u2014\u203a le Vatican, qui a pour roi le satan (l&rsquo;ennemi de tout bien).<\/p>\n\n\n\n<p>Autre supercherie mont\u00e9e par les ashk\u00e9nazes khazars, dans leur religion talmudique qu&rsquo;ils appellent \u00ab&nbsp;juda\u00efsme&nbsp;\u00bb, ils disent que le nom du Cr\u00e9ateur ne peut se dire et \u00eatre prononc\u00e9.<\/p>\n\n\n<div class=\"wp-block-image\">\n<figure class=\"aligncenter size-full is-resized\"><img loading=\"lazy\" decoding=\"async\" width=\"514\" height=\"134\" src=\"https:\/\/omdmhyd.org\/wp-content\/uploads\/2025\/05\/image-2.png\" alt=\"\" class=\"wp-image-4178\" style=\"width:738px;height:auto\" srcset=\"https:\/\/omdmhyd.org\/wp-content\/uploads\/2025\/05\/image-2.png 514w, https:\/\/omdmhyd.org\/wp-content\/uploads\/2025\/05\/image-2-300x78.png 300w\" sizes=\"(max-width: 514px) 100vw, 514px\" \/><\/figure>\n<\/div>\n\n\n<p><\/p>\n\n\n\n<p>Or, les Ecritures disent tout le contraire de leur mensonge&nbsp;:<\/p>\n\n\n\n<p><mark style=\"background-color:rgba(0, 0, 0, 0)\" class=\"has-inline-color has-kubio-color-1-color\">2 Chroniques 7, v14-16<\/mark>&nbsp;: <a href=\"https:\/\/saintebible.com\/2_chronicles\/7-14.htm\">14<\/a> si mon peuple sur qui est invoqu\u00e9 mon Nom s&rsquo;humilie, prie, et cherche ma face, et s&rsquo;il se d\u00e9tourne de ses mauvaises voies, -JE l&rsquo;exaucerai des cieux, JE lui pardonnerai son p\u00e9ch\u00e9, et JE gu\u00e9rirai son pays. <a href=\"https:\/\/saintebible.com\/2_chronicles\/7-15.htm\">15<\/a> Mes yeux seront ouverts d\u00e9sormais, et mes oreilles seront attentives \u00e0 la pri\u00e8re faite en ce lieu. <a href=\"https:\/\/saintebible.com\/2_chronicles\/7-16.htm\">16<\/a> Maintenant, JE choisis et JE sanctifie cette maison pour que mon Nom y r\u00e9side \u00e0 jamais, et J&rsquo;aurai toujours l\u00e0 mes yeux et mon c\u0153ur.<\/p>\n\n\n\n<p><mark style=\"background-color:rgba(0, 0, 0, 0)\" class=\"has-inline-color has-kubio-color-2-color\">Quel est le nom de ce peuple sur lequel est le Nom du Cr\u00e9ateur Tout-Puissant&nbsp;?<\/mark><\/p>\n\n\n\n<p>Ce peuple est appel\u00e9 Kongo ou Bakongo, et a donc le Nom du Cr\u00e9ateur Tout-Puissant qui est KONGO.<\/p>\n\n\n\n<p>KONGO veut ramener la race humaine \u00e0 LUI, et non la tenir \u00e9loign\u00e9e de LUI.<\/p>\n\n\n\n<p><mark style=\"background-color:rgba(0, 0, 0, 0)\" class=\"has-inline-color has-kubio-color-1-color\">Jo\u00ebl (Yah\u2019Yela) 2, v12<\/mark>&nbsp;: Maintenant encore, dit l&rsquo;Eternel (Yanda), Revenez \u00e0 moi de tout votre c\u0153ur, Avec des je\u00fbnes, avec des pleurs et des lamentations!<\/p>\n\n\n\n<p><mark style=\"background-color:rgba(0, 0, 0, 0)\" class=\"has-inline-color has-kubio-color-1-color\">Zakarie (Saka\u2019Yah) 1, v3<\/mark>&nbsp;: Dis-leur donc: Ainsi parle l&rsquo;Eternel des arm\u00e9es (Yanda Nsabu): Revenez \u00e0 moi, dit l&rsquo;Eternel des arm\u00e9es, et je reviendrai \u00e0 vous, dit l&rsquo;Eternel des arm\u00e9es.<\/p>\n\n\n\n<p>\u2022 <mark style=\"background-color:rgba(0, 0, 0, 0)\" class=\"has-inline-color has-kubio-color-2-color\">A quel moment ce peuple est-il entr\u00e9 sous les feux des projecteurs, par qui&nbsp;par quel moyen ?<\/mark><\/p>\n\n\n\n<p>C\u2019est une question qui ne trouvera peut-\u00eatre jamais r\u00e9ponse dans un quelconque manuel scolaire ou livre de biblioth\u00e8que. Pourtant, il ya quelques indices que l\u2019on peut trouver dans des livres des \u00e9domites et \u00ab&nbsp;talmudiques&nbsp;\u00bb qui am\u00e8nent \u00e0 la v\u00e9rit\u00e9 tant cach\u00e9e par ces derniers.<\/p>\n\n\n\n<p>Il faut savoir que dans le Moyen-\u00e2ge et dans la p\u00e9riode de la Renaissance en Occident, ceux qui se font appeler \u00ab&nbsp;juifs&nbsp;\u00bb \u00e9taient appel\u00e9s \u00ab&nbsp;talmudiques&nbsp;\u00bb, et ils \u00e9taient exclus ou chass\u00e9s de certains pays d\u2019Europe comme la France, l\u2019Italie, l\u2019Allemagne, et trouvaient refuge en Hollande, Angleterre et en Suisse.<\/p>\n\n\n\n<p>Etant donn\u00e9 qu\u2019ils pratiquaient le talmud, et par cons\u00e9quent, ils lisaient l\u2019aram\u00e9en, \u00e9crivaient en aram\u00e9en. L\u2019aram\u00e9en \u00e9tait aussi utilis\u00e9 par le Vatican par facilit\u00e9 au d\u00e9triment de l\u2019\u00e9criture Pal\u00e9o H\u00e9bra\u00efque des Isra\u00e9lites qui est l\u2019\u00e9criture originelle de la Kuma (ou Toli).<\/p>\n\n\n\n<p>Lorsque les \u00e9domites (occidentaux) commencent leurs incursions en Afrique avec l\u2019aide de quelques royaumes africains, ils se rendent compte que le Peuple Elu des Ecritures se trouve bel et bien l\u00e0. Il faut comprendre plusieurs choses qui se d\u00e9roulent en occident, et dans son \u00e9volution. Durant plusieurs si\u00e8cles, les nations \u00e9domites (France, Angleterre, Allemagne (Prusse), Espagne, Portugal, Hollande, Italie) sont souvent en guerre les unes contre les autres. Et donc, toutes ces guerres intestines ruinent ces nations \u00e9conomiquement, d\u00e9mographiquement, socialement, et entra\u00eenent des \u00e9pid\u00e9mies \u00e0 r\u00e9p\u00e9tition. Les voyages vers le continent am\u00e9ricain depuis la fin du 15<sup>\u00e8me<\/sup> si\u00e8cle permettent une accalmie dans le vieux continent, sans toutefois calmer les rivalit\u00e9s. Le d\u00e9coupage de l\u2019Am\u00e9rique par diff\u00e9rents trait\u00e9s&nbsp; (notamment Tordesillas) est une voie de sortie pour l\u2019occident afin de s\u2019enrichir et de prosp\u00e9rer par le biais du r\u00eave de l\u2019eldorado que le Vatican leur vendait sous faux drapeau de \u00ab&nbsp;christianisation&nbsp;\u00bb des peuples \u00ab&nbsp;sauvages&nbsp;\u00bb.<\/p>\n\n\n\n<p>Aussi, il faut toujours garder le cap de l\u2019Histoire humaine avec les Ecritures. Il ne faut pas oublier que le chef du royaume \u00e9domite a cherch\u00e9 intentionnellement \u00e0 modifier les \u00ab&nbsp;temps et les Lois&nbsp;\u00bb (<mark style=\"background-color:rgba(0, 0, 0, 0)\" class=\"has-inline-color has-kubio-color-1-color\">Daniel 7, v25<\/mark>) afin de tromper les hommes, de cacher des proph\u00e9ties antiques qui se r\u00e9alisaient sous ses yeux, de maintenir les populations peu instruites dans l\u2019ignorance et le mensonge, d\u2019amener l\u2019humanit\u00e9 \u00e0 d\u00e9fendre les int\u00e9r\u00eats du satan (ennemi de tout bien) sans le savoir. L\u2019occident n\u2019avait pas les capacit\u00e9s de mener de grandes d\u00e9couvertes et excursions dans plusieurs continents en m\u00eame temps. M\u00eame si il est \u00e9crit dans les manuels d\u2019histoire que la d\u00e9couverte de l\u2019Afrique s\u2019est faite au 15<sup>\u00e8me<\/sup> si\u00e8cle juste avant celle de l\u2019Am\u00e9rique, il n\u2019en demeure pas moins que l\u2019Histoire est faite par le vainqueur (Edom) et pas par ceux qui d\u00e9tiennent la V\u00e9rit\u00e9 (Isolele). Par ailleurs, il est bon d\u2019ajouter que l\u2019instruction scolaire-universitaire est l\u2019\u0153uvre des satanistes de la loge franc ma\u00e7on. Les \u00e9domites connaissaient l\u2019Afrique, les guerres de croisades \u00e0 J\u00e9rusalem ont ruin\u00e9 l\u2019occident, mais auparavant, les peuples kamites d\u2019Afrique avaient men\u00e9 beaucoup de guerres en occident contre l\u2019occident (les Maures notamment, Hannibal). Ils ne pouvaient pas se risquer de mener une guerre contre les royaumes kamites africains sans conna\u00eetre une probable d\u00e9faite. Le 16<sup>\u00e8me<\/sup> si\u00e8cle allait \u00eatre le moment de pouvoir venir en Afrique avec une strat\u00e9gie nouvelle, celle d\u2019un partenariat. Et durant cette p\u00e9riode, les \u00e9domites envoyaient beaucoup de missionnaires, surtout des j\u00e9suites (la plus haute sph\u00e8re satanique), pour espionner en envoyant des rapports au vatican.<\/p>\n\n\n\n<p>Voici un des rapports envoy\u00e9 au Vatican quant \u00e0 la &nbsp;d\u00e9couverte des Isra\u00e9lites en Afrique&nbsp;:<\/p>\n\n\n\n<p><strong>Histoire de Loango et de Kakongo, et autres royaumes d\u2019Afrique<\/strong>, Abb\u00e9 Proyart.<\/p>\n\n\n\n<p><\/p>\n\n\n<div class=\"wp-block-image\">\n<figure class=\"aligncenter size-full is-resized\"><img loading=\"lazy\" decoding=\"async\" width=\"498\" height=\"121\" src=\"https:\/\/omdmhyd.org\/wp-content\/uploads\/2025\/05\/image-3.png\" alt=\"\" class=\"wp-image-4179\" style=\"width:894px;height:auto\" srcset=\"https:\/\/omdmhyd.org\/wp-content\/uploads\/2025\/05\/image-3.png 498w, https:\/\/omdmhyd.org\/wp-content\/uploads\/2025\/05\/image-3-300x73.png 300w\" sizes=\"(max-width: 498px) 100vw, 498px\" \/><\/figure>\n<\/div>\n\n<div class=\"wp-block-image\">\n<figure class=\"aligncenter size-full is-resized\"><img loading=\"lazy\" decoding=\"async\" width=\"489\" height=\"163\" src=\"https:\/\/omdmhyd.org\/wp-content\/uploads\/2025\/05\/image-4.png\" alt=\"\" class=\"wp-image-4180\" style=\"width:835px;height:auto\" srcset=\"https:\/\/omdmhyd.org\/wp-content\/uploads\/2025\/05\/image-4.png 489w, https:\/\/omdmhyd.org\/wp-content\/uploads\/2025\/05\/image-4-300x100.png 300w\" sizes=\"(max-width: 489px) 100vw, 489px\" \/><\/figure>\n<\/div>\n\n<div class=\"wp-block-image\">\n<figure class=\"aligncenter size-full is-resized\"><img loading=\"lazy\" decoding=\"async\" width=\"405\" height=\"231\" src=\"https:\/\/omdmhyd.org\/wp-content\/uploads\/2025\/05\/image-5.png\" alt=\"\" class=\"wp-image-4182\" style=\"width:728px;height:auto\" srcset=\"https:\/\/omdmhyd.org\/wp-content\/uploads\/2025\/05\/image-5.png 405w, https:\/\/omdmhyd.org\/wp-content\/uploads\/2025\/05\/image-5-300x171.png 300w\" sizes=\"(max-width: 405px) 100vw, 405px\" \/><\/figure>\n<\/div>\n\n\n<p>Ce n\u2019est pas le seul rapport qui ait \u00e9t\u00e9 envoy\u00e9 au Vatican, il y en a eu bien avant celui de l\u2019Abb\u00e9 Proyart.<\/p>\n\n\n\n<p>Les autorit\u00e9s religieuses \u00e9domites sont inform\u00e9es de la pr\u00e9sence du Peuple Elu dans le sein du continent africain, et ceci par un d\u00e9tail troublant&nbsp;: la langue.<\/p>\n\n\n\n<p>Que des leucodermes se cachent parmi des m\u00e9lamin\u00e9s, cela est tr\u00e8s voyant, mais que des m\u00e9lamin\u00e9s se cachent parmi d\u2019autres m\u00e9lamin\u00e9s, la t\u00e2che de localisation est rendue tr\u00e8s difficile.<\/p>\n\n\n\n<p>C\u2019est la langue, comme le disent ces extraits, qui a permis d\u2019identifier que \u00ab&nbsp;ces n\u00e8gres&nbsp;\u00bb sont diff\u00e9rents de ceux parmi lesquels ils ont \u00e9tabli un royaume en Afrique, qui a permis d\u2019identifier la pr\u00e9sence du Peuple Elu ou les \u00ab&nbsp;Gens du Livre&nbsp;\u00bb&nbsp;: les Isra\u00e9lites.<\/p>\n\n\n\n<p><mark style=\"background-color:rgba(0, 0, 0, 0)\" class=\"has-inline-color has-kubio-color-1-color\">Sophonie (Sipa\u2019Yah) 3, v10<\/mark>&nbsp;: D&rsquo;au del\u00e0 des fleuves de l&rsquo;Ethiopie Mes adorateurs, mes dispers\u00e9s, m&rsquo;apporteront des offrandes.<\/p>\n\n\n\n<p>Ce passage d\u00e9truit le narratif mensonger que le peuple \u00e9lu s\u2019\u00e9tait install\u00e9 en Occident.<\/p>\n\n\n\n<p>Par ailleurs, des cartes de l\u2019Afrique \u00e9tablies par les \u00e9domites \u00e9tablissent la pr\u00e9sence des Isra\u00e9lites au centre de ce continent africain.<\/p>\n\n\n\n<p><\/p>\n\n\n\n<p><mark style=\"background-color:rgba(var(--kubio-color-3), 1)\" class=\"has-inline-color\">Vid\u00e9o 6<\/mark>&nbsp;: R\u00e9v\u00e9lation du fleuve Sambatyon.<\/p>\n\n\n\n<figure class=\"wp-block-embed aligncenter is-type-video is-provider-youtube wp-block-embed-youtube wp-embed-aspect-16-9 wp-has-aspect-ratio\"><div class=\"wp-block-embed__wrapper\">\n<iframe loading=\"lazy\" title=\"R\u00e9v\u00e9lation du Fleuve Sambatyon dans la\u00a0bible.\" width=\"640\" height=\"360\" src=\"https:\/\/www.youtube.com\/embed\/F6Kgjfir_qI?feature=oembed\" frameborder=\"0\" allow=\"accelerometer; autoplay; clipboard-write; encrypted-media; gyroscope; picture-in-picture; web-share\" referrerpolicy=\"strict-origin-when-cross-origin\" allowfullscreen><\/iframe>\n<\/div><\/figure>\n\n\n\n<p><\/p>\n\n\n\n<p>Une fois le Peuple Elu localis\u00e9, Edom va entreprendre un partenariat avec les royaumes kamites d\u2019Afrique pour d\u00e9truire le royaume Kongo, en capturant ses habitants partout o\u00f9 ils sont afin de les livrer aux mains des \u00e9domites qui les d\u00e9porteront en vue de leur esclavagisation.<\/p>\n\n\n<div class=\"wp-block-image\">\n<figure class=\"alignleft size-full is-resized\"><img loading=\"lazy\" decoding=\"async\" width=\"260\" height=\"353\" src=\"https:\/\/omdmhyd.org\/wp-content\/uploads\/2025\/05\/image-6.png\" alt=\"\" class=\"wp-image-4184\" style=\"width:354px;height:auto\" srcset=\"https:\/\/omdmhyd.org\/wp-content\/uploads\/2025\/05\/image-6.png 260w, https:\/\/omdmhyd.org\/wp-content\/uploads\/2025\/05\/image-6-221x300.png 221w\" sizes=\"(max-width: 260px) 100vw, 260px\" \/><\/figure>\n<\/div>\n\n<div class=\"wp-block-image\">\n<figure class=\"aligncenter size-full is-resized\"><img loading=\"lazy\" decoding=\"async\" width=\"369\" height=\"195\" src=\"https:\/\/omdmhyd.org\/wp-content\/uploads\/2025\/05\/image-7.png\" alt=\"\" class=\"wp-image-4185\" style=\"width:551px;height:auto\" srcset=\"https:\/\/omdmhyd.org\/wp-content\/uploads\/2025\/05\/image-7.png 369w, https:\/\/omdmhyd.org\/wp-content\/uploads\/2025\/05\/image-7-300x159.png 300w\" sizes=\"(max-width: 369px) 100vw, 369px\" \/><\/figure>\n<\/div>\n\n\n<p><\/p>\n\n\n\n<p><\/p>\n\n\n\n<p><\/p>\n\n\n\n<p><\/p>\n\n\n\n<p><\/p>\n\n\n\n<p><mark style=\"background-color:rgba(0, 0, 0, 0)\" class=\"has-inline-color has-kubio-color-1-color\">Jo\u00ebl (Yah\u2019Yela) 3, v2-7<\/mark>&nbsp;: Car voici, en ces jours, en ce temps-l\u00e0, Quand <mark style=\"background-color:rgba(var(--kubio-color-4), 1)\" class=\"has-inline-color\">JE<\/mark> ram\u00e8nerai les captifs de Juda et de J\u00e9rusalem, <a href=\"https:\/\/saintebible.com\/joel\/3-2.htm\">2<\/a> <mark style=\"background-color:rgba(var(--kubio-color-5), 1)\" class=\"has-inline-color\">JE rassemblerai toutes les nations, Et JE les ferai descendre dans la vall\u00e9e de Josaphat (Yah sifa) ; <\/mark><mark style=\"background-color:rgba(var(--kubio-color-1), 1)\" class=\"has-inline-color\">L\u00e0, J&rsquo;entrerai en jugement avec elles, Au sujet de mon peuple, d&rsquo;Isolele, mon h\u00e9ritage, Qu&rsquo;elles ont dispers\u00e9 parmi les nations, Et au sujet de mon pays qu&rsquo;elles se sont partag\u00e9 (r\u00e9f. Ez\u00e9chiel 36, v3-5).<\/mark> <a href=\"https:\/\/saintebible.com\/joel\/3-3.htm\">3<\/a> Ils ont tir\u00e9 mon peuple au sort; Ils ont donn\u00e9 le jeune gar\u00e7on pour une prostitu\u00e9e, Ils ont vendu la jeune fille pour du vin, et ils ont bu\u2026 <a href=\"https:\/\/saintebible.com\/joel\/3-4.htm\">4<\/a> Que me voulez-vous, Tyr et Sidon, Et vous tous, districts des Philistins? Voulez-vous tirer vengeance de moi? Si vous voulez vous venger, JE ferai bien vite retomber votre vengeance sur vos t\u00eates. <a href=\"https:\/\/saintebible.com\/joel\/3-5.htm\">5<\/a> Vous avez pris mon argent mon or; Et ce que J&rsquo;avais de plus pr\u00e9cieux et de plus beau, Vous l&rsquo;avez emport\u00e9 dans vos temples. <a href=\"https:\/\/saintebible.com\/joel\/3-6.htm\">6<\/a> Vous avez vendu les enfants de Juda et de J\u00e9rusalem aux enfants de Javan (ou Kittim \/ Kittim + Sepho (fils d\u2019Edom) = Edom (lire Livre du Juste)), Afin de les \u00e9loigner de leur territoire. <a href=\"https:\/\/saintebible.com\/joel\/3-7.htm\">7<\/a> Voici, JE les ferai revenir du lieu o\u00f9 vous les avez vendus, Et JE ferai retomber votre vengeance sur vos t\u00eates.<\/p>\n\n\n\n<p><strong><mark style=\"background-color:rgba(0, 0, 0, 0)\" class=\"has-inline-color has-kubio-color-4-color\">La partie en gris<\/mark><\/strong>&nbsp;: le Livre d\u2019H\u00e9noc (Kanu) en parlait d\u00e9j\u00e0.<\/p>\n\n\n<div class=\"wp-block-image\">\n<figure class=\"aligncenter size-full is-resized\"><img loading=\"lazy\" decoding=\"async\" width=\"585\" height=\"155\" src=\"https:\/\/omdmhyd.org\/wp-content\/uploads\/2025\/05\/image-8.png\" alt=\"\" class=\"wp-image-4186\" style=\"width:776px;height:auto\" srcset=\"https:\/\/omdmhyd.org\/wp-content\/uploads\/2025\/05\/image-8.png 585w, https:\/\/omdmhyd.org\/wp-content\/uploads\/2025\/05\/image-8-300x79.png 300w\" sizes=\"(max-width: 585px) 100vw, 585px\" \/><\/figure>\n<\/div>\n\n\n<p>Une autre version&nbsp;:<\/p>\n\n\n<div class=\"wp-block-image\">\n<figure class=\"aligncenter size-full is-resized\"><img loading=\"lazy\" decoding=\"async\" width=\"604\" height=\"142\" src=\"https:\/\/omdmhyd.org\/wp-content\/uploads\/2025\/05\/image-9.png\" alt=\"\" class=\"wp-image-4187\" style=\"width:875px;height:auto\" srcset=\"https:\/\/omdmhyd.org\/wp-content\/uploads\/2025\/05\/image-9.png 604w, https:\/\/omdmhyd.org\/wp-content\/uploads\/2025\/05\/image-9-300x71.png 300w, https:\/\/omdmhyd.org\/wp-content\/uploads\/2025\/05\/image-9-600x141.png 600w\" sizes=\"(max-width: 604px) 100vw, 604px\" \/><\/figure>\n<\/div>\n\n\n<p>Expliquons les \u00e9l\u00e9ments mis en \u00e9vidence&nbsp;:<\/p>\n\n\n\n<p><strong>Philistins (ou Philistine ou Palestine)<\/strong>&nbsp;: <mark style=\"background-color:rgba(0, 0, 0, 0)\" class=\"has-inline-color has-kubio-color-1-color\">Gen\u00e8se 10, v 6&nbsp;et 13-15<\/mark> : <a href=\"https:\/\/saintebible.com\/genesis\/10-6.htm\">6<\/a> Les fils de Cham (Kama) furent: Cusch, Mitsra\u00efm, Puth et Canaan. [\u2026]<a href=\"https:\/\/saintebible.com\/genesis\/10-13.htm\">13<\/a> Mitsra\u00efm engendra les Ludim, les Anamim, les Lehabim, les Naphtuhim, <a href=\"https:\/\/saintebible.com\/genesis\/10-14.htm\">14<\/a> les Patrusim, les Casluhim, d&rsquo;o\u00f9 sont sortis les Philistins, et les Caphtorim. <a href=\"https:\/\/saintebible.com\/genesis\/10-15.htm\">15<\/a> Canaan engendra Sidon, son premier-n\u00e9, et Heth ;<\/p>\n\n\n\n<p><strong>Javan<\/strong>&nbsp;:<mark style=\"background-color:rgba(0, 0, 0, 0)\" class=\"has-inline-color has-kubio-color-1-color\"> Gen\u00e8se 10, v2 et&nbsp;4 <\/mark>: Les fils de Japhet furent: Gomer, Magog, Mada\u00ef, Javan, Tubal, M\u00e9schec et Tiras. [\u2026]<a href=\"https:\/\/saintebible.com\/genesis\/10-4.htm\">4<\/a> Les fils de Javan: Elischa, Tarsis, Kittim et Dodanim.<\/p>\n\n\n\n<p>Le Livre du Juste relate l\u2019union entre Kittim et S\u00e9pho, fils d\u2019Edom, pour fonder le royaume \u00e9domite en Europe occidentale.<\/p>\n\n\n\n<p>La phrase surlign\u00e9e en bleu&nbsp;: si on observe bien la construction de cette phrase dans le verset 2, il y a en fait 2 causes principales au jugement des nations&nbsp;: JE rassemblerai toutes les nations, Et JE les ferai descendre dans la vall\u00e9e de Josaphat (Yah sifa) ; L\u00e0, J&rsquo;entrerai en jugement avec elles, <strong>Au sujet de mon peuple, d&rsquo;Isolele, mon h\u00e9ritage<\/strong>, <mark style=\"background-color:rgba(0, 0, 0, 0)\" class=\"has-inline-color has-kubio-color-1-color\">Qu&rsquo;elles ont dispers\u00e9 parmi les nations<\/mark>, <mark style=\"background-color:rgba(0, 0, 0, 0)\" class=\"has-inline-color has-kubio-color-3-color\">Et au sujet de mon pays qu&rsquo;elles se sont partag\u00e9<\/mark> (r\u00e9f. Ez\u00e9chiel 36, v3-5).<\/p>\n\n\n<div class=\"wp-block-image\">\n<figure class=\"alignleft size-full is-resized\"><img loading=\"lazy\" decoding=\"async\" width=\"327\" height=\"56\" src=\"https:\/\/omdmhyd.org\/wp-content\/uploads\/2025\/05\/image-10.png\" alt=\"\" class=\"wp-image-4188\" style=\"width:450px;height:auto\" srcset=\"https:\/\/omdmhyd.org\/wp-content\/uploads\/2025\/05\/image-10.png 327w, https:\/\/omdmhyd.org\/wp-content\/uploads\/2025\/05\/image-10-300x51.png 300w\" sizes=\"(max-width: 327px) 100vw, 327px\" \/><\/figure>\n<\/div>\n\n<div class=\"wp-block-image\">\n<figure class=\"aligncenter size-full is-resized\"><img loading=\"lazy\" decoding=\"async\" width=\"368\" height=\"105\" src=\"https:\/\/omdmhyd.org\/wp-content\/uploads\/2025\/05\/image-11.png\" alt=\"\" class=\"wp-image-4189\" style=\"width:510px;height:auto\" srcset=\"https:\/\/omdmhyd.org\/wp-content\/uploads\/2025\/05\/image-11.png 368w, https:\/\/omdmhyd.org\/wp-content\/uploads\/2025\/05\/image-11-300x86.png 300w\" sizes=\"(max-width: 368px) 100vw, 368px\" \/><\/figure>\n<\/div>\n\n<div class=\"wp-block-image\">\n<figure class=\"aligncenter size-full is-resized\"><img loading=\"lazy\" decoding=\"async\" width=\"420\" height=\"221\" src=\"https:\/\/omdmhyd.org\/wp-content\/uploads\/2025\/05\/image-12.png\" alt=\"\" class=\"wp-image-4190\" style=\"width:637px;height:auto\" srcset=\"https:\/\/omdmhyd.org\/wp-content\/uploads\/2025\/05\/image-12.png 420w, https:\/\/omdmhyd.org\/wp-content\/uploads\/2025\/05\/image-12-300x158.png 300w\" sizes=\"(max-width: 420px) 100vw, 420px\" \/><\/figure>\n<\/div>\n\n\n<p>Jugement, condamnation, mal\u00e9diction = lusifu.<\/p>\n\n\n\n<ol style=\"list-style-type:lower-alpha\" class=\"wp-block-list\">\n<li>Qu&rsquo;elles ont dispers\u00e9 parmi les nations : les nations ont agi contre les Jud\u00e9ens (Bakongo) Isolele en les dispersant de par la d\u00e9portation en vue de l\u2019esclavage qui est une proph\u00e9tie.<\/li>\n<\/ol>\n\n\n\n<p>Ceux qui se font appeler \u00ab&nbsp;juifs&nbsp;\u00bb vont travailler \u00e0 maintenir sous domination \u00e9domite les v\u00e9ritables isra\u00e9lites, ce qui est le cas par exemple en Martinique, Guadeloupe et Guyane.<\/p>\n\n\n\n<p>La France va garantir cet \u00e9tat de fait en fournissant tous les moyens et toutes les ressources n\u00e9cessaires aux \u00ab&nbsp;talmudiques&nbsp;\u00bb. Les \u00e9v\u00e8nements socio-\u00e9conomiques de \u00ab&nbsp;: Mai 1967, LKP de 2009, RPPRAC de 2024 t\u00e9moignent du maintien du syst\u00e8me esclavagiste par ces derniers co\u00fbte que co\u00fbte.<\/p>\n\n\n<div class=\"wp-block-image\">\n<figure class=\"alignleft size-full is-resized\"><img loading=\"lazy\" decoding=\"async\" width=\"321\" height=\"377\" src=\"https:\/\/omdmhyd.org\/wp-content\/uploads\/2025\/05\/image-13.png\" alt=\"\" class=\"wp-image-4191\" style=\"width:377px;height:auto\" srcset=\"https:\/\/omdmhyd.org\/wp-content\/uploads\/2025\/05\/image-13.png 321w, https:\/\/omdmhyd.org\/wp-content\/uploads\/2025\/05\/image-13-255x300.png 255w\" sizes=\"(max-width: 321px) 100vw, 321px\" \/><\/figure>\n<\/div>\n\n<div class=\"wp-block-image\">\n<figure class=\"aligncenter size-full is-resized\"><img loading=\"lazy\" decoding=\"async\" width=\"272\" height=\"370\" src=\"https:\/\/omdmhyd.org\/wp-content\/uploads\/2025\/05\/image-14.png\" alt=\"\" class=\"wp-image-4192\" style=\"width:312px;height:auto\" srcset=\"https:\/\/omdmhyd.org\/wp-content\/uploads\/2025\/05\/image-14.png 272w, https:\/\/omdmhyd.org\/wp-content\/uploads\/2025\/05\/image-14-221x300.png 221w\" sizes=\"(max-width: 272px) 100vw, 272px\" \/><\/figure>\n<\/div>\n\n\n<p><\/p>\n\n\n\n<p>Pour rappel, si certains pensent que tous les noirs ont subi la traite n\u00e9gri\u00e8re et l\u2019esclavage par les \u00e9domites, cela est faux archi-faux. Les versets <mark style=\"background-color:rgba(0, 0, 0, 0)\" class=\"has-inline-color has-kubio-color-1-color\">3<\/mark> \u00e0 <mark style=\"background-color:rgba(0, 0, 0, 0)\" class=\"has-inline-color has-kubio-color-1-color\">7<\/mark> (de <mark style=\"background-color:rgba(0, 0, 0, 0)\" class=\"has-inline-color has-kubio-color-1-color\">Jo\u00ebl 3<\/mark>) stipulent que d\u2019autres noirs, des kamites, \u00e9taient \u00e0 la man\u0153uvre contre les S\u00e9mites Bakongo en les capturant et en les vendant aux \u00e9domites.<\/p>\n\n\n\n<p>Deux amis contre les S\u00e9mites Bakongo se sont serr\u00e9s la pince devant un parterre d\u2019ignorants aveugl\u00e9s et d\u2019initi\u00e9s.<\/p>\n\n\n<div class=\"wp-block-image\">\n<figure class=\"aligncenter size-full is-resized\"><img loading=\"lazy\" decoding=\"async\" width=\"664\" height=\"343\" src=\"https:\/\/omdmhyd.org\/wp-content\/uploads\/2025\/05\/image-15.png\" alt=\"\" class=\"wp-image-4193\" style=\"width:954px;height:auto\" srcset=\"https:\/\/omdmhyd.org\/wp-content\/uploads\/2025\/05\/image-15.png 664w, https:\/\/omdmhyd.org\/wp-content\/uploads\/2025\/05\/image-15-300x155.png 300w, https:\/\/omdmhyd.org\/wp-content\/uploads\/2025\/05\/image-15-600x310.png 600w\" sizes=\"(max-width: 664px) 100vw, 664px\" \/><\/figure>\n<\/div>\n\n\n<p><mark style=\"background-color:rgba(0, 0, 0, 0)\" class=\"has-inline-color has-kubio-color-1-color\">Os\u00e9e (Kozua) 4, v6<\/mark>&nbsp;: Mon peuple (Isolele) est d\u00e9truit, parce qu&rsquo;il lui manque la connaissance. Puisque tu as rejet\u00e9 la connaissance, JE te rejetterai, et tu seras d\u00e9pouill\u00e9 de mon sacerdoce; Puisque tu as oubli\u00e9 la loi de ton Yela Kongo, J&rsquo;oublierai aussi tes enfants.<\/p>\n\n\n\n<p><strong>Septante<\/strong>&nbsp;: Mon peuple est comme s&rsquo;il ne savait rien\u2009; car tu as repouss\u00e9 la science, et moi JE te repousserai \u00e0 mon tour, pour que tu n&rsquo;aies plus mon sacerdoce\u2009; tu as oubli\u00e9 la loi de Yela Kongo, et moi J&rsquo;oublierai tes enfants.<\/p>\n\n\n\n<p>Ceux qui se font appeler \u00ab&nbsp;juifs&nbsp;\u00bb agissent comme des chiens de garde contre le Peuple Elu Isolele en cherchant absolument \u00e0 maintenir leur t\u00eate dans la boue.<\/p>\n\n\n\n<p>Les habitations sucri\u00e8res \u00e9taient propri\u00e9t\u00e9s de ceux qui se font appeler \u00ab&nbsp;juifs&nbsp;\u00bb, et cela leur permettait d\u2019\u00e9tudier la langue des S\u00e9mites Bakongo, leur \u00e9criture et leur spiritualit\u00e9 afin de parfaire leur d\u00e9guisement.<\/p>\n\n\n\n<p><mark style=\"background-color:rgba(0, 0, 0, 0)\" class=\"has-inline-color has-kubio-color-1-color\">Matthieu (Mateya) 7, v15&nbsp;<\/mark>: Gardez-vous des faux proph\u00e8tes. Ils viennent \u00e0 vous en v\u00eatements de brebis, mais au dedans ce sont des loups ravisseurs.<\/p>\n\n\n<div class=\"wp-block-image\">\n<figure class=\"aligncenter size-full is-resized\"><img loading=\"lazy\" decoding=\"async\" width=\"232\" height=\"220\" src=\"https:\/\/omdmhyd.org\/wp-content\/uploads\/2025\/05\/image-16.png\" alt=\"\" class=\"wp-image-4194\" style=\"width:452px;height:auto\"\/><\/figure>\n<\/div>\n\n\n<p>Partout o\u00f9 sont les Isra\u00e9lites, les \u00ab&nbsp;talmudiques&nbsp;\u00bb ou ceux qui se font appeler \u00ab&nbsp;juifs&nbsp;\u00bb sont l\u00e0 pour les \u00e9craser, voire les \u00e9liminer&nbsp;: paup\u00e9risation, vie ch\u00e8re, sida, chlored\u00e9cone, \u00e9bola, g\u00e9nocide, etc.<\/p>\n\n\n\n<ol style=\"list-style-type:lower-alpha\" class=\"wp-block-list\">\n<li><mark style=\"background-color:rgba(0, 0, 0, 0)\" class=\"has-inline-color has-kubio-color-1-color\">au sujet de mon pays qu&rsquo;elles se sont partag\u00e9<\/mark> : les nations ont agi contre les Jud\u00e9ens (Bakongo) Isolele qui ont colonis\u00e9 J\u00e9rusalem (Yalusalama), et font croire aux peuples qu\u2019elles sont le peuple \u00e9lu, ce qui est une autre proph\u00e9tie.<\/li>\n<\/ol>\n\n\n\n<p>La conjonction de coordination \u00ab&nbsp;et&nbsp;\u00bb montre une s\u00e9paration entre les 2 propositions, \u00e9l\u00e9ment que l\u2019on retrouve dans la Vulgate, <strong>donc deux proph\u00e9ties<\/strong>.<\/p>\n\n\n\n<p><sup>2&nbsp;<\/sup>congregabo omnes gentes, et deducam eas in vallem Josaphat; et disceptabo cum eis ibi super populo meo, et haereditate mea Israel, quos disperserunt in nationibus, et terram meam <mark style=\"background-color:rgba(var(--kubio-color-2), 1)\" class=\"has-inline-color\">diviserunt<\/mark>.<\/p>\n\n\n<div class=\"wp-block-image\">\n<figure class=\"aligncenter size-full is-resized\"><img loading=\"lazy\" decoding=\"async\" width=\"429\" height=\"148\" src=\"https:\/\/omdmhyd.org\/wp-content\/uploads\/2025\/05\/image-17.png\" alt=\"\" class=\"wp-image-4195\" style=\"width:767px;height:auto\" srcset=\"https:\/\/omdmhyd.org\/wp-content\/uploads\/2025\/05\/image-17.png 429w, https:\/\/omdmhyd.org\/wp-content\/uploads\/2025\/05\/image-17-300x103.png 300w\" sizes=\"(max-width: 429px) 100vw, 429px\" \/><\/figure>\n<\/div>\n\n\n<p><\/p>\n\n\n\n<p>N\u2019oublions pas que J\u00e9rusalem est colonis\u00e9 depuis 1948 par les \u00e9domites pour installer&nbsp;: les khazars ashk\u00e9nazes, les s\u00e9farades, les berb\u00e8res, les falashas. Les ennemis d\u2019Isolele se sont r\u00e9parti la ville Sainte entre eux et se font passer pour victimes.<\/p>\n\n\n\n<p>R\u00e9fl\u00e9chissons un peu : <mark style=\"background-color:rgba(0, 0, 0, 0)\" class=\"has-inline-color has-kubio-color-3-color\"><strong>Comment des japh\u00e9tites, des kamito-japh\u00e9tites et kamites peuvent-ils pr\u00e9tendre \u00eatre victimes d&rsquo;actes antis\u00e9mites ?<\/strong><\/mark><\/p>\n\n\n<div class=\"wp-block-image\">\n<figure class=\"aligncenter size-full is-resized\"><img loading=\"lazy\" decoding=\"async\" width=\"177\" height=\"155\" src=\"https:\/\/omdmhyd.org\/wp-content\/uploads\/2025\/05\/image-18.png\" alt=\"\" class=\"wp-image-4196\" style=\"width:173px;height:auto\"\/><\/figure>\n<\/div>\n\n\n<p><\/p>\n\n\n\n<p>Au moment o\u00f9 le proph\u00e8te (nabi) Yah\u2019Yela parle, cela n\u2019est pas encore produit, et aujourd\u2019hui, en 2025, cela ne s\u2019est pas encore produit. Cela ne va pas tarder&nbsp;!<\/p>\n\n\n\n<p>Donc en somme, certains royaumes kamites et les \u00e9domites sont les protagonistes de la capture, de la d\u00e9portation (en vue de l\u2019esclavage) des Jud\u00e9ens (Bakongo) s\u00e9mites au cours du 17<sup>\u00e8me<\/sup> si\u00e8cle.<\/p>\n\n\n\n<p>Les documents recens\u00e9s par les \u00e9domites affirment que la localisation des Isra\u00e9lites en Afrique a eu lieu au cours du 16<sup>\u00e8me<\/sup> si\u00e8cle.<\/p>\n\n\n<div class=\"wp-block-image\">\n<figure class=\"aligncenter size-full is-resized\"><img loading=\"lazy\" decoding=\"async\" width=\"527\" height=\"454\" src=\"https:\/\/omdmhyd.org\/wp-content\/uploads\/2025\/05\/image-19.png\" alt=\"\" class=\"wp-image-4197\" style=\"width:655px;height:auto\" srcset=\"https:\/\/omdmhyd.org\/wp-content\/uploads\/2025\/05\/image-19.png 527w, https:\/\/omdmhyd.org\/wp-content\/uploads\/2025\/05\/image-19-300x258.png 300w\" sizes=\"(max-width: 527px) 100vw, 527px\" \/><\/figure>\n<\/div>\n\n\n<p><\/p>\n\n\n\n<p>Seul le royaume des Jud\u00e9ens ou Bakongo a \u00e9t\u00e9 vis\u00e9 par les \u00e9domites comme l\u2019affirment les Ecritures.<\/p>\n\n\n<div class=\"wp-block-image\">\n<figure class=\"aligncenter size-full is-resized\"><img loading=\"lazy\" decoding=\"async\" width=\"518\" height=\"293\" src=\"https:\/\/omdmhyd.org\/wp-content\/uploads\/2025\/05\/image-20.png\" alt=\"\" class=\"wp-image-4198\" style=\"width:768px;height:auto\" srcset=\"https:\/\/omdmhyd.org\/wp-content\/uploads\/2025\/05\/image-20.png 518w, https:\/\/omdmhyd.org\/wp-content\/uploads\/2025\/05\/image-20-300x170.png 300w\" sizes=\"(max-width: 518px) 100vw, 518px\" \/><\/figure>\n<\/div>\n\n<div class=\"wp-block-image\">\n<figure class=\"aligncenter size-full is-resized\"><img loading=\"lazy\" decoding=\"async\" width=\"618\" height=\"668\" src=\"https:\/\/omdmhyd.org\/wp-content\/uploads\/2025\/05\/image-21.png\" alt=\"\" class=\"wp-image-4199\" style=\"width:738px;height:auto\" srcset=\"https:\/\/omdmhyd.org\/wp-content\/uploads\/2025\/05\/image-21.png 618w, https:\/\/omdmhyd.org\/wp-content\/uploads\/2025\/05\/image-21-278x300.png 278w, https:\/\/omdmhyd.org\/wp-content\/uploads\/2025\/05\/image-21-600x649.png 600w\" sizes=\"(max-width: 618px) 100vw, 618px\" \/><\/figure>\n<\/div>\n\n<div class=\"wp-block-image\">\n<figure class=\"aligncenter size-full is-resized\"><img loading=\"lazy\" decoding=\"async\" width=\"175\" height=\"46\" src=\"https:\/\/omdmhyd.org\/wp-content\/uploads\/2025\/05\/image-22.png\" alt=\"\" class=\"wp-image-4201\" style=\"width:181px;height:auto\"\/><\/figure>\n<\/div>\n\n\n<p>N-B : <em>Le mot \u00ab\u00a0juif\u00a0\u00bb a \u00e9t\u00e9 invent\u00e9 entre le 18\u00e8me si\u00e8cle et le 19\u00e8me si\u00e8cle. Remplacez par \u00ab\u00a0Jud\u00e9en\u00a0\u00bb<\/em>.<\/p>\n\n\n\n<p>Une fois cela d\u00e9termin\u00e9, le Vatican va utiliser les khazars ashk\u00e9nazes qui, \u00e0 cette \u00e9poque, \u00e9taient convertis au Talmud (et apr\u00e8s la destruction de leur royaume par les tsars Russes vers le 13<sup>\u00e8me<\/sup> si\u00e8cle s\u2019\u00e9taient r\u00e9fugi\u00e9s en Europe occidentale) pour organiser la d\u00e9portation. Et en \u00e9change de ce service, le Vatican va leur donner une mission&nbsp;: celle de se d\u00e9guiser en \u00ab&nbsp;peuple \u00e9lu&nbsp;\u00bb, pendant qu\u2019il se charge de les \u00e9craser en les dominant par le biais de l\u2019esclavage dans les Am\u00e9riques et les \u00eeles.<\/p>\n\n\n\n<p><mark style=\"background-color:rgba(0, 0, 0, 0)\" class=\"has-inline-color has-kubio-color-1-color\">Daniel 7 (Ndani\u2019Yela), v24-25<\/mark>&nbsp;: Les dix cornes, ce sont dix rois qui s&rsquo;\u00e9l\u00e8veront de ce royaume. Un autre s&rsquo;\u00e9l\u00e8vera apr\u00e8s eux, il sera diff\u00e9rent des premiers (le chef d\u2019Edom = Vatican = pape), et il abaissera trois rois. <a href=\"https:\/\/saintebible.com\/daniel\/7-25.htm\">25<\/a> Il prononcera des paroles contre le Tr\u00e8s-Haut, il opprimera les saints du Tr\u00e8s Haut (les Isra\u00e9lites), et il esp\u00e9rera changer les temps et la loi; et les saints seront livr\u00e9s entre ses mains pendant un temps, des temps, et la moiti\u00e9 d&rsquo;un temps.<\/p>\n\n\n\n<p>Pour cela, il fournit une partie des Ecritures en aram\u00e9en (les khazars connaissent la lecture et l\u2019\u00e9criture en aram\u00e9en de par le Talmud), tout en modifiant malicieusement&nbsp; les Ecritures&nbsp;: <strong>retrait de plusieurs livres <\/strong>(livres appel\u00e9s par le Vatican \u00ab&nbsp;apocryphes&nbsp;\u00bb car non inspir\u00e9s du Seigneur, notamment le Livre du Juste), <strong>modification (ajouts et suppressions) de plusieurs passages<\/strong> (<strong>Exode 12, v 40<\/strong>&nbsp;: Septante, Lemaistre de Sacy&nbsp;: Le temps que les enfants d\u2019Isra\u00ebl avaient demeur\u00e9 dans l\u2019Egypte <em>et dans la terre de Chanaan<\/em><em>, eux et leurs p\u00e8res<\/em>, fut de quatre cent trente ans&nbsp; \u2014\u203a (bible Segond)&nbsp; Le s\u00e9jour des enfants d&rsquo;Isra\u00ebl en Egypte fut de quatre cent trente ans. ), <strong>modification du vocabulaire spirituel<\/strong> (Jud\u00e9ens \/ judaeorum&nbsp; \u2014\u203a juifs&nbsp;; isra\u00e9lites \u2014\u203a isra\u00e9liens&nbsp;; assembl\u00e9e familiale des Isra\u00e9lites (kwela) \u2014\u203a \u00e9glise (ekklezia = assembl\u00e9e politique)), <strong>modification de la langue originelle<\/strong> (voir l\u2019article \u00ab&nbsp;La langue et l\u2019\u00e9criture d\u2019Ysolele&nbsp;\u00bb) et <strong>propagande de blanchissement du Peuple Elu et des personnages historiques des Ecritures<\/strong> (voir l\u2019article \u00ab&nbsp;Les vrais isra\u00e9lites&nbsp;\u00bb), et ceci par le biais de la \u00ab&nbsp;christianisation forc\u00e9e&nbsp;\u00bb de l\u2019occident. Au 16<sup>\u00e8me<\/sup> si\u00e8cle, la population occidentale est tr\u00e8s peu instruite, seules les \u00e9lites nobles et bourgeoises le sont. Cette situation permet de faire avaler tous les mensonges du Vatican comme bonne nourriture spirituelle, surtout que les occidentaux avaient une forte crainte des autorit\u00e9s religieuses, donc tout \u00e9tait accepter \u00ab&nbsp;comme parole sacr\u00e9e&nbsp;\u00bb.<\/p>\n\n\n<div class=\"wp-block-image\">\n<figure class=\"aligncenter size-full is-resized\"><img loading=\"lazy\" decoding=\"async\" width=\"703\" height=\"513\" src=\"https:\/\/omdmhyd.org\/wp-content\/uploads\/2025\/05\/image-23.png\" alt=\"\" class=\"wp-image-4202\" style=\"width:777px;height:auto\" srcset=\"https:\/\/omdmhyd.org\/wp-content\/uploads\/2025\/05\/image-23.png 703w, https:\/\/omdmhyd.org\/wp-content\/uploads\/2025\/05\/image-23-300x219.png 300w, https:\/\/omdmhyd.org\/wp-content\/uploads\/2025\/05\/image-23-600x438.png 600w\" sizes=\"(max-width: 703px) 100vw, 703px\" \/><\/figure>\n<\/div>\n\n\n<h1 class=\"wp-block-heading\">Ces deux cartes prouvant la localisation des Isra\u00e9lites en Afrique, conform\u00e9ment aux Ecritures, ne sont point \u00e9tudi\u00e9es dans les \u00e9coles occidentales. (Africae Tabula XII, 1588, r\u00e9imprim\u00e9 en 1889, Artiste Inconnu (anglais, 19\u00e8me si\u00e8cle), apr\u00e8s Livio Sanuto (italien, 1520-1576), en Angleterre, gravure en noir sur papier verg\u00e9 cr\u00e8me, 255 \u00d7 322 mm).<\/h1>\n\n\n\n<p>Par ailleurs, le Vatican va d\u00e9ployer une batterie d\u2019outils pour effacer la v\u00e9ritable identit\u00e9 de ses ouvriers \u00ab\u00a0talmudiques\u00a0\u00bb et en m\u00eame temps assurer leur place en haut de l\u2019\u00e9chelle mondiale.<\/p>\n\n\n\n<p><a href=\"https:\/\/saintebible.com\/job\/5-13.htm\">Job 5, v13<\/a>&nbsp;: Il prend les sages dans leur propre ruse (sournoiserie, malice), Et les desseins des hommes artificieux sont renvers\u00e9s<\/p>\n\n\n\n<p>Les mensonges&nbsp;: cr\u00e9ation d\u2019une fausse histoire des jud\u00e9ens (remplac\u00e9s par juifs) qui se sont install\u00e9s en Occident apr\u00e8s la d\u00e9vastation de J\u00e9rusalem par les romains de Titus, fausse histoire m\u00e9di\u00e9vale des jud\u00e9ens (remplac\u00e9s par juifs) en occident, fausse histoire &nbsp;des jud\u00e9ens (remplac\u00e9s par juifs) en occident et au nord de l\u2019Afrique durant la Renaissance, composition de faux documents culturels-religieux \u2013sociaux des jud\u00e9ens (remplac\u00e9s par juifs), fausse histoire des jud\u00e9ens (remplac\u00e9s par juifs) qui est \u00e9tudi\u00e9e dans les livres d\u2019Histoire des \u00e9coles occidentales.<\/p>\n\n\n\n<p>Le mot \u00ab&nbsp;juif&nbsp;\u00bb a \u00e9t\u00e9 invent\u00e9 \u00e0 partir du 18<sup>\u00e8me<\/sup> si\u00e8cle et appara\u00eet dans l\u2019encyclop\u00e9die britannique pour effacer le v\u00e9ritable mot identitaire des s\u00e9mites h\u00e9breux isra\u00e9lites Jud\u00e9ens.<\/p>\n\n\n\n<p>Ce terme a \u00e9t\u00e9 ins\u00e9r\u00e9 dans les fausses anciennes versions de la bible pour tromper le monde. Comme exemple&nbsp;: Bible KJV de 1611. H\u00e9 oui, les faussaires n\u2019agissent pas que pour les billets de banque, les tableaux de ma\u00eetres&nbsp;et les objets d\u2019art !<\/p>\n\n\n\n<p>L\u2019outil de propagande hollywoodienne va donner plus de cr\u00e9dit au d\u00e9guisement de ces usurpateurs d\u2019identit\u00e9. Avant 1948, neuf p\u00e9plum \u00ab&nbsp;bibliques&nbsp;\u00bb vont sortir&nbsp;:<\/p>\n\n\n\n<p>1903&nbsp;: La vie et la passion de J\u00e9sus Christ.<\/p>\n\n\n\n<p>1912&nbsp;: De la cr\u00e8che \u00e0 la croix.<\/p>\n\n\n\n<p>1913&nbsp;: Quo vadis.&nbsp;<\/p>\n\n\n\n<p>1923&nbsp;: Les dix commandements.<\/p>\n\n\n\n<p>1925&nbsp;: Quo vadis&nbsp;; Ben Hur.<\/p>\n\n\n\n<p>1927&nbsp;: Le roi des rois.<\/p>\n\n\n\n<p>1932&nbsp;: Le signe de la croix.<\/p>\n\n\n\n<p>1935&nbsp;: Golgotha.<\/p>\n\n\n\n<p>La majorit\u00e9 de ces films en noir et blanc sont vus par tr\u00e8s peu de spectateurs, et qui plus est sont muets.<\/p>\n\n\n\n<p>A partir de 1948.<\/p>\n\n\n\n<p><mark style=\"background-color:rgba(0, 0, 0, 0)\" class=\"has-inline-color has-kubio-color-2-color\">1949<\/mark>&nbsp;: Samson et Dalila&nbsp;; Fabiola.&nbsp;&nbsp;&nbsp;&nbsp;&nbsp;&nbsp;&nbsp;&nbsp;&nbsp;&nbsp;&nbsp;&nbsp;&nbsp;&nbsp;&nbsp; 2 films<\/p>\n\n\n\n<p><mark style=\"background-color:rgba(var(--kubio-color-3), 1)\" class=\"has-inline-color\">1951<\/mark>&nbsp;: Quo vadis&nbsp;; David et Bethsab\u00e9e.&nbsp;&nbsp;&nbsp;&nbsp;&nbsp;&nbsp;&nbsp;&nbsp;&nbsp;&nbsp;&nbsp;&nbsp;&nbsp;&nbsp;&nbsp;&nbsp;&nbsp;&nbsp;&nbsp;&nbsp;&nbsp;&nbsp;&nbsp;&nbsp;&nbsp;&nbsp;&nbsp;&nbsp;&nbsp;&nbsp;&nbsp;&nbsp;&nbsp;&nbsp;&nbsp;&nbsp;&nbsp;&nbsp;&nbsp;&nbsp;&nbsp;&nbsp;&nbsp;&nbsp;&nbsp;&nbsp;&nbsp;&nbsp;<\/p>\n\n\n\n<p>1952&nbsp;: Le martyr du calvaire.<\/p>\n\n\n\n<p>1953&nbsp;: La tunique.&nbsp;&nbsp;&nbsp;&nbsp;&nbsp;&nbsp;&nbsp;&nbsp;&nbsp;&nbsp;&nbsp;&nbsp;&nbsp;&nbsp;&nbsp;&nbsp;&nbsp;&nbsp;&nbsp;&nbsp;&nbsp;&nbsp;&nbsp;&nbsp;&nbsp;&nbsp;&nbsp;&nbsp;&nbsp;&nbsp;&nbsp;&nbsp;&nbsp;&nbsp;&nbsp;&nbsp;&nbsp;&nbsp;&nbsp;&nbsp;&nbsp;&nbsp;&nbsp;&nbsp;&nbsp;&nbsp;&nbsp; &nbsp;&nbsp;&nbsp;&nbsp;&nbsp;&nbsp;&nbsp;&nbsp;&nbsp;&nbsp;&nbsp;&nbsp;&nbsp;&nbsp;&nbsp;&nbsp;&nbsp;&nbsp;&nbsp;&nbsp;&nbsp;&nbsp;&nbsp;&nbsp;&nbsp;&nbsp;&nbsp;&nbsp;&nbsp;&nbsp;&nbsp;8 films (dans la d\u00e9cennie)<\/p>\n\n\n\n<p>1955&nbsp;: Le fils prodigue.<\/p>\n\n\n\n<p>1956&nbsp;: Les dix commandements.<\/p>\n\n\n\n<p>1959&nbsp;: Salomon et la reine de Saba&nbsp;; Simon le p\u00eacheur.<\/p>\n\n\n\n<p><mark style=\"background-color:rgba(var(--kubio-color-2), 1)\" class=\"has-inline-color\">1960<\/mark>&nbsp;: Esther et le roi&nbsp;; L\u2019histoire de Ruth&nbsp;; David et Goliath.&nbsp;&nbsp;&nbsp;<\/p>\n\n\n\n<p>1961&nbsp;: L\u2019histoire du pharaon&nbsp;; Barabbas&nbsp;; Le roi des rois.<\/p>\n\n\n\n<p>1962&nbsp;: Sodome et Gomorrhe&nbsp;; Ponce Pilate.<\/p>\n\n\n\n<p>1964&nbsp;: L\u2019\u00e9vangile selon Matthieu.&nbsp;&nbsp;&nbsp;&nbsp;&nbsp;&nbsp;&nbsp;&nbsp;&nbsp;&nbsp;&nbsp;&nbsp;&nbsp;&nbsp;&nbsp;&nbsp;&nbsp;&nbsp;&nbsp;&nbsp;&nbsp;&nbsp;&nbsp;&nbsp;&nbsp;&nbsp;&nbsp;&nbsp;&nbsp;&nbsp;&nbsp;&nbsp;&nbsp;&nbsp;&nbsp;&nbsp;&nbsp;&nbsp;&nbsp;&nbsp;&nbsp;&nbsp;&nbsp;&nbsp;&nbsp;&nbsp;&nbsp;&nbsp;&nbsp;&nbsp;&nbsp;&nbsp;&nbsp; 8 films (dans la d\u00e9cennie)<\/p>\n\n\n\n<p>1965&nbsp;: La plus grande histoire jamais racont\u00e9e.&nbsp;&nbsp;&nbsp;&nbsp;&nbsp;&nbsp;&nbsp;&nbsp;&nbsp;&nbsp;&nbsp;&nbsp;&nbsp;&nbsp;&nbsp;&nbsp;&nbsp;&nbsp;&nbsp;&nbsp;&nbsp;&nbsp;&nbsp;<\/p>\n\n\n\n<p>1966&nbsp;: La bible.<\/p>\n\n\n\n<p><mark style=\"background-color:rgba(var(--kubio-color-3), 1)\" class=\"has-inline-color\">1974<\/mark>&nbsp;: L\u2019histoire de Jacob et Joseph.&nbsp;&nbsp;&nbsp;&nbsp;&nbsp;<\/p>\n\n\n\n<p>1975&nbsp;: Mo\u00efse et Aaron&nbsp;; La Gen\u00e8se.<\/p>\n\n\n\n<p>1976&nbsp;: Le messie.&nbsp;&nbsp;&nbsp;&nbsp;&nbsp;&nbsp;&nbsp;&nbsp;&nbsp;&nbsp;&nbsp;&nbsp;&nbsp;&nbsp;&nbsp;&nbsp;&nbsp;&nbsp;&nbsp;&nbsp;&nbsp;&nbsp;&nbsp;&nbsp;&nbsp;&nbsp;&nbsp;&nbsp;&nbsp;&nbsp;&nbsp;&nbsp;&nbsp;&nbsp;&nbsp;&nbsp;&nbsp; &nbsp;&nbsp;&nbsp;&nbsp;&nbsp;&nbsp;5 films (dans la d\u00e9cennie)<\/p>\n\n\n\n<p>1979&nbsp;: J\u00e9sus.<\/p>\n\n\n\n<p><mark style=\"background-color:rgba(var(--kubio-color-2), 1)\" class=\"has-inline-color\">1984<\/mark>&nbsp;: Samson &amp; Dalila.&nbsp;&nbsp;&nbsp;&nbsp;&nbsp;&nbsp;&nbsp;&nbsp;&nbsp;&nbsp;&nbsp;&nbsp;&nbsp;&nbsp;&nbsp;&nbsp;&nbsp;&nbsp;&nbsp;&nbsp;&nbsp;&nbsp;&nbsp;&nbsp;&nbsp;&nbsp;&nbsp;&nbsp;&nbsp;&nbsp;&nbsp;&nbsp;&nbsp;&nbsp;&nbsp;&nbsp;&nbsp;&nbsp;&nbsp;&nbsp;&nbsp;&nbsp;&nbsp;&nbsp;&nbsp;&nbsp;&nbsp;&nbsp;&nbsp;&nbsp;&nbsp;&nbsp;&nbsp;&nbsp;&nbsp;<\/p>\n\n\n\n<p>1985&nbsp;: Le roi David&nbsp;; La grande aventure de la bible.&nbsp;&nbsp;&nbsp;&nbsp;&nbsp;&nbsp;&nbsp; 4 films&nbsp;(dans la d\u00e9cennie)&nbsp;&nbsp;&nbsp;&nbsp;&nbsp;&nbsp;&nbsp;&nbsp;<\/p>\n\n\n\n<p>1988&nbsp;: La derni\u00e8re tentation du Christ.<\/p>\n\n\n\n<p><mark style=\"background-color:rgba(var(--kubio-color-3), 1)\" class=\"has-inline-color\">1992<\/mark>&nbsp;: Joseph en Egypte (dessin anim\u00e9).&nbsp;&nbsp;&nbsp;&nbsp;<\/p>\n\n\n\n<p>1993&nbsp;: Daniel (dessin anim\u00e9).<\/p>\n\n\n\n<p>1994&nbsp;: La bible&nbsp;: la Gen\u00e8se.<\/p>\n\n\n\n<p>1995&nbsp;: Joseph&nbsp;; Marie de Nazareth.&nbsp;&nbsp;&nbsp;&nbsp;&nbsp;&nbsp;&nbsp;&nbsp;&nbsp;&nbsp;&nbsp;&nbsp;&nbsp;&nbsp;&nbsp;&nbsp;&nbsp;&nbsp;&nbsp;&nbsp;&nbsp;&nbsp;&nbsp;&nbsp;&nbsp;&nbsp;&nbsp;&nbsp;&nbsp;&nbsp;&nbsp;&nbsp;&nbsp;&nbsp;&nbsp;&nbsp;&nbsp;&nbsp;&nbsp;&nbsp;&nbsp;&nbsp;&nbsp;&nbsp;&nbsp;&nbsp;&nbsp;&nbsp;&nbsp; 10 films (dans la d\u00e9cennie)<\/p>\n\n\n\n<p>1997&nbsp;: La bible&nbsp;: David.<\/p>\n\n\n\n<p>1998&nbsp;: Le prince d\u2019Egypte (dessin anim\u00e9).<\/p>\n\n\n\n<p>1999&nbsp;: Marie, m\u00e8re de J\u00e9sus&nbsp;; La bible&nbsp;: Esther&nbsp;; La Gen\u00e8se.<\/p>\n\n\n\n<p><mark style=\"background-color:rgba(var(--kubio-color-2), 1)\" class=\"has-inline-color\">2000<\/mark>&nbsp;: Joseph, roi des r\u00eaves&nbsp;; Il \u00e9tait une fois J\u00e9sus&nbsp;; Abraham le proph\u00e8te.&nbsp;<\/p>\n\n\n\n<p>2003&nbsp;: Ben Hur (dessin anim\u00e9)&nbsp;; La bible visuelle&nbsp;: l\u2019\u00e9vangile de Jean.<\/p>\n\n\n\n<p>2004&nbsp;: La passion du Christ.&nbsp;&nbsp;&nbsp;&nbsp;&nbsp;&nbsp;&nbsp;&nbsp;&nbsp;&nbsp;&nbsp;&nbsp;&nbsp;&nbsp;&nbsp;&nbsp;&nbsp;&nbsp;&nbsp;&nbsp;&nbsp;&nbsp;&nbsp;&nbsp;&nbsp;&nbsp;&nbsp;&nbsp;&nbsp;&nbsp;&nbsp;&nbsp;&nbsp;&nbsp;&nbsp;&nbsp;&nbsp;&nbsp;&nbsp;&nbsp;&nbsp;&nbsp;&nbsp;&nbsp;&nbsp;&nbsp;&nbsp;&nbsp;&nbsp;&nbsp;&nbsp;&nbsp;&nbsp;&nbsp;&nbsp;&nbsp;&nbsp;&nbsp;&nbsp;&nbsp;&nbsp;&nbsp;&nbsp;&nbsp;&nbsp;&nbsp;&nbsp;&nbsp;&nbsp;&nbsp;&nbsp;&nbsp;&nbsp;&nbsp;&nbsp;&nbsp;&nbsp;&nbsp;&nbsp;&nbsp;&nbsp;&nbsp; 8 films (dans la d\u00e9cennie)<\/p>\n\n\n\n<p>2006&nbsp;: Esther, reine de Perse.<\/p>\n\n\n\n<p>2007&nbsp;: Les dix commandements (dessin anim\u00e9).<\/p>\n\n\n\n<p><mark style=\"background-color:rgba(var(--kubio-color-3), 1)\" class=\"has-inline-color\">2014<\/mark>&nbsp;: No\u00e9&nbsp;; Exode&nbsp;: dieux et rois.&nbsp;&nbsp;&nbsp;&nbsp;&nbsp;&nbsp;&nbsp;&nbsp;&nbsp;&nbsp;&nbsp;&nbsp;&nbsp;&nbsp;&nbsp;&nbsp;&nbsp;&nbsp;&nbsp;&nbsp;&nbsp;&nbsp;&nbsp;&nbsp;&nbsp;&nbsp;&nbsp;&nbsp;&nbsp;<\/p>\n\n\n\n<p>2015&nbsp;: David et Goliath.&nbsp;&nbsp;&nbsp;&nbsp;&nbsp;&nbsp;&nbsp;&nbsp;&nbsp;&nbsp;&nbsp;&nbsp;&nbsp;&nbsp;&nbsp;&nbsp;&nbsp;&nbsp;&nbsp;&nbsp;&nbsp;&nbsp;&nbsp;&nbsp;&nbsp;&nbsp;&nbsp;&nbsp;&nbsp;&nbsp;&nbsp;&nbsp;&nbsp;&nbsp;&nbsp;&nbsp;&nbsp;&nbsp;&nbsp;&nbsp;&nbsp;&nbsp;&nbsp;&nbsp;&nbsp;&nbsp;&nbsp;&nbsp;&nbsp;&nbsp;&nbsp;&nbsp;&nbsp; 6 films (dans la d\u00e9cennie)<\/p>\n\n\n\n<p>2016&nbsp;: Ben Hur&nbsp;; David et Goliath&nbsp;; Joseph et Marie.<\/p>\n\n\n\n<p>Au total, 51 films sont sortis depuis 1948. Sans compter les films non r\u00e9pertori\u00e9s produits par des congr\u00e9gations religieuses, les s\u00e9ries TV.<\/p>\n\n\n\n<p>Propagande relay\u00e9e par un travail de fond dans l\u2019esprit des croyants&nbsp;: les \u00e9tudes th\u00e9ologiques qui sont dispens\u00e9es par \u2026 ceux qui se font appeler juifs.<\/p>\n\n\n\n<p><mark style=\"background-color:rgba(0, 0, 0, 0)\" class=\"has-inline-color has-kubio-color-2-color\">Quel est l\u2019objectif de cela&nbsp;?<\/mark><\/p>\n\n\n\n<p>Le but pernicieux de cette propagande hollywoodienne est de formater l\u2019esprit de tous les croyants dans le Cr\u00e9ateur, d\u2019une part, et d\u2019autre part, donner des arguments pour conforter cette supercherie que le \u00ab&nbsp;peuple \u00e9lu&nbsp;\u00bb est un peuple leucoderme, et que ceux qui ont colonis\u00e9 J\u00e9rusalem sont bien \u00ab&nbsp;chez eux&nbsp;\u00bb, et qu\u2019ils ont le droit inali\u00e9nable d\u2019\u00eatre \u00ab&nbsp;chez eux&nbsp;\u00bb qui ne leur appartient point.<\/p>\n\n\n\n<p><mark style=\"background-color:rgba(0, 0, 0, 0)\" class=\"has-inline-color has-kubio-color-2-color\">Comment ces \u00e9trangers ont-ils fait pour s\u2019accaparer le Bien de KONGO&nbsp;?<\/mark><\/p>\n\n\n\n<p><mark style=\"background-color:rgba(0, 0, 0, 0)\" class=\"has-inline-color has-kubio-color-1-color\">Gen\u00e8se (Biluse) 9, v27<\/mark> : Que Dieu multiplie la post\u00e9rit\u00e9 de Japheth, et qu\u2019il habite dans les tentes de Sem ; et que Chanaan soit son esclave !<\/p>\n\n\n\n<p><strong>Vulgate<\/strong> : Dilatet Deus Japheth, et habitet in tabernaculis Sem, sitque Chanaan servus ejus.<\/p>\n\n\n\n<p>              (Que Dieu \u00e9tende Japhet, qu&rsquo;il habite dans les tentes de Sem, et que Canaan soit son esclave.)<\/p>\n\n\n\n<p><\/p>\n\n\n\n<p>Il faut bien comprendre les choses&nbsp;: si ce peuple \u00ab&nbsp;sans intelligence&nbsp;\u00bb ment sur sa v\u00e9ritable identit\u00e9, il en va de soit qu\u2019il continuera de mentir co\u00fbte que co\u00fbte. M\u00eame si ils r\u00e9v\u00e8lent des choses vraies et v\u00e9ritables, tant qu&rsquo;ils ne confessent pas la v\u00e9rit\u00e9 sur leur v\u00e9ritable identit\u00e9, tant qu&rsquo;ils ne s&rsquo;en repentent pas et qu&rsquo;ils ne  r\u00e9parent pas leurs fautes, ils seront toujours dans le mensonge, et leurs p\u00e9ch\u00e9s sont compt\u00e9s doubles.<\/p>\n\n\n\n<p><\/p>\n\n\n\n<p><mark style=\"background-color:rgba(0, 0, 0, 0)\" class=\"has-inline-color has-kubio-color-1-color\">Testament des patriarches, Livre de Sala (Aser)<\/mark> :<\/p>\n\n\n\n<p><\/p>\n\n\n<div class=\"wp-block-image\">\n<figure class=\"aligncenter size-full\"><img loading=\"lazy\" decoding=\"async\" width=\"798\" height=\"166\" src=\"https:\/\/omdmhyd.org\/wp-content\/uploads\/2025\/05\/image-55.png\" alt=\"\" class=\"wp-image-4269\" srcset=\"https:\/\/omdmhyd.org\/wp-content\/uploads\/2025\/05\/image-55.png 798w, https:\/\/omdmhyd.org\/wp-content\/uploads\/2025\/05\/image-55-300x62.png 300w, https:\/\/omdmhyd.org\/wp-content\/uploads\/2025\/05\/image-55-768x160.png 768w, https:\/\/omdmhyd.org\/wp-content\/uploads\/2025\/05\/image-55-600x125.png 600w\" sizes=\"(max-width: 798px) 100vw, 798px\" \/><\/figure>\n<\/div>\n\n<div class=\"wp-block-image\">\n<figure class=\"aligncenter size-full\"><img loading=\"lazy\" decoding=\"async\" width=\"784\" height=\"168\" src=\"https:\/\/omdmhyd.org\/wp-content\/uploads\/2025\/05\/image-56.png\" alt=\"\" class=\"wp-image-4270\" srcset=\"https:\/\/omdmhyd.org\/wp-content\/uploads\/2025\/05\/image-56.png 784w, https:\/\/omdmhyd.org\/wp-content\/uploads\/2025\/05\/image-56-300x64.png 300w, https:\/\/omdmhyd.org\/wp-content\/uploads\/2025\/05\/image-56-768x165.png 768w, https:\/\/omdmhyd.org\/wp-content\/uploads\/2025\/05\/image-56-600x129.png 600w\" sizes=\"(max-width: 784px) 100vw, 784px\" \/><\/figure>\n<\/div>\n\n\n<p><\/p>\n\n\n\n<p>Le passage d\u2019<mark style=\"background-color:rgba(0, 0, 0, 0)\" class=\"has-inline-color has-kubio-color-1-color\">Ez\u00e9chiel 36, v3-5<\/mark> donne des \u00e9l\u00e9ments importants \u00e0 ne pas passer sous silence&nbsp;:<\/p>\n\n\n\n<p><strong>a)<\/strong> ces occupants \u00e9trangers se moquent en r\u00e9alit\u00e9 de la Terre Sainte d\u2019Isolele en la souillant constamment.<\/p>\n\n\n\n<p><strong>b)<\/strong> KONGO dit bien qu\u2019IL r\u00e9pandra sa fureur contre Edom tout entier qui a vol\u00e9 le bien de KONGO.<\/p>\n\n\n<div class=\"wp-block-image\">\n<figure class=\"aligncenter size-full is-resized\"><img loading=\"lazy\" decoding=\"async\" width=\"652\" height=\"129\" src=\"https:\/\/omdmhyd.org\/wp-content\/uploads\/2025\/05\/image-24.png\" alt=\"\" class=\"wp-image-4203\" style=\"width:888px;height:auto\" srcset=\"https:\/\/omdmhyd.org\/wp-content\/uploads\/2025\/05\/image-24.png 652w, https:\/\/omdmhyd.org\/wp-content\/uploads\/2025\/05\/image-24-300x59.png 300w, https:\/\/omdmhyd.org\/wp-content\/uploads\/2025\/05\/image-24-600x119.png 600w\" sizes=\"(max-width: 652px) 100vw, 652px\" \/><\/figure>\n<\/div>\n\n<div class=\"wp-block-image\">\n<figure class=\"aligncenter size-full is-resized\"><img loading=\"lazy\" decoding=\"async\" width=\"684\" height=\"282\" src=\"https:\/\/omdmhyd.org\/wp-content\/uploads\/2025\/05\/image-25.png\" alt=\"\" class=\"wp-image-4204\" style=\"width:988px;height:auto\" srcset=\"https:\/\/omdmhyd.org\/wp-content\/uploads\/2025\/05\/image-25.png 684w, https:\/\/omdmhyd.org\/wp-content\/uploads\/2025\/05\/image-25-300x124.png 300w, https:\/\/omdmhyd.org\/wp-content\/uploads\/2025\/05\/image-25-600x247.png 600w\" sizes=\"(max-width: 684px) 100vw, 684px\" \/><\/figure>\n<\/div>\n\n\n<p><strong>Premier point <\/strong>de cette supercherie, c\u2019est qu\u2019ils ont d\u00e9tourn\u00e9 la proph\u00e9tie concernant Isolele \u00e0 leur profit de mani\u00e8re fallacieuse.<\/p>\n\n\n\n<p><strong>Deuxi\u00e8me point<\/strong>, cette entreprise satanique est mont\u00e9e sur un projet bien ficel\u00e9 en plusieurs \u00e9tapes afin de berner toute l\u2019humanit\u00e9.<\/p>\n\n\n\n<p>A ce sujet, quelqu\u2019un disait que&nbsp;: \u00ab&nbsp;L\u2019esprit humain est plus enclin \u00e0 croire au mensonge qu\u2019en la v\u00e9rit\u00e9. Pour cela, il faut respecter deux principes&nbsp;: premi\u00e8rement, il faut que le mensonge soit gros, et deuxi\u00e8mement, il faut le r\u00e9p\u00e9ter plusieurs fois.&nbsp;\u00bb A. Hitler.<\/p>\n\n\n\n<p>V\u00e9rifions cela&nbsp;:<\/p>\n\n\n<div class=\"wp-block-image\">\n<figure class=\"alignleft size-full is-resized\"><img loading=\"lazy\" decoding=\"async\" width=\"156\" height=\"223\" src=\"https:\/\/omdmhyd.org\/wp-content\/uploads\/2025\/05\/image-26.png\" alt=\"\" class=\"wp-image-4205\" style=\"width:215px;height:auto\"\/><\/figure>\n<\/div>\n\n<div class=\"wp-block-image\">\n<figure class=\"aligncenter size-full is-resized\"><img loading=\"lazy\" decoding=\"async\" width=\"475\" height=\"276\" src=\"https:\/\/omdmhyd.org\/wp-content\/uploads\/2025\/05\/image-27.png\" alt=\"\" class=\"wp-image-4206\" style=\"width:692px;height:auto\" srcset=\"https:\/\/omdmhyd.org\/wp-content\/uploads\/2025\/05\/image-27.png 475w, https:\/\/omdmhyd.org\/wp-content\/uploads\/2025\/05\/image-27-300x174.png 300w\" sizes=\"(max-width: 475px) 100vw, 475px\" \/><\/figure>\n<\/div>\n\n<div class=\"wp-block-image\">\n<figure class=\"aligncenter size-full is-resized\"><img loading=\"lazy\" decoding=\"async\" width=\"585\" height=\"440\" src=\"https:\/\/omdmhyd.org\/wp-content\/uploads\/2025\/05\/image-28.png\" alt=\"\" class=\"wp-image-4207\" style=\"width:702px;height:auto\" srcset=\"https:\/\/omdmhyd.org\/wp-content\/uploads\/2025\/05\/image-28.png 585w, https:\/\/omdmhyd.org\/wp-content\/uploads\/2025\/05\/image-28-300x226.png 300w\" sizes=\"(max-width: 585px) 100vw, 585px\" \/><\/figure>\n<\/div>\n\n<div class=\"wp-block-image\">\n<figure class=\"aligncenter size-full is-resized\"><img loading=\"lazy\" decoding=\"async\" width=\"601\" height=\"329\" src=\"https:\/\/omdmhyd.org\/wp-content\/uploads\/2025\/05\/image-29.png\" alt=\"\" class=\"wp-image-4208\" style=\"width:700px;height:auto\" srcset=\"https:\/\/omdmhyd.org\/wp-content\/uploads\/2025\/05\/image-29.png 601w, https:\/\/omdmhyd.org\/wp-content\/uploads\/2025\/05\/image-29-300x164.png 300w\" sizes=\"(max-width: 601px) 100vw, 601px\" \/><\/figure>\n<\/div>\n\n<div class=\"wp-block-image\">\n<figure class=\"aligncenter size-full is-resized\"><img loading=\"lazy\" decoding=\"async\" width=\"614\" height=\"483\" src=\"https:\/\/omdmhyd.org\/wp-content\/uploads\/2025\/05\/image-31.png\" alt=\"\" class=\"wp-image-4210\" style=\"width:698px;height:auto\" srcset=\"https:\/\/omdmhyd.org\/wp-content\/uploads\/2025\/05\/image-31.png 614w, https:\/\/omdmhyd.org\/wp-content\/uploads\/2025\/05\/image-31-300x236.png 300w, https:\/\/omdmhyd.org\/wp-content\/uploads\/2025\/05\/image-31-600x472.png 600w\" sizes=\"(max-width: 614px) 100vw, 614px\" \/><\/figure>\n<\/div>\n\n<div class=\"wp-block-image\">\n<figure class=\"aligncenter size-full is-resized\"><img loading=\"lazy\" decoding=\"async\" width=\"619\" height=\"184\" src=\"https:\/\/omdmhyd.org\/wp-content\/uploads\/2025\/05\/image-32.png\" alt=\"\" class=\"wp-image-4211\" style=\"width:706px;height:auto\" srcset=\"https:\/\/omdmhyd.org\/wp-content\/uploads\/2025\/05\/image-32.png 619w, https:\/\/omdmhyd.org\/wp-content\/uploads\/2025\/05\/image-32-300x89.png 300w, https:\/\/omdmhyd.org\/wp-content\/uploads\/2025\/05\/image-32-600x178.png 600w\" sizes=\"(max-width: 619px) 100vw, 619px\" \/><\/figure>\n<\/div>\n\n<div class=\"wp-block-image\">\n<figure class=\"aligncenter size-full is-resized\"><img loading=\"lazy\" decoding=\"async\" width=\"623\" height=\"409\" src=\"https:\/\/omdmhyd.org\/wp-content\/uploads\/2025\/05\/image-33.png\" alt=\"\" class=\"wp-image-4212\" style=\"width:690px;height:auto\" srcset=\"https:\/\/omdmhyd.org\/wp-content\/uploads\/2025\/05\/image-33.png 623w, https:\/\/omdmhyd.org\/wp-content\/uploads\/2025\/05\/image-33-300x197.png 300w, https:\/\/omdmhyd.org\/wp-content\/uploads\/2025\/05\/image-33-600x394.png 600w\" sizes=\"(max-width: 623px) 100vw, 623px\" \/><\/figure>\n<\/div>\n\n<div class=\"wp-block-image\">\n<figure class=\"aligncenter size-full is-resized\"><img loading=\"lazy\" decoding=\"async\" width=\"623\" height=\"289\" src=\"https:\/\/omdmhyd.org\/wp-content\/uploads\/2025\/05\/image-35.png\" alt=\"\" class=\"wp-image-4214\" style=\"width:679px;height:auto\" srcset=\"https:\/\/omdmhyd.org\/wp-content\/uploads\/2025\/05\/image-35.png 623w, https:\/\/omdmhyd.org\/wp-content\/uploads\/2025\/05\/image-35-300x139.png 300w, https:\/\/omdmhyd.org\/wp-content\/uploads\/2025\/05\/image-35-600x278.png 600w\" sizes=\"(max-width: 623px) 100vw, 623px\" \/><\/figure>\n<\/div>\n\n<div class=\"wp-block-image\">\n<figure class=\"aligncenter size-full is-resized\"><img loading=\"lazy\" decoding=\"async\" width=\"630\" height=\"368\" src=\"https:\/\/omdmhyd.org\/wp-content\/uploads\/2025\/05\/image-37.png\" alt=\"\" class=\"wp-image-4216\" style=\"width:692px;height:auto\" srcset=\"https:\/\/omdmhyd.org\/wp-content\/uploads\/2025\/05\/image-37.png 630w, https:\/\/omdmhyd.org\/wp-content\/uploads\/2025\/05\/image-37-300x175.png 300w, https:\/\/omdmhyd.org\/wp-content\/uploads\/2025\/05\/image-37-600x350.png 600w\" sizes=\"(max-width: 630px) 100vw, 630px\" \/><\/figure>\n<\/div>\n\n<div class=\"wp-block-image\">\n<figure class=\"aligncenter size-full is-resized\"><img loading=\"lazy\" decoding=\"async\" width=\"630\" height=\"382\" src=\"https:\/\/omdmhyd.org\/wp-content\/uploads\/2025\/05\/image-39.png\" alt=\"\" class=\"wp-image-4218\" style=\"width:696px;height:auto\" srcset=\"https:\/\/omdmhyd.org\/wp-content\/uploads\/2025\/05\/image-39.png 630w, https:\/\/omdmhyd.org\/wp-content\/uploads\/2025\/05\/image-39-300x182.png 300w, https:\/\/omdmhyd.org\/wp-content\/uploads\/2025\/05\/image-39-240x145.png 240w, https:\/\/omdmhyd.org\/wp-content\/uploads\/2025\/05\/image-39-600x364.png 600w\" sizes=\"(max-width: 630px) 100vw, 630px\" \/><\/figure>\n<\/div>\n\n<div class=\"wp-block-image\">\n<figure class=\"aligncenter size-full is-resized\"><img loading=\"lazy\" decoding=\"async\" width=\"637\" height=\"204\" src=\"https:\/\/omdmhyd.org\/wp-content\/uploads\/2025\/05\/image-40.png\" alt=\"\" class=\"wp-image-4219\" style=\"width:718px;height:auto\" srcset=\"https:\/\/omdmhyd.org\/wp-content\/uploads\/2025\/05\/image-40.png 637w, https:\/\/omdmhyd.org\/wp-content\/uploads\/2025\/05\/image-40-300x96.png 300w, https:\/\/omdmhyd.org\/wp-content\/uploads\/2025\/05\/image-40-600x192.png 600w\" sizes=\"(max-width: 637px) 100vw, 637px\" \/><\/figure>\n<\/div>\n\n<div class=\"wp-block-image\">\n<figure class=\"aligncenter size-full is-resized\"><img loading=\"lazy\" decoding=\"async\" width=\"633\" height=\"375\" src=\"https:\/\/omdmhyd.org\/wp-content\/uploads\/2025\/05\/image-42.png\" alt=\"\" class=\"wp-image-4221\" style=\"width:711px;height:auto\" srcset=\"https:\/\/omdmhyd.org\/wp-content\/uploads\/2025\/05\/image-42.png 633w, https:\/\/omdmhyd.org\/wp-content\/uploads\/2025\/05\/image-42-300x178.png 300w, https:\/\/omdmhyd.org\/wp-content\/uploads\/2025\/05\/image-42-600x355.png 600w\" sizes=\"(max-width: 633px) 100vw, 633px\" \/><\/figure>\n<\/div>\n\n<div class=\"wp-block-image\">\n<figure class=\"aligncenter size-full is-resized\"><img loading=\"lazy\" decoding=\"async\" width=\"621\" height=\"266\" src=\"https:\/\/omdmhyd.org\/wp-content\/uploads\/2025\/05\/image-43.png\" alt=\"\" class=\"wp-image-4222\" style=\"width:682px;height:auto\" srcset=\"https:\/\/omdmhyd.org\/wp-content\/uploads\/2025\/05\/image-43.png 621w, https:\/\/omdmhyd.org\/wp-content\/uploads\/2025\/05\/image-43-300x129.png 300w, https:\/\/omdmhyd.org\/wp-content\/uploads\/2025\/05\/image-43-600x257.png 600w\" sizes=\"(max-width: 621px) 100vw, 621px\" \/><\/figure>\n<\/div>\n\n<div class=\"wp-block-image\">\n<figure class=\"aligncenter size-full is-resized\"><img loading=\"lazy\" decoding=\"async\" width=\"633\" height=\"113\" src=\"https:\/\/omdmhyd.org\/wp-content\/uploads\/2025\/05\/image-44.png\" alt=\"\" class=\"wp-image-4223\" style=\"width:700px;height:auto\" srcset=\"https:\/\/omdmhyd.org\/wp-content\/uploads\/2025\/05\/image-44.png 633w, https:\/\/omdmhyd.org\/wp-content\/uploads\/2025\/05\/image-44-300x54.png 300w, https:\/\/omdmhyd.org\/wp-content\/uploads\/2025\/05\/image-44-600x107.png 600w\" sizes=\"(max-width: 633px) 100vw, 633px\" \/><\/figure>\n<\/div>\n\n<div class=\"wp-block-image\">\n<figure class=\"aligncenter size-full is-resized\"><img loading=\"lazy\" decoding=\"async\" width=\"612\" height=\"470\" src=\"https:\/\/omdmhyd.org\/wp-content\/uploads\/2025\/05\/image-46.png\" alt=\"\" class=\"wp-image-4225\" style=\"width:675px;height:auto\" srcset=\"https:\/\/omdmhyd.org\/wp-content\/uploads\/2025\/05\/image-46.png 612w, https:\/\/omdmhyd.org\/wp-content\/uploads\/2025\/05\/image-46-300x230.png 300w, https:\/\/omdmhyd.org\/wp-content\/uploads\/2025\/05\/image-46-600x461.png 600w\" sizes=\"(max-width: 612px) 100vw, 612px\" \/><\/figure>\n<\/div>\n\n<div class=\"wp-block-image\">\n<figure class=\"aligncenter size-full is-resized\"><img loading=\"lazy\" decoding=\"async\" width=\"612\" height=\"356\" src=\"https:\/\/omdmhyd.org\/wp-content\/uploads\/2025\/05\/image-48.png\" alt=\"\" class=\"wp-image-4227\" style=\"width:691px;height:auto\" srcset=\"https:\/\/omdmhyd.org\/wp-content\/uploads\/2025\/05\/image-48.png 612w, https:\/\/omdmhyd.org\/wp-content\/uploads\/2025\/05\/image-48-300x175.png 300w, https:\/\/omdmhyd.org\/wp-content\/uploads\/2025\/05\/image-48-600x349.png 600w\" sizes=\"(max-width: 612px) 100vw, 612px\" \/><\/figure>\n<\/div>\n\n<div class=\"wp-block-image\">\n<figure class=\"aligncenter size-full is-resized\"><img loading=\"lazy\" decoding=\"async\" width=\"608\" height=\"103\" src=\"https:\/\/omdmhyd.org\/wp-content\/uploads\/2025\/05\/image-49.png\" alt=\"\" class=\"wp-image-4228\" style=\"width:702px;height:auto\" srcset=\"https:\/\/omdmhyd.org\/wp-content\/uploads\/2025\/05\/image-49.png 608w, https:\/\/omdmhyd.org\/wp-content\/uploads\/2025\/05\/image-49-300x51.png 300w, https:\/\/omdmhyd.org\/wp-content\/uploads\/2025\/05\/image-49-600x102.png 600w\" sizes=\"(max-width: 608px) 100vw, 608px\" \/><\/figure>\n<\/div>\n\n<div class=\"wp-block-image\">\n<figure class=\"aligncenter size-full is-resized\"><img loading=\"lazy\" decoding=\"async\" width=\"604\" height=\"383\" src=\"https:\/\/omdmhyd.org\/wp-content\/uploads\/2025\/05\/image-51.png\" alt=\"\" class=\"wp-image-4230\" style=\"width:699px;height:auto\" srcset=\"https:\/\/omdmhyd.org\/wp-content\/uploads\/2025\/05\/image-51.png 604w, https:\/\/omdmhyd.org\/wp-content\/uploads\/2025\/05\/image-51-300x190.png 300w, https:\/\/omdmhyd.org\/wp-content\/uploads\/2025\/05\/image-51-600x380.png 600w\" sizes=\"(max-width: 604px) 100vw, 604px\" \/><\/figure>\n<\/div>\n\n<div class=\"wp-block-image\">\n<figure class=\"aligncenter size-full is-resized\"><img loading=\"lazy\" decoding=\"async\" width=\"609\" height=\"425\" src=\"https:\/\/omdmhyd.org\/wp-content\/uploads\/2025\/05\/image-53.png\" alt=\"\" class=\"wp-image-4232\" style=\"width:692px;height:auto\" srcset=\"https:\/\/omdmhyd.org\/wp-content\/uploads\/2025\/05\/image-53.png 609w, https:\/\/omdmhyd.org\/wp-content\/uploads\/2025\/05\/image-53-300x209.png 300w, https:\/\/omdmhyd.org\/wp-content\/uploads\/2025\/05\/image-53-600x419.png 600w\" sizes=\"(max-width: 609px) 100vw, 609px\" \/><\/figure>\n<\/div>\n\n\n<p><\/p>\n\n\n\n<p><strong>Documentation suppl\u00e9mentaire.<\/strong><\/p>\n\n\n\n<p><\/p>\n\n\n\n<div data-wp-interactive=\"core\/file\" class=\"wp-block-file aligncenter\"><object data-wp-bind--hidden=\"!state.hasPdfPreview\" hidden class=\"wp-block-file__embed\" data=\"https:\/\/omdmhyd.org\/wp-content\/uploads\/2025\/05\/symbolisme.pdf\" type=\"application\/pdf\" style=\"width:100%;height:590px\" aria-label=\"Contenu embarqu\u00e9 symbolisme.\"><\/object><a id=\"wp-block-file--media-6686c33c-6293-4d5d-82b3-811196326f75\" href=\"https:\/\/omdmhyd.org\/wp-content\/uploads\/2025\/05\/symbolisme.pdf\">symbolisme<\/a><a href=\"https:\/\/omdmhyd.org\/wp-content\/uploads\/2025\/05\/symbolisme.pdf\" class=\"wp-block-file__button wp-element-button\" download aria-describedby=\"wp-block-file--media-6686c33c-6293-4d5d-82b3-811196326f75\">T\u00e9l\u00e9charger<\/a><\/div>\n\n\n\n<p><\/p>\n\n\n\n<p><\/p>\n\n\n\n<p><mark style=\"background-color:rgba(var(--kubio-color-3), 1)\" class=\"has-inline-color\">Vid\u00e9o 7 <\/mark>: le v\u00e9ritable \u00ab\u00a0sacrifice de feu\u00a0\u00bb<\/p>\n\n\n\n<figure class=\"wp-block-embed is-type-video is-provider-youtube wp-block-embed-youtube wp-embed-aspect-16-9 wp-has-aspect-ratio\"><div class=\"wp-block-embed__wrapper\">\n<iframe loading=\"lazy\" title=\"holocauste\" width=\"540\" height=\"960\" src=\"https:\/\/www.youtube.com\/embed\/sq8xlFYR8Q8?feature=oembed\" frameborder=\"0\" allow=\"accelerometer; autoplay; clipboard-write; encrypted-media; gyroscope; picture-in-picture; web-share\" referrerpolicy=\"strict-origin-when-cross-origin\" allowfullscreen><\/iframe>\n<\/div><\/figure>\n\n\n\n<p>En conclusion, cette machination d\u2019&nbsp;\u00ab&nbsp;\u00e9tat d\u2019Isra\u00ebl&nbsp;\u00bb est une \u0153uvre satanique afin de dominer le monde en instaurant une matrice mensong\u00e8re dans laquelle tous les humains seraient \u00e0 la fois des proies pour le satan ou l\u2019ennemi de tout bien, et des soldats acquis \u00e0 d\u00e9fendre le syst\u00e8me satanique.<\/p>\n\n\n\n<p>L&rsquo;argument factice et mensonger du \u00ab\u00a0nous avons subi l&rsquo;holocauste, les massacres\u00a0\u00bb n&rsquo;est pas valide dans la mesure o\u00f9 il s&rsquo;agit d&rsquo;un demi g\u00e9nocide intra communautaire, khazars ashk\u00e9nazes et berb\u00e8res s\u00e9pharades contre khazars ashk\u00e9nazes et berb\u00e8res s\u00e9pharades, dans la mesure o\u00f9 il y a mensonge et manipulation.<\/p>\n\n\n\n<p><mark style=\"background-color:rgba(0, 0, 0, 0);color:#ed1036\" class=\"has-inline-color\">Pleure-t-on sur les millions de vies d\u00e9truites lors de la d\u00e9portation des S\u00e9mites Isra\u00e9lites Bakongo depuis 1619 jusqu&rsquo;au milieu du 19\u00e8me si\u00e8cle \u00e0 cause des \u00e9domites ?<\/mark><\/p>\n\n\n\n<p><mark style=\"background-color:rgba(0, 0, 0, 0);color:#ee0a0a\" class=\"has-inline-color\">Enseigne-t-on dans les \u00e9coles et universit\u00e9s que des millions de vies de S\u00e9mites Isra\u00e9lites Bakongo ont \u00e9t\u00e9 d\u00e9truites durant leur d\u00e9portation depuis 1619 jusqu&rsquo;au milieu du 19\u00e8me si\u00e8cle \u00e0 cause des \u00e9domites ?<\/mark><\/p>\n\n\n\n<p><mark style=\"background-color:rgba(0, 0, 0, 0);color:#ef0505\" class=\"has-inline-color\">Enseigne-t-on dans les \u00e9coles et universit\u00e9s que des millions de vies de S\u00e9mites Isra\u00e9lites \u00ab\u00a0Bantous\u00a0\u00bb et d&rsquo;africains ont \u00e9t\u00e9 d\u00e9truites depuis la conf\u00e9rence de Berlin en 1885 \u00e0 cause des  \u00e9domites ?<\/mark><\/p>\n\n\n\n<p><mark style=\"background-color:rgba(0, 0, 0, 0);color:#f50000\" class=\"has-inline-color\">Enseigne-t-on dans les \u00e9coles et unversit\u00e9s \u00e0 pleurer sur les victimes asiatiques &#8211; oc\u00e9aniennes &#8211; am\u00e9ridiennes caus\u00e9es par les \u00e9domites ?<\/mark><\/p>\n\n\n\n<p>Tout ce qui est enseign\u00e9 dans les \u00e9coles et universit\u00e9s \u00e9domites n&rsquo;est que mensonge. Tout ce qui est enseign\u00e9 dans les \u00e9coles et universit\u00e9s \u00e9domites ne met en avant que la gloire d&rsquo;Edom (Occident).<\/p>\n\n\n\n<p><mark style=\"background-color:rgba(0, 0, 0, 0)\" class=\"has-inline-color has-kubio-color-2-color\">Croyez-vous que KONGO ait demand\u00e9 de trucider des millions de vies sur deux guerres mondiales&nbsp;?<\/mark> <mark style=\"background-color:rgba(0, 0, 0, 0)\" class=\"has-inline-color has-kubio-color-2-color\">Croyez-vous que KONGO ait organis\u00e9 deux guerres mondiales juste pour se satisfaire d\u2019un sacrifice ou plut\u00f4t d\u2019une \u00e9limination de masse de vies humaines&nbsp;?<\/mark> <mark style=\"background-color:rgba(0, 0, 0, 0)\" class=\"has-inline-color has-kubio-color-2-color\">Croyez-vous que KONGO ait cr\u00e9\u00e9 cet \u00e9tat sur le mensonge, la sorcellerie, le satanisme&nbsp;?<\/mark> NON, NON et NON.<\/p>\n\n\n\n<p>KONGO est Vie, Amour, V\u00c9RIT\u00c9.<\/p>\n\n\n\n<p>Quel est l\u2019int\u00e9r\u00eat pour Edom et Amalek (Maleki = les assassins) de coloniser \u00e0 tout prix, peu importe les moyens, J\u00e9rusalem (Yalusalama)&nbsp;?<\/p>\n\n\n\n<p>Il faut savoir qu\u2019en 1905, les talmudiques ont voulu s\u2019installer en Afrique, notamment en Ouganda. Mais apr\u00e8s une exp\u00e9dition infructueuse et des discussions n\u00e9gatives, les \u00e9lites poussent \u00e0 la conqu\u00eate de J\u00e9rusalem. <mark style=\"background-color:rgba(0, 0, 0, 0)\" class=\"has-inline-color has-kubio-color-2-color\">Mais pourquoi&nbsp;?<\/mark><\/p>\n\n\n\n<p>Autant aller dans un livre que le Vatican a volontairement retir\u00e9.<\/p>\n\n\n\n<p><mark style=\"background-color:rgba(var(--kubio-color-1), 1)\" class=\"has-inline-color\">Le livre du combat d\u2019Adam et Eve<\/mark>.<\/p>\n\n\n\n<p>Livre 2&nbsp;:<\/p>\n\n\n\n<p><strong>Chapitre 8<\/strong>&nbsp;: L\u2019endroit o\u00f9 mon corps sera d\u00e9pos\u00e9 est <strong>le centre de la terre<\/strong>. Kongo y viendra et sauvera toute notre lign\u00e9e.<\/p>\n\n\n\n<p><strong>Chapitre 21<\/strong>&nbsp;: O mes fils, la Parole de Kongo viendra vers celui d\u2019entre vous qui restera et qui partira de cette terre pour qu\u2019il prenne avec lui le corps de notre p\u00e8re Dimuntu et le place <strong>au centre de la terre<\/strong>, \u00e0 l\u2019endroit o\u00f9 le salut se produira.<\/p>\n\n\n\n<p>Livre 3&nbsp;:<\/p>\n\n\n\n<p><strong>Chapitre 13<\/strong>&nbsp;: o\u00f9 tu d\u00e9poseras le corps [de Dimuntu], <strong>au centre de la terre<\/strong>, car dans ce m\u00eame lieu, Kongo produira Son salut pour le monde entier.<\/p>\n\n\n\n<p><strong>Chapitre 19<\/strong>&nbsp;: la Parole de Kongo descendra et souffrira et sera crucifi\u00e9 \u00e0 l\u2019endroit o\u00f9 mon corps sera d\u00e9pos\u00e9. La couronne de ma t\u00eate sera baptis\u00e9e de Son Sang et alors mon salut viendra et Il me restaurera dans mon royaume, me donnera ma pr\u00eatrise et mon don de proph\u00e9tie.<\/p>\n\n\n\n<p><strong>Chapitre 20<\/strong>&nbsp;: et de la m\u00eame mani\u00e8re que tu as plac\u00e9 ces 12 solides fondements de pierre, J\u2019\u00e9l\u00e8verai 12 ap\u00f4tres pour \u00eatre les piliers du monde. Et ils sont in\u00e9branlables. De la m\u00eame mani\u00e8re que tu as fait cet autel, Je te ferai un autel dans le monde. Et comme tu as fait une offrande de pain et vin, Je pr\u00e9senterai aussi l\u2019offrande de Mon corps et sang et ferai cela pour [\u00eatre] le pardon des p\u00e9ch\u00e9s. Et ce lieu o\u00f9 tu te tiens et dans lequel le corps de Dimuntu est d\u00e9pos\u00e9, J\u2019en ferai un lieu saint ; toutes cr\u00e9atures de la terre seront b\u00e9nies en lui, et en lui J\u2019accorderai le pardon \u00e0 tous ceux qui viendront ici.<\/p>\n\n\n\n<p>Mais aussi, il ne faut pas oublier que les ossements des patriarches Ba\u2019Ala (Abraham), Yakaba (Jacob), Joseph (Iosa) sont plac\u00e9s en terre d\u2019Isolele.<\/p>\n\n\n\n<p>Donc, ces talmudiques se sont plac\u00e9s au centre de cette terre qui est J\u00e9rusalem (Yalusalama), et ils esp\u00e8rent avoir la Puissance de Nzambe. Sauf que KONGO ne les conna\u00eet pas, et ne rejette point sa Parole.<\/p>\n\n\n\n<p>\u00ab&nbsp;Celui qui est au centre contr\u00f4le le cercle&nbsp;\u00bb&nbsp;: Edom contr\u00f4le ce monde par le biais des talmudiques, mais ceci est pour un temps.<\/p>\n\n\n\n<p><mark style=\"background-color:rgba(0, 0, 0, 0)\" class=\"has-inline-color has-kubio-color-1-color\">Luc (Luka) 21, v24<\/mark>&nbsp;: Ils (Isra\u00e9lites) tomberont sous le tranchant de l&rsquo;\u00e9p\u00e9e, ils (Bakongo\/Jud\u00e9ens) seront emmen\u00e9s captifs parmi toutes les nations, et J\u00e9rusalem sera foul\u00e9e aux pieds par les nations , jusqu&rsquo;\u00e0 ce que les temps des nations soient accomplis.<\/p>\n\n\n\n<p><mark style=\"background-color:rgba(0, 0, 0, 0)\" class=\"has-inline-color has-kubio-color-2-color\">Qui sont ces nations contre les Isra\u00e9lites&nbsp;ou Bena Isolele ?<\/mark><\/p>\n\n\n\n<p><mark style=\"background-color:rgba(0, 0, 0, 0)\" class=\"has-inline-color has-kubio-color-1-color\">Psaume (Misambo) 83, v2-8<\/mark>&nbsp;: Car voici, tes ennemis s&rsquo;agitent, Ceux qui te ha\u00efssent l\u00e8vent la t\u00eate. <a href=\"https:\/\/saintebible.com\/psalms\/83-3.htm\">3<\/a> Ils forment contre ton peuple &nbsp;(Isolele) des projets pleins de ruse, Et ils d\u00e9lib\u00e8rent contre ceux (Isolele) que TU prot\u00e8ges. <a href=\"https:\/\/saintebible.com\/psalms\/83-4.htm\">4<\/a> Venez, disent-ils, exterminons-les (Isolele) du milieu des nations, Et qu&rsquo;on ne se souvienne plus du nom d&rsquo;Isolele! <a href=\"https:\/\/saintebible.com\/psalms\/83-5.htm\">5<\/a> Ils se concertent tous d&rsquo;un m\u00eame c\u0153ur, Ils font une alliance contre TOI ; <a href=\"https:\/\/saintebible.com\/psalms\/83-6.htm\">6<\/a> Les tentes d&rsquo;Edom (l\u2019occident) et les Isma\u00e9lites (Islam), Moab (berb\u00e8res) et les Hagar\u00e9niens, <a href=\"https:\/\/saintebible.com\/psalms\/83-7.htm\">7<\/a> Guebal, Ammon (berb\u00e8res), Amalek (juifs talmudiques), Les Philistins (kamites canan\u00e9ens) avec les habitants de Tyr (kamites canan\u00e9ens) ; <a href=\"https:\/\/saintebible.com\/psalms\/83-8.htm\">8<\/a> L&rsquo;Assyrie aussi se joint \u00e0 eux, Elle pr\u00eate son bras aux enfants de Lot (Moab et Ammon = Maroc).<\/p>\n\n\n\n<p>En conclusion par rapport \u00e0 tout ce qui a \u00e9t\u00e9 d\u00e9velopp\u00e9&nbsp;: l\u2019\u00e9tat d\u2019Isra\u00ebl ou khazarie orientale est une mascarade, un projet satanique bas\u00e9 sur le mensonge, le g\u00e9nocide, ayant pour objectif de tromper l\u2019Humanit\u00e9 et la perdre.<\/p>\n\n\n\n<p>Voici ce que KONGO dit de Isolele qui est son Projet n\u00e9 de sa Volont\u00e9&nbsp;:<\/p>\n\n\n\n<p><mark style=\"background-color:rgba(0, 0, 0, 0)\" class=\"has-inline-color has-kubio-color-1-color\">Livre des Jubil\u00e9s, chap. 2&nbsp;<\/mark>:<\/p>\n\n\n\n<p><mark style=\"background-color:rgba(0, 0, 0, 0)\" class=\"has-inline-color has-kubio-color-1-color\">17<\/mark> Et Il nous donna le jour du Nsambuadi comme grand signe pour que nous puissions travailler six jours mais garder repos le septi\u00e8me jour hors de tout travail.<\/p>\n\n\n\n<p><mark style=\"background-color:rgba(0, 0, 0, 0)\" class=\"has-inline-color has-kubio-color-1-color\">18<\/mark> Et tous les Anges de la Pr\u00e9sence et tous les Anges de souffle de feu, ces deux grandes classes, IL nous a engag\u00e9s de garder le Nsambuadi avec Lui au ciel et sur terre.<\/p>\n\n\n\n<p><mark style=\"background-color:rgba(0, 0, 0, 0)\" class=\"has-inline-color has-kubio-color-1-color\">19<\/mark> Et IL nous dit : Voici, Je s\u00e9parerai pour Moi un peuple parmi les peuples et ceux-l\u00e0 garderont le jour du Nsambuadi et Je les b\u00e9nirai et Je les sanctifierai pour Moi comme mon peuple comme J\u2019ai sanctifi\u00e9 le jour du Nsambuadi et [le] sanctifie pour Moi ; pareillement aussi Je les b\u00e9nirai et ils seront mon peuple et Je serai leur Elimo KONGO.<\/p>\n\n\n\n<p><mark style=\"background-color:rgba(0, 0, 0, 0)\" class=\"has-inline-color has-kubio-color-1-color\">20<\/mark> Et J\u2019ai choisi la semence de Yakaba parmi tout ce que j\u2019ai vu et Je l\u2019ai inscrit comme mon fils premier-n\u00e9 et l\u2019ai sanctifi\u00e9 pour Moi \u00e0 jamais et \u00e0 toujours et Je leur apprendrai le jour du Nsambuadi pour qu\u2019ils gardent repos hors de tout travail.<\/p>\n\n\n\n<p>C\u2019est l\u00e0 que cet article doit vous permettre d\u2019ouvrir vos yeux spirituels et votre conscience afin de vous poser les bonnes questions, des questions cens\u00e9es, logiques et de bon sens&nbsp;:<\/p>\n\n\n\n<ul class=\"wp-block-list\">\n<li><mark style=\"background-color:rgba(0, 0, 0, 0)\" class=\"has-inline-color has-kubio-color-3-color\">Comment des japh\u00e9tites (+ ce qu\u2019on a vu) peuvent-ils pr\u00e9tendre \u00eatre victimes d\u2019actes antis\u00e9mites&nbsp;?<\/mark><\/li>\n\n\n\n<li><mark style=\"background-color:rgba(0, 0, 0, 0)\" class=\"has-inline-color has-kubio-color-3-color\">Quand on demande aux croyants de prier pour ce \u00ab&nbsp;peuple \u00e9lu&nbsp;\u00bb, pour qui prient-ils en r\u00e9alit\u00e9&nbsp;?<\/mark><\/li>\n<\/ul>\n\n\n\n<p><\/p>\n\n\n\n<p>L&rsquo;objectif de cet article n&rsquo;est pas de juger \u00ab\u00a0ceux qui se font appeler juifs et isra\u00e9liens\u00a0\u00bb et qui colonisent une terre qui ne leur appartient point (ni maintenant ni dans le futur et encore moins dans le pass\u00e9), mais qu&rsquo;ils se regardent devant le miroir de la V\u00e9rit\u00e9 de KONGO, et qu&rsquo;ils comprennent d&rsquo;o\u00f9 ils viennent et quelles oeuvres ils cr\u00e9ent dans ce monde, afin d&rsquo;accepter la V\u00e9rit\u00e9 de KONGO, et qu&rsquo;ils changent de comportement.<\/p>\n\n\n\n<p>Yissa&rsquo;Yah Kongo disait \u00ab\u00a0<mark style=\"background-color:rgba(0, 0, 0, 0)\" class=\"has-inline-color has-kubio-color-1-color\">si vous Me suivez, vous conna\u00eetrez la V\u00e9rit\u00e9, et Elle vous affranchira<\/mark>\u00ab\u00a0. Il parle \u00e0 toutes les nations, pas qu&rsquo;aux Jud\u00e9ens Bakongo de son \u00e9poque et d&rsquo;aujourd&rsquo;hui. Tant que ceux qui se font appeler juifs et isra\u00e9liens n&rsquo;acceptent pas la V\u00e9rit\u00e9 de KONGO, tant qu&rsquo;ils n&rsquo;acceptent pas Yissa&rsquo;Yah KONGO comme Yah et Yissa (Seigneur et Sauveur), tant qu&rsquo;ils ne diront pas la V\u00e9rit\u00e9 sur leur vraie identit\u00e9<strong> japh\u00e9tite<\/strong>, tant qu&rsquo;ils n&rsquo;avoueront pas leurs fautes et crimes contre les Bena Isolele et contre les autres nations, tant qu&rsquo;ils ne demanderont pas pardon \u00e0 Tata Nzambe KONGO, tant qu&rsquo;ils ne demanderont pas pardon au V\u00e9ritable Peuple Elu Isolele, tant qu&rsquo;ils ne demanderont pas pardon aux autres nations, tant qu&rsquo;ils ne se repentiront pas de leurs crimes et tant qu&rsquo;ils ne feront pas r\u00e9paration, ils seront toujours ennemis de KONGO, ennemis du V\u00e9ritable Peuple Elu Isolele appel\u00e9 \u00ab\u00a0Bantous\u00a0\u00bb et \u00ab\u00a0Bakongo\u00a0\u00bb, et ennemis de tout Bien.<\/p>\n\n\n\n<p><strong>Petit Nota Bene<\/strong> : Bantous ou Bangala d&rsquo;Afrique + Bakongo d\u00e9port\u00e9s et esclavagis\u00e9s = S\u00e9mites H\u00e9breux Isra\u00e9lites (Bena Isolele) = par la g\u00e9n\u00e9alogie s\u00e9mite et le sang = Peuple Elu du Cr\u00e9ateur KONGO.<\/p>\n\n\n\n<p>juifs = japh\u00e9tites + kamito-japh\u00e9tites + kamites = convertion au talmud = non s\u00e9mites.<\/p>\n\n\n\n<p>Il est vraiment temps de se r\u00e9veiller spirituellement, et de se laisser instruire par KONGO.<\/p>\n\n\n\n<p>Matondo mingi \u00e0 mes fr\u00e8res Bena Isolele&nbsp;: Kiakesa, Tsiba Malonga.<\/p>\n\n\n\n<p>KEMBO KONGO&nbsp;! qui m&rsquo;aide beaucoup en m&rsquo;instruisant chaque jour.<\/p>\n\n\n\n<p><\/p>\n\n\n\n<p><strong><mark style=\"background-color:#e70808\" class=\"has-inline-color\">Vid\u00e9os compl\u00e9mentaires.<\/mark><\/strong><\/p>\n\n\n\n<p><strong>_1<\/strong><\/p>\n\n\n\n<figure class=\"wp-block-embed aligncenter is-type-video is-provider-youtube wp-block-embed-youtube wp-embed-aspect-16-9 wp-has-aspect-ratio\"><div class=\"wp-block-embed__wrapper\">\n<iframe loading=\"lazy\" title=\"La Proph\u00e9tie est en marche le Ch\u00e2timent des Edomites\" width=\"640\" height=\"360\" src=\"https:\/\/www.youtube.com\/embed\/o4g-7b-Q_MA?feature=oembed\" frameborder=\"0\" allow=\"accelerometer; autoplay; clipboard-write; encrypted-media; gyroscope; picture-in-picture; web-share\" referrerpolicy=\"strict-origin-when-cross-origin\" allowfullscreen><\/iframe>\n<\/div><\/figure>\n\n\n\n<p><\/p>\n\n\n\n<p><strong>_2<\/strong><\/p>\n\n\n\n<figure class=\"wp-block-embed is-type-video is-provider-youtube wp-block-embed-youtube wp-embed-aspect-16-9 wp-has-aspect-ratio\"><div class=\"wp-block-embed__wrapper\">\n<iframe loading=\"lazy\" title=\"Proph\u00e9tie. Parole du Dieu KONGO sur ce qui va se passer dans la Maison du Chef D\u2019Edom\" width=\"640\" height=\"360\" src=\"https:\/\/www.youtube.com\/embed\/rUxOzhLItuY?feature=oembed\" frameborder=\"0\" allow=\"accelerometer; autoplay; clipboard-write; encrypted-media; gyroscope; picture-in-picture; web-share\" referrerpolicy=\"strict-origin-when-cross-origin\" allowfullscreen><\/iframe>\n<\/div><\/figure>\n\n\n\n<p><\/p>\n\n\n\n<p><strong>_3<\/strong><\/p>\n\n\n\n<figure class=\"wp-block-embed aligncenter is-type-video is-provider-youtube wp-block-embed-youtube wp-embed-aspect-4-3 wp-has-aspect-ratio\"><div class=\"wp-block-embed__wrapper\">\n<iframe loading=\"lazy\" title=\"le mensonge bien organis\u00e9\" width=\"640\" height=\"480\" src=\"https:\/\/www.youtube.com\/embed\/nUyCPA-1cRg?feature=oembed\" frameborder=\"0\" allow=\"accelerometer; autoplay; clipboard-write; encrypted-media; gyroscope; picture-in-picture; web-share\" referrerpolicy=\"strict-origin-when-cross-origin\" allowfullscreen><\/iframe>\n<\/div><\/figure>\n\n\n\n<p><\/p>\n\n\n\n<ul class=\"wp-block-list\">\n<li>Document compl\u00e9mentaire.<\/li>\n<\/ul>\n\n\n\n<div data-wp-interactive=\"core\/file\" class=\"wp-block-file aligncenter\"><object data-wp-bind--hidden=\"!state.hasPdfPreview\" hidden class=\"wp-block-file__embed\" data=\"https:\/\/omdmhyd.org\/wp-content\/uploads\/2025\/05\/Le-Vatican-detient-legalement-la-propriete-de-toutes-les-ames\u2026Depuis-1306-1.pdf\" type=\"application\/pdf\" style=\"width:100%;height:600px\" aria-label=\"Contenu embarqu\u00e9 Le Vatican de\u0301tient le\u0301galement la proprie\u0301te\u0301 de toutes les a\u0302mes\u2026Depuis 1306-1.\"><\/object><a id=\"wp-block-file--media-271ec2df-ec0e-4a83-a9e7-ae7f684bd8b0\" href=\"https:\/\/omdmhyd.org\/wp-content\/uploads\/2025\/05\/Le-Vatican-detient-legalement-la-propriete-de-toutes-les-ames\u2026Depuis-1306-1.pdf\">Le Vatican de\u0301tient le\u0301galement la proprie\u0301te\u0301 de toutes les a\u0302mes\u2026Depuis 1306-1<\/a><a href=\"https:\/\/omdmhyd.org\/wp-content\/uploads\/2025\/05\/Le-Vatican-detient-legalement-la-propriete-de-toutes-les-ames\u2026Depuis-1306-1.pdf\" class=\"wp-block-file__button wp-element-button\" download aria-describedby=\"wp-block-file--media-271ec2df-ec0e-4a83-a9e7-ae7f684bd8b0\">T\u00e9l\u00e9charger<\/a><\/div>\n\n\n\n<hr class=\"wp-block-separator has-alpha-channel-opacity\"\/>\n\n\n\n<p><\/p>\n\n\n<div class=\"wp-block-image\">\n<figure class=\"aligncenter size-full is-resized\"><img loading=\"lazy\" decoding=\"async\" width=\"900\" height=\"320\" src=\"http:\/\/omdmhyd.org\/wp-content\/uploads\/2023\/02\/Banderole-OMDMHYD-Modele-00003.jpg\" alt=\"\" class=\"wp-image-13\" style=\"width:1351px;height:auto\" srcset=\"https:\/\/omdmhyd.org\/wp-content\/uploads\/2023\/02\/Banderole-OMDMHYD-Modele-00003.jpg 900w, https:\/\/omdmhyd.org\/wp-content\/uploads\/2023\/02\/Banderole-OMDMHYD-Modele-00003-600x213.jpg 600w, https:\/\/omdmhyd.org\/wp-content\/uploads\/2023\/02\/Banderole-OMDMHYD-Modele-00003-300x107.jpg 300w, https:\/\/omdmhyd.org\/wp-content\/uploads\/2023\/02\/Banderole-OMDMHYD-Modele-00003-768x273.jpg 768w\" sizes=\"(max-width: 900px) 100vw, 900px\" \/><\/figure>\n<\/div>\n\n\n<p><\/p>\n\n\n\n<hr class=\"wp-block-separator has-alpha-channel-opacity\"\/>\n\n\n<div class=\"wp-block-ub-social-share\" id=\"ub-social-share-d152f75a-2a67-4482-8fd7-94690ad8ddce\">\n\t\t\t<div class=\"social-share-icons align-icons-center orientation-icons-row\"><a aria-label=\"facebook-logo\" target=\"_blank\" rel=\"nofollow\" href=\"https:\/\/www.facebook.com\/sharer\/sharer.php?u=https%3A%2F%2Fomdmhyd.org%2Findex.php%2Fla-supercherie-de-letat-disrael%2F&amp;title=La%20supercherie%20de%20l%26rsquo%3B%C3%A9tat%20d%26rsquo%3Bisra%C3%ABl%26%238230%3B\" class=\"ub-social-share-facebook-container\" style=\"border-color: #1877f2; background-color: transparent; box-shadow: none; \">\n\t\t\t\t<span class=\"social-share-icon ub-social-share-facebook\" style=\"width: 30px; height: 30px; \"><svg xmlns=\"http:\/\/www.w3.org\/2000\/svg\" style=\"fill:#1877f2\" fill=\"#1877f2\" width=\"20\" height=\"20\" viewbox=\"0 0 264 512\"><path d=\"M76.7 512V283H0v-91h76.7v-71.7C76.7 42.4 124.3 0 193.8 0c33.3 0 61.9 2.5 70.2 3.6V85h-48.2c-37.8 0-45.1 18-45.1 44.3V192H256l-11.7 91h-73.6v229\"><\/path><\/svg><\/span><span style=\"\">share<\/span>\n\t\t\t<\/a><a aria-label=\"twitter-logo\" target=\"_blank\" rel=\"nofollow\" href=\"http:\/\/twitter.com\/intent\/tweet?url=https%3A%2F%2Fomdmhyd.org%2Findex.php%2Fla-supercherie-de-letat-disrael%2F&amp;text=La%20supercherie%20de%20l%26rsquo%3B%C3%A9tat%20d%26rsquo%3Bisra%C3%ABl%26%238230%3B\" class=\"ub-social-share-twitter-container\" style=\"border-color: #1d9bf0; background-color: transparent; box-shadow: none; \">\n\t\t\t\t<span class=\"social-share-icon ub-social-share-twitter\" style=\"width: 30px; height: 30px; \"><svg xmlns=\"http:\/\/www.w3.org\/2000\/svg\" style=\"color:#1d9BF0\" fill=\"#1d9BF0\" width=\"20\" height=\"20\" viewbox=\"0 0 24 24\"><path d=\"M18.901 1.153h3.68l-8.04 9.19L24 22.846h-7.406l-5.8-7.584l-6.638 7.584H.474l8.6-9.83L0 1.154h7.594l5.243 6.932ZM17.61 20.644h2.039L6.486 3.24H4.298Z\"><\/path><\/svg><\/span><span style=\"\">tweet<\/span>\n\t\t\t<\/a><a aria-label=\"linkedin-logo\" target=\"_blank\" rel=\"nofollow\" href=\"https:\/\/www.linkedin.com\/sharing\/share-offsite\/?url=https%3A%2F%2Fomdmhyd.org%2Findex.php%2Fla-supercherie-de-letat-disrael%2F\" class=\"ub-social-share-linkedin-container\" style=\"border-color: #2867b2; background-color: transparent; box-shadow: none; \">\n\t\t\t\t<span class=\"social-share-icon ub-social-share-linkedin\" style=\"width: 30px; height: 30px; \"><svg xmlns=\"http:\/\/www.w3.org\/2000\/svg\" style=\"fill:#2867b2\" fill=\"#2867b2\" width=\"20\" height=\"20\" viewbox=\"0 0 448 512\"><path d=\"M100.3 480H7.4V180.9h92.9V480zM53.8 140.1C24.1 140.1 0 115.5 0 85.8 0 56.1 24.1 32 53.8 32c29.7 0 53.8 24.1 53.8 53.8 0 29.7-24.1 54.3-53.8 54.3zM448 480h-92.7V334.4c0-34.7-.7-79.2-48.3-79.2-48.3 0-55.7 37.7-55.7 76.7V480h-92.8V180.9h89.1v40.8h1.3c12.4-23.5 42.7-48.3 87.9-48.3 94 0 111.3 61.9 111.3 142.3V480z\"><\/path><\/svg><\/span><span style=\"\">share<\/span>\n\t\t\t<\/a><a aria-label=\"pinterest-logo\" target=\"_blank\" rel=\"nofollow\" href=\"https:\/\/pinterest.com\/pin\/create\/button\/?&amp;url=https%3A%2F%2Fomdmhyd.org%2Findex.php%2Fla-supercherie-de-letat-disrael%2F&amp;description=La%20supercherie%20de%20l%26rsquo%3B%C3%A9tat%20d%26rsquo%3Bisra%C3%ABl%26%238230%3B&amp;media=\" class=\"ub-social-share-pinterest-container\" style=\"border-color: #e60023; background-color: transparent; box-shadow: none; \">\n\t\t\t\t<span class=\"social-share-icon ub-social-share-pinterest\" style=\"width: 30px; height: 30px; \"><svg xmlns=\"http:\/\/www.w3.org\/2000\/svg\" style=\"fill:#e60023\" fill=\"#e60023\" width=\"20\" height=\"20\" viewbox=\"0 0 384 512\"><path d=\"M204 6.5C101.4 6.5 0 74.9 0 185.6 0 256 39.6 296 63.6 296c9.9 0 15.6-27.6 15.6-35.4 0-9.3-23.7-29.1-23.7-67.8 0-80.4 61.2-137.4 140.4-137.4 68.1 0 118.5 38.7 118.5 109.8 0 53.1-21.3 152.7-90.3 152.7-24.9 0-46.2-18-46.2-43.8 0-37.8 26.4-74.4 26.4-113.4 0-66.2-93.9-54.2-93.9 25.8 0 16.8 2.1 35.4 9.6 50.7-13.8 59.4-42 147.9-42 209.1 0 18.9 2.7 37.5 4.5 56.4 3.4 3.8 1.7 3.4 6.9 1.5 50.4-69 48.6-82.5 71.4-172.8 12.3 23.4 44.1 36 69.3 36 106.2 0 153.9-103.5 153.9-196.8C384 71.3 298.2 6.5 204 6.5z\"><\/path><\/svg><\/span><span style=\"\">pin<\/span>\n\t\t\t<\/a><a aria-label=\"reddit-logo\" target=\"_blank\" rel=\"nofollow\" href=\"http:\/\/www.reddit.com\/submit?url=https%3A%2F%2Fomdmhyd.org%2Findex.php%2Fla-supercherie-de-letat-disrael%2F&amp;title=La%20supercherie%20de%20l%26rsquo%3B%C3%A9tat%20d%26rsquo%3Bisra%C3%ABl%26%238230%3B\" class=\"ub-social-share-reddit-container\" style=\"border-color: #ff4500; background-color: transparent; box-shadow: none; \">\n\t\t\t\t<span class=\"social-share-icon ub-social-share-reddit\" style=\"width: 30px; height: 30px; \"><svg xmlns=\"http:\/\/www.w3.org\/2000\/svg\" style=\"fill:#ff4500\" fill=\"#ff4500\" width=\"20\" height=\"20\" viewbox=\"0 0 512 512\"><path d=\"M440.3 203.5c-15 0-28.2 6.2-37.9 15.9-35.7-24.7-83.8-40.6-137.1-42.3L293 52.3l88.2 19.8c0 21.6 17.6 39.2 39.2 39.2 22 0 39.7-18.1 39.7-39.7s-17.6-39.7-39.7-39.7c-15.4 0-28.7 9.3-35.3 22l-97.4-21.6c-4.9-1.3-9.7 2.2-11 7.1L246.3 177c-52.9 2.2-100.5 18.1-136.3 42.8-9.7-10.1-23.4-16.3-38.4-16.3-55.6 0-73.8 74.6-22.9 100.1-1.8 7.9-2.6 16.3-2.6 24.7 0 83.8 94.4 151.7 210.3 151.7 116.4 0 210.8-67.9 210.8-151.7 0-8.4-.9-17.2-3.1-25.1 49.9-25.6 31.5-99.7-23.8-99.7zM129.4 308.9c0-22 17.6-39.7 39.7-39.7 21.6 0 39.2 17.6 39.2 39.7 0 21.6-17.6 39.2-39.2 39.2-22 .1-39.7-17.6-39.7-39.2zm214.3 93.5c-36.4 36.4-139.1 36.4-175.5 0-4-3.5-4-9.7 0-13.7 3.5-3.5 9.7-3.5 13.2 0 27.8 28.5 120 29 149 0 3.5-3.5 9.7-3.5 13.2 0 4.1 4 4.1 10.2.1 13.7zm-.8-54.2c-21.6 0-39.2-17.6-39.2-39.2 0-22 17.6-39.7 39.2-39.7 22 0 39.7 17.6 39.7 39.7-.1 21.5-17.7 39.2-39.7 39.2z\"><\/path><\/svg><\/span><span style=\"\">post<\/span>\n\t\t\t<\/a><a aria-label=\"tumblr-logo\" target=\"_blank\" rel=\"nofollow\" href=\"https:\/\/www.tumblr.com\/widgets\/share\/tool?canonicalUrl=https%3A%2F%2Fomdmhyd.org%2Findex.php%2Fla-supercherie-de-letat-disrael%2F&amp;title=La%20supercherie%20de%20l%26rsquo%3B%C3%A9tat%20d%26rsquo%3Bisra%C3%ABl%26%238230%3B\" class=\"ub-social-share-tumblr-container\" style=\"border-color: #001935; background-color: transparent; box-shadow: none; \">\n\t\t\t\t<span class=\"social-share-icon ub-social-share-tumblr\" style=\"width: 30px; height: 30px; \"><svg xmlns=\"http:\/\/www.w3.org\/2000\/svg\" style=\"fill:#001935\" fill=\"#001935\" width=\"20\" height=\"20\" viewbox=\"0 0 320 512\"><path d=\"M309.8 480.3c-13.6 14.5-50 31.7-97.4 31.7-120.8 0-147-88.8-147-140.6v-144H17.9c-5.5 0-10-4.5-10-10v-68c0-7.2 4.5-13.6 11.3-16 62-21.8 81.5-76 84.3-117.1.8-11 6.5-16.3 16.1-16.3h70.9c5.5 0 10 4.5 10 10v115.2h83c5.5 0 10 4.4 10 9.9v81.7c0 5.5-4.5 10-10 10h-83.4V360c0 34.2 23.7 53.6 68 35.8 4.8-1.9 9-3.2 12.7-2.2 3.5.9 5.8 3.4 7.4 7.9l22 64.3c1.8 5 3.3 10.6-.4 14.5z\"><\/path><\/svg><\/span><span style=\"\">share<\/span>\n\t\t\t<\/a><\/div>\n\t\t<\/div>\n\n\n<p><\/p>\n\n\n\n<pre class=\"wp-block-code\"><code><strong>Vous \u00eates en ligne au nombre de<\/strong> <img decoding=\"async\" title=\"People Online\" border=\"0\" height=\"52\" width=\"90\n \" src=\"http:\/\/whos.amung.us\/widget\/dzsg93pq\/ORGANISATION OMDMHYD Online, ORGANISATION OMDMHYD  em Directo net ao vivo gratis.\" alt=\"\"> <\/code><\/pre>\n\n\n\n<p><\/p>\n","protected":false},"excerpt":{"rendered":"<p>La raison pour laquelle il est important de traiter ce th\u00e8me est d\u2019ouvrir les yeux des croyants dans le Seigneur Tout-Puissant, mais aussi d\u2019amener ces derniers \u00e0 lire par eux-m\u00eames les Ecritures, et non se laisser influencer aveugl\u00e9ment par des personnes dont les intentions t\u00e9n\u00e9breuses sont masqu\u00e9es par un d\u00e9guisement de pi\u00e9t\u00e9&nbsp;: 2 Timoth\u00e9e 3, [&hellip;]<\/p>\n","protected":false},"author":1,"featured_media":0,"parent":0,"menu_order":0,"comment_status":"closed","ping_status":"closed","template":"","meta":{"saved_in_kubio":false,"telegram_tosend":false,"telegram_tosend_message":"","telegram_tosend_target":0,"sfsi_plus_gutenberg_text_before_share":"","sfsi_plus_gutenberg_show_text_before_share":"","sfsi_plus_gutenberg_icon_type":"","sfsi_plus_gutenberg_icon_alignemt":"","sfsi_plus_gutenburg_max_per_row":"","_themeisle_gutenberg_block_has_review":false,"footnotes":""},"class_list":["post-4088","page","type-page","status-publish","hentry"],"kubio_ai_page_context":{"short_desc":"","purpose":"general"},"featured_image_src":null,"yoast_head":"<!-- This site is optimized with the Yoast SEO plugin v27.4 - https:\/\/yoast.com\/product\/yoast-seo-wordpress\/ -->\n<title>La supercherie de l\u2019\u00e9tat d\u2019isra\u00ebl<\/title>\n<meta name=\"description\" content=\"La raison pour laquelle il est important de traiter ce th\u00e8me est d\u2019ouvrir les yeux des croyants dans le Seigneur Tout-Puissant....\" \/>\n<meta name=\"robots\" content=\"index, follow, max-snippet:-1, max-image-preview:large, max-video-preview:-1\" \/>\n<link rel=\"canonical\" href=\"http:\/\/omdmhyd.org\/index.php\/la-supercherie-de-letat-disrael\/\" \/>\n<meta property=\"og:locale\" content=\"fr_FR\" \/>\n<meta property=\"og:type\" content=\"article\" \/>\n<meta property=\"og:title\" content=\"La supercherie de l\u2019\u00e9tat d\u2019isra\u00ebl\u2026\" \/>\n<meta property=\"og:description\" content=\"La raison pour laquelle il est important de traiter ce th\u00e8me est d\u2019ouvrir les yeux des croyants dans le Seigneur Tout-Puissant...\" \/>\n<meta property=\"og:url\" content=\"http:\/\/omdmhyd.org\/index.php\/la-supercherie-de-letat-disrael\/\" \/>\n<meta property=\"og:site_name\" content=\"Omdmhyd Accueil\" \/>\n<meta property=\"article:publisher\" content=\"https:\/\/www.facebook.com\/omdmhyd\" \/>\n<meta property=\"article:modified_time\" content=\"2025-08-15T11:08:57+00:00\" \/>\n<meta property=\"og:image\" content=\"http:\/\/omdmhyd.org\/wp-content\/uploads\/2025\/05\/vlcsnap-2025-05-26-10h35m59s971-1.png\" \/>\n\t<meta property=\"og:image:width\" content=\"1466\" \/>\n\t<meta property=\"og:image:height\" content=\"833\" \/>\n\t<meta property=\"og:image:type\" content=\"image\/png\" \/>\n<meta name=\"twitter:card\" content=\"summary_large_image\" \/>\n<meta name=\"twitter:title\" content=\"La supercherie de l\u2019\u00e9tat d\u2019isra\u00ebl\u2026\" \/>\n<meta name=\"twitter:description\" content=\"La raison pour laquelle il est important de traiter ce th\u00e8me est d\u2019ouvrir les yeux des croyants dans le Seigneur Tout-Puissants...\" \/>\n<meta name=\"twitter:image\" content=\"https:\/\/omdmhyd.org\/wp-content\/uploads\/2025\/05\/vlcsnap-2025-05-26-10h35m59s971-1.png\" \/>\n<meta name=\"twitter:site\" content=\"@omdmhyd_ong\" \/>\n<meta name=\"twitter:label1\" content=\"Dur\u00e9e de lecture estim\u00e9e\" \/>\n\t<meta name=\"twitter:data1\" content=\"82 minutes\" \/>\n<script type=\"application\/ld+json\" class=\"yoast-schema-graph\">{\"@context\":\"https:\\\/\\\/schema.org\",\"@graph\":[{\"@type\":\"WebPage\",\"@id\":\"http:\\\/\\\/omdmhyd.org\\\/index.php\\\/la-supercherie-de-letat-disrael\\\/\",\"url\":\"http:\\\/\\\/omdmhyd.org\\\/index.php\\\/la-supercherie-de-letat-disrael\\\/\",\"name\":\"La supercherie de l\u2019\u00e9tat d\u2019isra\u00ebl\",\"isPartOf\":{\"@id\":\"https:\\\/\\\/omdmhyd.org\\\/#website\"},\"primaryImageOfPage\":{\"@id\":\"http:\\\/\\\/omdmhyd.org\\\/index.php\\\/la-supercherie-de-letat-disrael\\\/#primaryimage\"},\"image\":{\"@id\":\"http:\\\/\\\/omdmhyd.org\\\/index.php\\\/la-supercherie-de-letat-disrael\\\/#primaryimage\"},\"thumbnailUrl\":\"https:\\\/\\\/omdmhyd.org\\\/wp-content\\\/uploads\\\/2025\\\/04\\\/image.png\",\"datePublished\":\"2025-06-12T21:21:07+00:00\",\"dateModified\":\"2025-08-15T11:08:57+00:00\",\"description\":\"La raison pour laquelle il est important de traiter ce th\u00e8me est d\u2019ouvrir les yeux des croyants dans le Seigneur Tout-Puissant....\",\"breadcrumb\":{\"@id\":\"http:\\\/\\\/omdmhyd.org\\\/index.php\\\/la-supercherie-de-letat-disrael\\\/#breadcrumb\"},\"inLanguage\":\"fr-FR\",\"potentialAction\":[{\"@type\":\"ReadAction\",\"target\":[\"http:\\\/\\\/omdmhyd.org\\\/index.php\\\/la-supercherie-de-letat-disrael\\\/\"]}]},{\"@type\":\"ImageObject\",\"inLanguage\":\"fr-FR\",\"@id\":\"http:\\\/\\\/omdmhyd.org\\\/index.php\\\/la-supercherie-de-letat-disrael\\\/#primaryimage\",\"url\":\"https:\\\/\\\/omdmhyd.org\\\/wp-content\\\/uploads\\\/2025\\\/04\\\/image.png\",\"contentUrl\":\"https:\\\/\\\/omdmhyd.org\\\/wp-content\\\/uploads\\\/2025\\\/04\\\/image.png\",\"width\":252,\"height\":180},{\"@type\":\"BreadcrumbList\",\"@id\":\"http:\\\/\\\/omdmhyd.org\\\/index.php\\\/la-supercherie-de-letat-disrael\\\/#breadcrumb\",\"itemListElement\":[{\"@type\":\"ListItem\",\"position\":1,\"name\":\"Accueil\",\"item\":\"https:\\\/\\\/omdmhyd.org\\\/\"},{\"@type\":\"ListItem\",\"position\":2,\"name\":\"La supercherie de l&rsquo;\u00e9tat d&rsquo;isra\u00ebl&#8230;\"}]},{\"@type\":\"WebSite\",\"@id\":\"https:\\\/\\\/omdmhyd.org\\\/#website\",\"url\":\"https:\\\/\\\/omdmhyd.org\\\/\",\"name\":\"ORGANISATION OMDMHYD\",\"description\":\"La d\u00e9fense des droits Bantous..\",\"publisher\":{\"@id\":\"https:\\\/\\\/omdmhyd.org\\\/#organization\"},\"potentialAction\":[{\"@type\":\"SearchAction\",\"target\":{\"@type\":\"EntryPoint\",\"urlTemplate\":\"https:\\\/\\\/omdmhyd.org\\\/?s={search_term_string}\"},\"query-input\":{\"@type\":\"PropertyValueSpecification\",\"valueRequired\":true,\"valueName\":\"search_term_string\"}}],\"inLanguage\":\"fr-FR\"},{\"@type\":\"Organization\",\"@id\":\"https:\\\/\\\/omdmhyd.org\\\/#organization\",\"name\":\"Organisation Mondiale de la D\u00e9fense des Droits et M\u00e9moires des H\u00e9breux Yisra\u00e9lites D\u00e9port\u00e9s et leur Descendants\",\"url\":\"https:\\\/\\\/omdmhyd.org\\\/\",\"logo\":{\"@type\":\"ImageObject\",\"inLanguage\":\"fr-FR\",\"@id\":\"https:\\\/\\\/omdmhyd.org\\\/#\\\/schema\\\/logo\\\/image\\\/\",\"url\":\"https:\\\/\\\/omdmhyd.org\\\/wp-content\\\/uploads\\\/2023\\\/02\\\/cropped-LOGO-OMDMHYD-140x140-1.jpg\",\"contentUrl\":\"https:\\\/\\\/omdmhyd.org\\\/wp-content\\\/uploads\\\/2023\\\/02\\\/cropped-LOGO-OMDMHYD-140x140-1.jpg\",\"width\":240,\"height\":240,\"caption\":\"Organisation Mondiale de la D\u00e9fense des Droits et M\u00e9moires des H\u00e9breux Yisra\u00e9lites D\u00e9port\u00e9s et leur Descendants\"},\"image\":{\"@id\":\"https:\\\/\\\/omdmhyd.org\\\/#\\\/schema\\\/logo\\\/image\\\/\"},\"sameAs\":[\"https:\\\/\\\/www.facebook.com\\\/omdmhyd\",\"https:\\\/\\\/x.com\\\/omdmhyd_ong\",\"https:\\\/\\\/t.me\\\/omdmhyd\",\"http:\\\/\\\/85.187.151.147\\\/-omdmhyd\",\"https:\\\/\\\/afritubes.com\\\/@OrganisationOMDMHYD\"]}]}<\/script>\n<!-- \/ Yoast SEO plugin. -->","yoast_head_json":{"title":"La supercherie de l\u2019\u00e9tat d\u2019isra\u00ebl","description":"La raison pour laquelle il est important de traiter ce th\u00e8me est d\u2019ouvrir les yeux des croyants dans le Seigneur Tout-Puissant....","robots":{"index":"index","follow":"follow","max-snippet":"max-snippet:-1","max-image-preview":"max-image-preview:large","max-video-preview":"max-video-preview:-1"},"canonical":"http:\/\/omdmhyd.org\/index.php\/la-supercherie-de-letat-disrael\/","og_locale":"fr_FR","og_type":"article","og_title":"La supercherie de l\u2019\u00e9tat d\u2019isra\u00ebl\u2026","og_description":"La raison pour laquelle il est important de traiter ce th\u00e8me est d\u2019ouvrir les yeux des croyants dans le Seigneur Tout-Puissant...","og_url":"http:\/\/omdmhyd.org\/index.php\/la-supercherie-de-letat-disrael\/","og_site_name":"Omdmhyd Accueil","article_publisher":"https:\/\/www.facebook.com\/omdmhyd","article_modified_time":"2025-08-15T11:08:57+00:00","og_image":[{"width":1466,"height":833,"url":"http:\/\/omdmhyd.org\/wp-content\/uploads\/2025\/05\/vlcsnap-2025-05-26-10h35m59s971-1.png","type":"image\/png"}],"twitter_card":"summary_large_image","twitter_title":"La supercherie de l\u2019\u00e9tat d\u2019isra\u00ebl\u2026","twitter_description":"La raison pour laquelle il est important de traiter ce th\u00e8me est d\u2019ouvrir les yeux des croyants dans le Seigneur Tout-Puissants...","twitter_image":"https:\/\/omdmhyd.org\/wp-content\/uploads\/2025\/05\/vlcsnap-2025-05-26-10h35m59s971-1.png","twitter_site":"@omdmhyd_ong","twitter_misc":{"Dur\u00e9e de lecture estim\u00e9e":"82 minutes"},"schema":{"@context":"https:\/\/schema.org","@graph":[{"@type":"WebPage","@id":"http:\/\/omdmhyd.org\/index.php\/la-supercherie-de-letat-disrael\/","url":"http:\/\/omdmhyd.org\/index.php\/la-supercherie-de-letat-disrael\/","name":"La supercherie de l\u2019\u00e9tat d\u2019isra\u00ebl","isPartOf":{"@id":"https:\/\/omdmhyd.org\/#website"},"primaryImageOfPage":{"@id":"http:\/\/omdmhyd.org\/index.php\/la-supercherie-de-letat-disrael\/#primaryimage"},"image":{"@id":"http:\/\/omdmhyd.org\/index.php\/la-supercherie-de-letat-disrael\/#primaryimage"},"thumbnailUrl":"https:\/\/omdmhyd.org\/wp-content\/uploads\/2025\/04\/image.png","datePublished":"2025-06-12T21:21:07+00:00","dateModified":"2025-08-15T11:08:57+00:00","description":"La raison pour laquelle il est important de traiter ce th\u00e8me est d\u2019ouvrir les yeux des croyants dans le Seigneur Tout-Puissant....","breadcrumb":{"@id":"http:\/\/omdmhyd.org\/index.php\/la-supercherie-de-letat-disrael\/#breadcrumb"},"inLanguage":"fr-FR","potentialAction":[{"@type":"ReadAction","target":["http:\/\/omdmhyd.org\/index.php\/la-supercherie-de-letat-disrael\/"]}]},{"@type":"ImageObject","inLanguage":"fr-FR","@id":"http:\/\/omdmhyd.org\/index.php\/la-supercherie-de-letat-disrael\/#primaryimage","url":"https:\/\/omdmhyd.org\/wp-content\/uploads\/2025\/04\/image.png","contentUrl":"https:\/\/omdmhyd.org\/wp-content\/uploads\/2025\/04\/image.png","width":252,"height":180},{"@type":"BreadcrumbList","@id":"http:\/\/omdmhyd.org\/index.php\/la-supercherie-de-letat-disrael\/#breadcrumb","itemListElement":[{"@type":"ListItem","position":1,"name":"Accueil","item":"https:\/\/omdmhyd.org\/"},{"@type":"ListItem","position":2,"name":"La supercherie de l&rsquo;\u00e9tat d&rsquo;isra\u00ebl&#8230;"}]},{"@type":"WebSite","@id":"https:\/\/omdmhyd.org\/#website","url":"https:\/\/omdmhyd.org\/","name":"ORGANISATION OMDMHYD","description":"La d\u00e9fense des droits Bantous..","publisher":{"@id":"https:\/\/omdmhyd.org\/#organization"},"potentialAction":[{"@type":"SearchAction","target":{"@type":"EntryPoint","urlTemplate":"https:\/\/omdmhyd.org\/?s={search_term_string}"},"query-input":{"@type":"PropertyValueSpecification","valueRequired":true,"valueName":"search_term_string"}}],"inLanguage":"fr-FR"},{"@type":"Organization","@id":"https:\/\/omdmhyd.org\/#organization","name":"Organisation Mondiale de la D\u00e9fense des Droits et M\u00e9moires des H\u00e9breux Yisra\u00e9lites D\u00e9port\u00e9s et leur Descendants","url":"https:\/\/omdmhyd.org\/","logo":{"@type":"ImageObject","inLanguage":"fr-FR","@id":"https:\/\/omdmhyd.org\/#\/schema\/logo\/image\/","url":"https:\/\/omdmhyd.org\/wp-content\/uploads\/2023\/02\/cropped-LOGO-OMDMHYD-140x140-1.jpg","contentUrl":"https:\/\/omdmhyd.org\/wp-content\/uploads\/2023\/02\/cropped-LOGO-OMDMHYD-140x140-1.jpg","width":240,"height":240,"caption":"Organisation Mondiale de la D\u00e9fense des Droits et M\u00e9moires des H\u00e9breux Yisra\u00e9lites D\u00e9port\u00e9s et leur Descendants"},"image":{"@id":"https:\/\/omdmhyd.org\/#\/schema\/logo\/image\/"},"sameAs":["https:\/\/www.facebook.com\/omdmhyd","https:\/\/x.com\/omdmhyd_ong","https:\/\/t.me\/omdmhyd","http:\/\/85.187.151.147\/-omdmhyd","https:\/\/afritubes.com\/@OrganisationOMDMHYD"]}]}},"_links":{"self":[{"href":"https:\/\/omdmhyd.org\/index.php\/wp-json\/wp\/v2\/pages\/4088","targetHints":{"allow":["GET"]}}],"collection":[{"href":"https:\/\/omdmhyd.org\/index.php\/wp-json\/wp\/v2\/pages"}],"about":[{"href":"https:\/\/omdmhyd.org\/index.php\/wp-json\/wp\/v2\/types\/page"}],"author":[{"embeddable":true,"href":"https:\/\/omdmhyd.org\/index.php\/wp-json\/wp\/v2\/users\/1"}],"replies":[{"embeddable":true,"href":"https:\/\/omdmhyd.org\/index.php\/wp-json\/wp\/v2\/comments?post=4088"}],"version-history":[{"count":139,"href":"https:\/\/omdmhyd.org\/index.php\/wp-json\/wp\/v2\/pages\/4088\/revisions"}],"predecessor-version":[{"id":4537,"href":"https:\/\/omdmhyd.org\/index.php\/wp-json\/wp\/v2\/pages\/4088\/revisions\/4537"}],"wp:attachment":[{"href":"https:\/\/omdmhyd.org\/index.php\/wp-json\/wp\/v2\/media?parent=4088"}],"curies":[{"name":"wp","href":"https:\/\/api.w.org\/{rel}","templated":true}]}}