{"id":3157,"date":"2024-01-18T09:40:34","date_gmt":"2024-01-18T08:40:34","guid":{"rendered":"https:\/\/omdmhyd.org\/?post_type=aiovg_videos&#038;p=3157"},"modified":"2024-01-18T12:37:24","modified_gmt":"2024-01-18T11:37:24","slug":"ces-occupants-de-la-terre-sainte-ne-sont-pas-le-peuple-de-yah-kongo","status":"publish","type":"aiovg_videos","link":"http:\/\/omdmhyd.org\/index.php\/video\/ces-occupants-de-la-terre-sainte-ne-sont-pas-le-peuple-de-yah-kongo\/","title":{"rendered":"Ces occupants de la Terre sainte ne sont pas le peuple de Yah&rsquo;Kongo"},"content":{"rendered":"<p><img loading=\"lazy\" decoding=\"async\" class=\"aligncenter\" src=\"https:\/\/i.ytimg.com\/vi\/qbl7qFQEvF8\/maxresdefault.jpg\" width=\"824\" height=\"708\" \/><br \/>\nIls sont bien connus dans l&rsquo;Histoire pour s&rsquo;\u00eatre empar\u00e9s illicitement des biens et surtout des identit\u00e9s de leurs victimes. Les Khazars, peuple de l&rsquo;Europe de l&rsquo;Est, ont con\u00e7u des stratag\u00e8mes pour occuper la Terre sainte, se faisant passer pour le peuple de Yah&rsquo;Kongo. Ils n&rsquo;\u00e9taient ni Noirs, ni descendants d&rsquo;Abraham, mais le pouvoir politique et \u00e9conomique leur a permis d&rsquo;occuper l&rsquo;un des plus grands centres \u00e9nerg\u00e9tiques de notre plan\u00e8te : les territoires comprenant la Grande Pyramide, le Mont Sina\u00ef et le Mont des Oliviers (J\u00e9rusalem).<\/p>\n<p>Nous vous laissons d\u00e9couvrir les usurpateurs de l&rsquo;identit\u00e9 du peuple de Dieu ! Bon visionnage de cet \u00e9pisode \u00ab\u00a0Ces occupants de la Terre sainte ne sont pas le peuple de Yah&rsquo;Kongo\u00a0\u00bb _ Ep. 10<\/p>\n<p><strong>\ud83c\udfac Chapitres de l&rsquo;\u00e9mission<\/strong><br \/>\n00:00 Introduction<br \/>\n02:28 Les Khazars, Origine<br \/>\n07:31 Stratag\u00e8mes et manipulations<br \/>\n13:16 Invasions et d\u00e9portations en Terre Sainte<br \/>\n19:33 Assimilation ou imposture ?<br \/>\n27:03 Conception et \u00e9volution du Juda\u00efsme<br \/>\n31:46 Naissance d\u2019un Etat juif<br \/>\n34:30 Sortie d\u2019\u00e9mission<\/p>\n<p>\ud83d\udd0e D\u00c9COUVREZ LE DOCTEUR JEAN-PAUL YOKO \u00c0 BELLE Jr. Le Pst Jean-Paul YOKO \u00e0 BELLE Junior est originaire de Bon\u00e9p\u00e9a-Wouri, un petit village situ\u00e9 \u00e0 40 km de Douala \u2013 capitale \u00e9conomique du Cameroun. Fils de p\u00eacheur et cultivateur, il d\u00e9veloppe, gr\u00e2ce \u00e0 sa curiosit\u00e9 naturelle, une grande passion pour la lecture tous azimuts et une ind\u00e9niable capacit\u00e9 d&rsquo;autodidacte. Apr\u00e8s de br\u00e8ves \u00e9tudes en enseignement secondaire technique et commercial, la gr\u00e2ce de Yah&rsquo;Kongo l\u2019a conduit au travers d\u2019une formation personnelle et l\u2019a affin\u00e9 pour l\u2019\u0153uvre \u00e0 laquelle il a \u00e9t\u00e9 appel\u00e9. Aux c\u00f4t\u00e9s de son p\u00e8re spirituel et dans le minist\u00e8re, le R\u00e9v\u00e9rend Chrispo Charibert KOBBA, il embrasse et pr\u00eache le Message du Temps de la Fin apport\u00e9 par William Marrion Branham. Apr\u00e8s une collaboration b\u00e9nie, il se consacre \u00e0 ce qu\u2019il consid\u00e8re comme l\u2019appel de Yah&rsquo;Kongo pour lui.<\/p>\n<p>&nbsp;<\/p>\n<p><a class=\"yt-simple-endpoint style-scope ytd-video-owner-renderer\" tabindex=\"-1\" href=\"https:\/\/www.youtube.com\/@LesVoixduSud\"><img decoding=\"async\" id=\"img\" class=\"style-scope yt-img-shadow\" draggable=\"false\" src=\"https:\/\/yt3.ggpht.com\/ytc\/AIf8zZQsMVp8T0g74agrJYC-0eV904-oLHv5Q3lDTUHELBuWZiSWGMQInNJxoWjZ_qXv=s48-c-k-c0x00ffffff-no-rj\" alt=\"\" width=\"40\" \/> \u00a0<\/a><a class=\"yt-simple-endpoint style-scope yt-formatted-string\" dir=\"auto\" spellcheck=\"false\" href=\"https:\/\/www.youtube.com\/@LesVoixduSud\">Les Voix du Sud<\/a><\/p>\n<p>&nbsp;<\/p>\n<p style=\"text-align: center;\">\n<div class=\"notes\">\n<p>&nbsp;<\/p>\n<\/div>\n","protected":false},"excerpt":{"rendered":"<p>Ils sont bien connus dans l&rsquo;Histoire pour s&rsquo;\u00eatre empar\u00e9s illicitement des biens et surtout des identit\u00e9s de leurs victimes.<\/p>\n","protected":false},"author":1,"comment_status":"closed","ping_status":"closed","template":"","aiovg_categories":[],"aiovg_tags":[],"class_list":["post-3157","aiovg_videos","type-aiovg_videos","status-publish","has-post-thumbnail","hentry"],"yoast_head":"<!-- This site is optimized with the Yoast SEO plugin v27.5 - https:\/\/yoast.com\/product\/yoast-seo-wordpress\/ -->\n<title>Ces occupants de la Terre sainte ne sont pas le peuple de Yah&#039;Kongo | Omdmhyd Accueil<\/title>\n<meta name=\"description\" content=\"Ils sont bien connus dans l&#039;Histoire pour s&#039;\u00eatre empar\u00e9s illicitement des biens et surtout des identit\u00e9s de leurs victimes.\" \/>\n<meta name=\"robots\" content=\"index, follow, max-snippet:-1, max-image-preview:large, max-video-preview:-1\" \/>\n<link rel=\"canonical\" href=\"http:\/\/omdmhyd.org\/index.php\/video\/ces-occupants-de-la-terre-sainte-ne-sont-pas-le-peuple-de-yah-kongo\/\" \/>\n<meta property=\"og:locale\" content=\"fr_FR\" \/>\n<meta property=\"og:type\" content=\"article\" \/>\n<meta property=\"og:title\" content=\"Ces occupants de la Terre sainte ne sont pas le peuple de Yah&#039;Kongo\" \/>\n<meta property=\"og:description\" content=\"Ils sont bien connus dans l&#039;Histoire pour s&#039;\u00eatre empar\u00e9s illicitement des biens et surtout des identit\u00e9s de leurs victimes.\" \/>\n<meta property=\"og:url\" content=\"http:\/\/omdmhyd.org\/index.php\/video\/ces-occupants-de-la-terre-sainte-ne-sont-pas-le-peuple-de-yah-kongo\/\" \/>\n<meta property=\"og:site_name\" content=\"Omdmhyd Accueil\" \/>\n<meta property=\"article:publisher\" content=\"https:\/\/www.facebook.com\/omdmhyd\" \/>\n<meta property=\"article:modified_time\" content=\"2024-01-18T11:37:24+00:00\" \/>\n<meta property=\"og:image\" content=\"http:\/\/omdmhyd.org\/wp-content\/uploads\/2024\/01\/omdmhyd-video.webp\" \/>\n\t<meta property=\"og:image:width\" content=\"930\" \/>\n\t<meta property=\"og:image:height\" content=\"590\" \/>\n\t<meta property=\"og:image:type\" content=\"image\/webp\" \/>\n<meta name=\"twitter:card\" content=\"summary_large_image\" \/>\n<meta name=\"twitter:title\" content=\"Ces occupants de la Terre sainte ne sont pas le peuple de Yah&#039;Kongo\" \/>\n<meta name=\"twitter:description\" content=\"Ils sont bien connus dans l&#039;Histoire pour s&#039;\u00eatre empar\u00e9s illicitement des biens et surtout des identit\u00e9s de leurs victimes.\" \/>\n<meta name=\"twitter:image\" content=\"http:\/\/omdmhyd.org\/wp-content\/uploads\/2024\/01\/omdmhyd-video.webp\" \/>\n<meta name=\"twitter:site\" content=\"@omdmhyd_ong\" \/>\n<meta name=\"twitter:label1\" content=\"Dur\u00e9e de lecture estim\u00e9e\" \/>\n\t<meta name=\"twitter:data1\" content=\"2 minutes\" \/>\n<script type=\"application\/ld+json\" class=\"yoast-schema-graph\">{\"@context\":\"https:\\\/\\\/schema.org\",\"@graph\":[{\"@type\":\"WebPage\",\"@id\":\"http:\\\/\\\/omdmhyd.org\\\/index.php\\\/video\\\/ces-occupants-de-la-terre-sainte-ne-sont-pas-le-peuple-de-yah-kongo\\\/\",\"url\":\"http:\\\/\\\/omdmhyd.org\\\/index.php\\\/video\\\/ces-occupants-de-la-terre-sainte-ne-sont-pas-le-peuple-de-yah-kongo\\\/\",\"name\":\"Ces occupants de la Terre sainte ne sont pas le peuple de Yah'Kongo | Omdmhyd Accueil\",\"isPartOf\":{\"@id\":\"https:\\\/\\\/omdmhyd.org\\\/#website\"},\"primaryImageOfPage\":{\"@id\":\"http:\\\/\\\/omdmhyd.org\\\/index.php\\\/video\\\/ces-occupants-de-la-terre-sainte-ne-sont-pas-le-peuple-de-yah-kongo\\\/#primaryimage\"},\"image\":{\"@id\":\"http:\\\/\\\/omdmhyd.org\\\/index.php\\\/video\\\/ces-occupants-de-la-terre-sainte-ne-sont-pas-le-peuple-de-yah-kongo\\\/#primaryimage\"},\"thumbnailUrl\":\"https:\\\/\\\/i.ytimg.com\\\/vi\\\/qbl7qFQEvF8\\\/maxresdefault.jpg\",\"datePublished\":\"2024-01-18T08:40:34+00:00\",\"dateModified\":\"2024-01-18T11:37:24+00:00\",\"description\":\"Ils sont bien connus dans l'Histoire pour s'\u00eatre empar\u00e9s illicitement des biens et surtout des identit\u00e9s de leurs victimes.\",\"breadcrumb\":{\"@id\":\"http:\\\/\\\/omdmhyd.org\\\/index.php\\\/video\\\/ces-occupants-de-la-terre-sainte-ne-sont-pas-le-peuple-de-yah-kongo\\\/#breadcrumb\"},\"inLanguage\":\"fr-FR\",\"potentialAction\":[{\"@type\":\"ReadAction\",\"target\":[\"http:\\\/\\\/omdmhyd.org\\\/index.php\\\/video\\\/ces-occupants-de-la-terre-sainte-ne-sont-pas-le-peuple-de-yah-kongo\\\/\"]}]},{\"@type\":\"ImageObject\",\"inLanguage\":\"fr-FR\",\"@id\":\"http:\\\/\\\/omdmhyd.org\\\/index.php\\\/video\\\/ces-occupants-de-la-terre-sainte-ne-sont-pas-le-peuple-de-yah-kongo\\\/#primaryimage\",\"url\":\"https:\\\/\\\/i.ytimg.com\\\/vi\\\/qbl7qFQEvF8\\\/maxresdefault.jpg\",\"contentUrl\":\"https:\\\/\\\/i.ytimg.com\\\/vi\\\/qbl7qFQEvF8\\\/maxresdefault.jpg\"},{\"@type\":\"BreadcrumbList\",\"@id\":\"http:\\\/\\\/omdmhyd.org\\\/index.php\\\/video\\\/ces-occupants-de-la-terre-sainte-ne-sont-pas-le-peuple-de-yah-kongo\\\/#breadcrumb\",\"itemListElement\":[{\"@type\":\"ListItem\",\"position\":1,\"name\":\"Accueil\",\"item\":\"https:\\\/\\\/omdmhyd.org\\\/\"},{\"@type\":\"ListItem\",\"position\":2,\"name\":\"Videos\",\"item\":\"http:\\\/\\\/omdmhyd.org\\\/index.php\\\/video\\\/\"},{\"@type\":\"ListItem\",\"position\":3,\"name\":\"Ces occupants de la Terre sainte ne sont pas le peuple de Yah&rsquo;Kongo\"}]},{\"@type\":\"WebSite\",\"@id\":\"https:\\\/\\\/omdmhyd.org\\\/#website\",\"url\":\"https:\\\/\\\/omdmhyd.org\\\/\",\"name\":\"ORGANISATION OMDMHYD\",\"description\":\"La d\u00e9fense des droits Bantous..\",\"publisher\":{\"@id\":\"https:\\\/\\\/omdmhyd.org\\\/#organization\"},\"potentialAction\":[{\"@type\":\"SearchAction\",\"target\":{\"@type\":\"EntryPoint\",\"urlTemplate\":\"https:\\\/\\\/omdmhyd.org\\\/?s={search_term_string}\"},\"query-input\":{\"@type\":\"PropertyValueSpecification\",\"valueRequired\":true,\"valueName\":\"search_term_string\"}}],\"inLanguage\":\"fr-FR\"},{\"@type\":\"Organization\",\"@id\":\"https:\\\/\\\/omdmhyd.org\\\/#organization\",\"name\":\"Organisation Mondiale de la D\u00e9fense des Droits et M\u00e9moires des H\u00e9breux Yisra\u00e9lites D\u00e9port\u00e9s et leur Descendants\",\"url\":\"https:\\\/\\\/omdmhyd.org\\\/\",\"logo\":{\"@type\":\"ImageObject\",\"inLanguage\":\"fr-FR\",\"@id\":\"https:\\\/\\\/omdmhyd.org\\\/#\\\/schema\\\/logo\\\/image\\\/\",\"url\":\"http:\\\/\\\/omdmhyd.org\\\/wp-content\\\/uploads\\\/2023\\\/02\\\/cropped-LOGO-OMDMHYD-140x140-1.jpg\",\"contentUrl\":\"http:\\\/\\\/omdmhyd.org\\\/wp-content\\\/uploads\\\/2023\\\/02\\\/cropped-LOGO-OMDMHYD-140x140-1.jpg\",\"width\":240,\"height\":240,\"caption\":\"Organisation Mondiale de la D\u00e9fense des Droits et M\u00e9moires des H\u00e9breux Yisra\u00e9lites D\u00e9port\u00e9s et leur Descendants\"},\"image\":{\"@id\":\"https:\\\/\\\/omdmhyd.org\\\/#\\\/schema\\\/logo\\\/image\\\/\"},\"sameAs\":[\"https:\\\/\\\/www.facebook.com\\\/omdmhyd\",\"https:\\\/\\\/x.com\\\/omdmhyd_ong\",\"https:\\\/\\\/t.me\\\/omdmhyd\",\"http:\\\/\\\/85.187.151.147\\\/-omdmhyd\",\"https:\\\/\\\/afritubes.com\\\/@OrganisationOMDMHYD\"]}]}<\/script>\n<!-- \/ Yoast SEO plugin. -->","yoast_head_json":{"title":"Ces occupants de la Terre sainte ne sont pas le peuple de Yah'Kongo | Omdmhyd Accueil","description":"Ils sont bien connus dans l'Histoire pour s'\u00eatre empar\u00e9s illicitement des biens et surtout des identit\u00e9s de leurs victimes.","robots":{"index":"index","follow":"follow","max-snippet":"max-snippet:-1","max-image-preview":"max-image-preview:large","max-video-preview":"max-video-preview:-1"},"canonical":"http:\/\/omdmhyd.org\/index.php\/video\/ces-occupants-de-la-terre-sainte-ne-sont-pas-le-peuple-de-yah-kongo\/","og_locale":"fr_FR","og_type":"article","og_title":"Ces occupants de la Terre sainte ne sont pas le peuple de Yah'Kongo","og_description":"Ils sont bien connus dans l'Histoire pour s'\u00eatre empar\u00e9s illicitement des biens et surtout des identit\u00e9s de leurs victimes.","og_url":"http:\/\/omdmhyd.org\/index.php\/video\/ces-occupants-de-la-terre-sainte-ne-sont-pas-le-peuple-de-yah-kongo\/","og_site_name":"Omdmhyd Accueil","article_publisher":"https:\/\/www.facebook.com\/omdmhyd","article_modified_time":"2024-01-18T11:37:24+00:00","og_image":[{"width":930,"height":590,"url":"http:\/\/omdmhyd.org\/wp-content\/uploads\/2024\/01\/omdmhyd-video.webp","type":"image\/webp"}],"twitter_card":"summary_large_image","twitter_title":"Ces occupants de la Terre sainte ne sont pas le peuple de Yah'Kongo","twitter_description":"Ils sont bien connus dans l'Histoire pour s'\u00eatre empar\u00e9s illicitement des biens et surtout des identit\u00e9s de leurs victimes.","twitter_image":"http:\/\/omdmhyd.org\/wp-content\/uploads\/2024\/01\/omdmhyd-video.webp","twitter_site":"@omdmhyd_ong","twitter_misc":{"Dur\u00e9e de lecture estim\u00e9e":"2 minutes"},"schema":{"@context":"https:\/\/schema.org","@graph":[{"@type":"WebPage","@id":"http:\/\/omdmhyd.org\/index.php\/video\/ces-occupants-de-la-terre-sainte-ne-sont-pas-le-peuple-de-yah-kongo\/","url":"http:\/\/omdmhyd.org\/index.php\/video\/ces-occupants-de-la-terre-sainte-ne-sont-pas-le-peuple-de-yah-kongo\/","name":"Ces occupants de la Terre sainte ne sont pas le peuple de Yah'Kongo | Omdmhyd Accueil","isPartOf":{"@id":"https:\/\/omdmhyd.org\/#website"},"primaryImageOfPage":{"@id":"http:\/\/omdmhyd.org\/index.php\/video\/ces-occupants-de-la-terre-sainte-ne-sont-pas-le-peuple-de-yah-kongo\/#primaryimage"},"image":{"@id":"http:\/\/omdmhyd.org\/index.php\/video\/ces-occupants-de-la-terre-sainte-ne-sont-pas-le-peuple-de-yah-kongo\/#primaryimage"},"thumbnailUrl":"https:\/\/i.ytimg.com\/vi\/qbl7qFQEvF8\/maxresdefault.jpg","datePublished":"2024-01-18T08:40:34+00:00","dateModified":"2024-01-18T11:37:24+00:00","description":"Ils sont bien connus dans l'Histoire pour s'\u00eatre empar\u00e9s illicitement des biens et surtout des identit\u00e9s de leurs victimes.","breadcrumb":{"@id":"http:\/\/omdmhyd.org\/index.php\/video\/ces-occupants-de-la-terre-sainte-ne-sont-pas-le-peuple-de-yah-kongo\/#breadcrumb"},"inLanguage":"fr-FR","potentialAction":[{"@type":"ReadAction","target":["http:\/\/omdmhyd.org\/index.php\/video\/ces-occupants-de-la-terre-sainte-ne-sont-pas-le-peuple-de-yah-kongo\/"]}]},{"@type":"ImageObject","inLanguage":"fr-FR","@id":"http:\/\/omdmhyd.org\/index.php\/video\/ces-occupants-de-la-terre-sainte-ne-sont-pas-le-peuple-de-yah-kongo\/#primaryimage","url":"https:\/\/i.ytimg.com\/vi\/qbl7qFQEvF8\/maxresdefault.jpg","contentUrl":"https:\/\/i.ytimg.com\/vi\/qbl7qFQEvF8\/maxresdefault.jpg"},{"@type":"BreadcrumbList","@id":"http:\/\/omdmhyd.org\/index.php\/video\/ces-occupants-de-la-terre-sainte-ne-sont-pas-le-peuple-de-yah-kongo\/#breadcrumb","itemListElement":[{"@type":"ListItem","position":1,"name":"Accueil","item":"https:\/\/omdmhyd.org\/"},{"@type":"ListItem","position":2,"name":"Videos","item":"http:\/\/omdmhyd.org\/index.php\/video\/"},{"@type":"ListItem","position":3,"name":"Ces occupants de la Terre sainte ne sont pas le peuple de Yah&rsquo;Kongo"}]},{"@type":"WebSite","@id":"https:\/\/omdmhyd.org\/#website","url":"https:\/\/omdmhyd.org\/","name":"ORGANISATION OMDMHYD","description":"La d\u00e9fense des droits Bantous..","publisher":{"@id":"https:\/\/omdmhyd.org\/#organization"},"potentialAction":[{"@type":"SearchAction","target":{"@type":"EntryPoint","urlTemplate":"https:\/\/omdmhyd.org\/?s={search_term_string}"},"query-input":{"@type":"PropertyValueSpecification","valueRequired":true,"valueName":"search_term_string"}}],"inLanguage":"fr-FR"},{"@type":"Organization","@id":"https:\/\/omdmhyd.org\/#organization","name":"Organisation Mondiale de la D\u00e9fense des Droits et M\u00e9moires des H\u00e9breux Yisra\u00e9lites D\u00e9port\u00e9s et leur Descendants","url":"https:\/\/omdmhyd.org\/","logo":{"@type":"ImageObject","inLanguage":"fr-FR","@id":"https:\/\/omdmhyd.org\/#\/schema\/logo\/image\/","url":"http:\/\/omdmhyd.org\/wp-content\/uploads\/2023\/02\/cropped-LOGO-OMDMHYD-140x140-1.jpg","contentUrl":"http:\/\/omdmhyd.org\/wp-content\/uploads\/2023\/02\/cropped-LOGO-OMDMHYD-140x140-1.jpg","width":240,"height":240,"caption":"Organisation Mondiale de la D\u00e9fense des Droits et M\u00e9moires des H\u00e9breux Yisra\u00e9lites D\u00e9port\u00e9s et leur Descendants"},"image":{"@id":"https:\/\/omdmhyd.org\/#\/schema\/logo\/image\/"},"sameAs":["https:\/\/www.facebook.com\/omdmhyd","https:\/\/x.com\/omdmhyd_ong","https:\/\/t.me\/omdmhyd","http:\/\/85.187.151.147\/-omdmhyd","https:\/\/afritubes.com\/@OrganisationOMDMHYD"]}]}},"_links":{"self":[{"href":"http:\/\/omdmhyd.org\/index.php\/wp-json\/wp\/v2\/aiovg_videos\/3157","targetHints":{"allow":["GET"]}}],"collection":[{"href":"http:\/\/omdmhyd.org\/index.php\/wp-json\/wp\/v2\/aiovg_videos"}],"about":[{"href":"http:\/\/omdmhyd.org\/index.php\/wp-json\/wp\/v2\/types\/aiovg_videos"}],"author":[{"embeddable":true,"href":"http:\/\/omdmhyd.org\/index.php\/wp-json\/wp\/v2\/users\/1"}],"replies":[{"embeddable":true,"href":"http:\/\/omdmhyd.org\/index.php\/wp-json\/wp\/v2\/comments?post=3157"}],"wp:attachment":[{"href":"http:\/\/omdmhyd.org\/index.php\/wp-json\/wp\/v2\/media?parent=3157"}],"wp:term":[{"taxonomy":"aiovg_categories","embeddable":true,"href":"http:\/\/omdmhyd.org\/index.php\/wp-json\/wp\/v2\/aiovg_categories?post=3157"},{"taxonomy":"aiovg_tags","embeddable":true,"href":"http:\/\/omdmhyd.org\/index.php\/wp-json\/wp\/v2\/aiovg_tags?post=3157"}],"curies":[{"name":"wp","href":"https:\/\/api.w.org\/{rel}","templated":true}]}}